{"id":5607,"date":"2023-03-22T15:52:13","date_gmt":"2023-03-22T14:52:13","guid":{"rendered":"https:\/\/buh-jesberg.de\/?page_id=5607"},"modified":"2023-05-21T12:55:44","modified_gmt":"2023-05-21T10:55:44","slug":"geschichte-meines-lebens","status":"publish","type":"page","link":"https:\/\/buh-jesberg.de\/index.php\/geschichte-meines-lebens\/","title":{"rendered":"Geschichte meines Lebens"},"content":{"rendered":"\t\t<div data-elementor-type=\"wp-page\" data-elementor-id=\"5607\" class=\"elementor elementor-5607\" data-elementor-post-type=\"page\">\n\t\t\t\t\t\t<section class=\"elementor-section elementor-top-section elementor-element elementor-element-2b74a4e elementor-section-boxed elementor-section-height-default elementor-section-height-default\" data-id=\"2b74a4e\" data-element_type=\"section\" data-e-type=\"section\">\n\t\t\t\t\t\t<div class=\"elementor-container elementor-column-gap-default\">\n\t\t\t\t\t<div class=\"elementor-column elementor-col-100 elementor-top-column elementor-element elementor-element-db2be5c\" data-id=\"db2be5c\" data-element_type=\"column\" data-e-type=\"column\">\n\t\t\t<div class=\"elementor-widget-wrap elementor-element-populated\">\n\t\t\t\t\t\t<div class=\"elementor-element elementor-element-fc6e924 elementor-widget elementor-widget-heading\" data-id=\"fc6e924\" data-element_type=\"widget\" data-e-type=\"widget\" data-widget_type=\"heading.default\">\n\t\t\t\t<div class=\"elementor-widget-container\">\n\t\t\t\t\t<h2 class=\"elementor-heading-title elementor-size-default\">Leben, du gro\u00dfe Kugel der \u00dcberraschungen, was h\u00e4ltst du verborgen? <\/h2>\t\t\t\t<\/div>\n\t\t\t\t<\/div>\n\t\t\t\t\t<\/div>\n\t\t<\/div>\n\t\t\t\t\t<\/div>\n\t\t<\/section>\n\t\t\t\t<section class=\"elementor-section elementor-top-section elementor-element elementor-element-d6b3a3e elementor-section-boxed elementor-section-height-default elementor-section-height-default\" data-id=\"d6b3a3e\" data-element_type=\"section\" data-e-type=\"section\">\n\t\t\t\t\t\t<div class=\"elementor-container elementor-column-gap-default\">\n\t\t\t\t\t<div class=\"elementor-column elementor-col-100 elementor-top-column elementor-element elementor-element-655f96d\" data-id=\"655f96d\" data-element_type=\"column\" data-e-type=\"column\">\n\t\t\t<div class=\"elementor-widget-wrap elementor-element-populated\">\n\t\t\t\t\t\t<div class=\"elementor-element elementor-element-4675a39 elementor-widget elementor-widget-text-editor\" data-id=\"4675a39\" data-element_type=\"widget\" data-e-type=\"widget\" data-widget_type=\"text-editor.default\">\n\t\t\t\t<div class=\"elementor-widget-container\">\n\t\t\t\t\t\t\t\t\t<p>Die Geschichte meines Lebens<br \/>Erz\u00e4hlt von Erika Trus, geborene Rezabeck<\/p>\t\t\t\t\t\t\t\t<\/div>\n\t\t\t\t<\/div>\n\t\t\t\t\t<\/div>\n\t\t<\/div>\n\t\t\t\t\t<\/div>\n\t\t<\/section>\n\t\t\t\t<section class=\"elementor-section elementor-top-section elementor-element elementor-element-b1ff482 elementor-section-boxed elementor-section-height-default elementor-section-height-default\" data-id=\"b1ff482\" data-element_type=\"section\" data-e-type=\"section\">\n\t\t\t\t\t\t<div class=\"elementor-container elementor-column-gap-default\">\n\t\t\t\t\t<div class=\"elementor-column elementor-col-100 elementor-top-column elementor-element elementor-element-7bbcb65\" data-id=\"7bbcb65\" data-element_type=\"column\" data-e-type=\"column\">\n\t\t\t<div class=\"elementor-widget-wrap elementor-element-populated\">\n\t\t\t\t\t\t<div class=\"elementor-element elementor-element-3b40efa elementor-widget elementor-widget-text-editor\" data-id=\"3b40efa\" data-element_type=\"widget\" data-e-type=\"widget\" data-widget_type=\"text-editor.default\">\n\t\t\t\t<div class=\"elementor-widget-container\">\n\t\t\t\t\t\t\t\t\t<p><img fetchpriority=\"high\" decoding=\"async\" class=\"alignleft wp-image-5609\" src=\"https:\/\/buh-jesberg.de\/wp-content\/uploads\/2023\/03\/Deckblatt_T-213x300.png\" alt=\"\" width=\"283\" height=\"400\" srcset=\"https:\/\/buh-jesberg.de\/wp-content\/uploads\/2023\/03\/Deckblatt_T-213x300.png 213w, https:\/\/buh-jesberg.de\/wp-content\/uploads\/2023\/03\/Deckblatt_T.png 603w\" sizes=\"(max-width: 283px) 100vw, 283px\" \/><\/p><p>\u00a0<\/p><p>\u00a0<\/p><p>Es war kalt, bitter kalt. Der k\u00e4lteste Winter dieses Jahrhunderts, in dem Rhein, Donau und Bodensee zuzufrieren begannen, schickte sich an, sich einzunisten. Es war Donnerstag, der 14. November 1929. Im Bett lag eine fast zwanzigj\u00e4hrige Frau, die Lehrerin des Ortes, in den Wehen und brachte ihr erstes Kind zu Welt. <br \/>Es kam zu fr\u00fch: ein Siebenmonatskind, ein zartes, winziges M\u00e4dchen. Eilig, um es vor Erfrierungen zu sch\u00fctzen, wurde es gebadet, abgetrocknet und einge\u00f6lt, &#8230; Weiter zum <a href=\"https:\/\/buh-jesberg.de\/wp-content\/uploads\/2023\/03\/ErikaTrus_111109.pdf\"><strong>PDF<\/strong><\/a><\/p><p>Die Genehmigung zur Ver\u00f6ffentlichung wurde am 22.03.2023 von Gunnar Trus per <a href=\"https:\/\/buh-jesberg.de\/wp-content\/uploads\/2023\/03\/Einwilligung_Gunnar.pdf\">e-Mai<\/a>l erteilt.<\/p>\t\t\t\t\t\t\t\t<\/div>\n\t\t\t\t<\/div>\n\t\t\t\t\t<\/div>\n\t\t<\/div>\n\t\t\t\t\t<\/div>\n\t\t<\/section>\n\t\t\t\t<\/div>\n\t\t","protected":false},"excerpt":{"rendered":"<p>Leben, du gro\u00dfe Kugel der \u00dcberraschungen, was h\u00e4ltst du verborgen? Die Geschichte meines LebensErz\u00e4hlt von Erika Trus, geborene Rezabeck \u00a0 \u00a0 Es war kalt, bitter kalt. Der k\u00e4lteste Winter dieses [&hellip;]<\/p>\n","protected":false},"author":2,"featured_media":0,"parent":0,"menu_order":0,"comment_status":"closed","ping_status":"closed","template":"","meta":{"_monsterinsights_skip_tracking":false,"_monsterinsights_sitenote_active":false,"_monsterinsights_sitenote_note":"","_monsterinsights_sitenote_category":0,"footnotes":""},"class_list":["post-5607","page","type-page","status-publish","hentry"],"yoast_head":"<!-- This site is optimized with the Yoast SEO plugin v27.5 - https:\/\/yoast.com\/product\/yoast-seo-wordpress\/ -->\n<title>Geschichte meines Lebens - Burg und Heimatverein Jesberg e.V.<\/title>\n<meta name=\"robots\" content=\"index, follow, max-snippet:-1, max-image-preview:large, max-video-preview:-1\" \/>\n<link rel=\"canonical\" href=\"https:\/\/buh-jesberg.de\/index.php\/geschichte-meines-lebens\/\" \/>\n<meta property=\"og:locale\" content=\"de_DE\" \/>\n<meta property=\"og:type\" content=\"article\" \/>\n<meta property=\"og:title\" content=\"Geschichte meines Lebens - Burg und Heimatverein Jesberg e.V.\" \/>\n<meta property=\"og:description\" content=\"Leben, du gro\u00dfe Kugel der \u00dcberraschungen, was h\u00e4ltst du verborgen? Die Geschichte meines LebensErz\u00e4hlt von Erika Trus, geborene Rezabeck \u00a0 \u00a0 Es war kalt, bitter kalt. Der k\u00e4lteste Winter dieses [&hellip;]\" \/>\n<meta property=\"og:url\" content=\"https:\/\/buh-jesberg.de\/index.php\/geschichte-meines-lebens\/\" \/>\n<meta property=\"og:site_name\" content=\"Burg und Heimatverein Jesberg e.V.\" \/>\n<meta property=\"article:modified_time\" content=\"2023-05-21T10:55:44+00:00\" \/>\n<meta property=\"og:image\" content=\"https:\/\/buh-jesberg.de\/wp-content\/uploads\/2023\/03\/Deckblatt_T-213x300.png\" \/>\n<meta name=\"twitter:card\" content=\"summary_large_image\" \/>\n<meta name=\"twitter:label1\" content=\"Gesch\u00e4tzte Lesezeit\" \/>\n\t<meta name=\"twitter:data1\" content=\"1\u00a0Minute\" \/>\n<script type=\"application\/ld+json\" class=\"yoast-schema-graph\">{\"@context\":\"https:\\\/\\\/schema.org\",\"@graph\":[{\"@type\":\"WebPage\",\"@id\":\"https:\\\/\\\/buh-jesberg.de\\\/index.php\\\/geschichte-meines-lebens\\\/\",\"url\":\"https:\\\/\\\/buh-jesberg.de\\\/index.php\\\/geschichte-meines-lebens\\\/\",\"name\":\"Geschichte meines Lebens - Burg und Heimatverein Jesberg e.V.\",\"isPartOf\":{\"@id\":\"https:\\\/\\\/buh-jesberg.de\\\/#website\"},\"primaryImageOfPage\":{\"@id\":\"https:\\\/\\\/buh-jesberg.de\\\/index.php\\\/geschichte-meines-lebens\\\/#primaryimage\"},\"image\":{\"@id\":\"https:\\\/\\\/buh-jesberg.de\\\/index.php\\\/geschichte-meines-lebens\\\/#primaryimage\"},\"thumbnailUrl\":\"https:\\\/\\\/buh-jesberg.de\\\/wp-content\\\/uploads\\\/2023\\\/03\\\/Deckblatt_T-213x300.png\",\"datePublished\":\"2023-03-22T14:52:13+00:00\",\"dateModified\":\"2023-05-21T10:55:44+00:00\",\"breadcrumb\":{\"@id\":\"https:\\\/\\\/buh-jesberg.de\\\/index.php\\\/geschichte-meines-lebens\\\/#breadcrumb\"},\"inLanguage\":\"de\",\"potentialAction\":[{\"@type\":\"ReadAction\",\"target\":[\"https:\\\/\\\/buh-jesberg.de\\\/index.php\\\/geschichte-meines-lebens\\\/\"]}]},{\"@type\":\"ImageObject\",\"inLanguage\":\"de\",\"@id\":\"https:\\\/\\\/buh-jesberg.de\\\/index.php\\\/geschichte-meines-lebens\\\/#primaryimage\",\"url\":\"https:\\\/\\\/buh-jesberg.de\\\/wp-content\\\/uploads\\\/2023\\\/03\\\/Deckblatt_T.png\",\"contentUrl\":\"https:\\\/\\\/buh-jesberg.de\\\/wp-content\\\/uploads\\\/2023\\\/03\\\/Deckblatt_T.png\",\"width\":603,\"height\":851},{\"@type\":\"BreadcrumbList\",\"@id\":\"https:\\\/\\\/buh-jesberg.de\\\/index.php\\\/geschichte-meines-lebens\\\/#breadcrumb\",\"itemListElement\":[{\"@type\":\"ListItem\",\"position\":1,\"name\":\"Startseite\",\"item\":\"https:\\\/\\\/buh-jesberg.de\\\/\"},{\"@type\":\"ListItem\",\"position\":2,\"name\":\"Geschichte meines Lebens\"}]},{\"@type\":\"WebSite\",\"@id\":\"https:\\\/\\\/buh-jesberg.de\\\/#website\",\"url\":\"https:\\\/\\\/buh-jesberg.de\\\/\",\"name\":\"Burg und Heimatverein Jesberg e.V.\",\"description\":\"Gemeinn\u00fctziger Verein in Jesberg\",\"publisher\":{\"@id\":\"https:\\\/\\\/buh-jesberg.de\\\/#organization\"},\"potentialAction\":[{\"@type\":\"SearchAction\",\"target\":{\"@type\":\"EntryPoint\",\"urlTemplate\":\"https:\\\/\\\/buh-jesberg.de\\\/?s={search_term_string}\"},\"query-input\":{\"@type\":\"PropertyValueSpecification\",\"valueRequired\":true,\"valueName\":\"search_term_string\"}}],\"inLanguage\":\"de\"},{\"@type\":\"Organization\",\"@id\":\"https:\\\/\\\/buh-jesberg.de\\\/#organization\",\"name\":\"Burg und Heimatverein Jesberg e.V.\",\"url\":\"https:\\\/\\\/buh-jesberg.de\\\/\",\"logo\":{\"@type\":\"ImageObject\",\"inLanguage\":\"de\",\"@id\":\"https:\\\/\\\/buh-jesberg.de\\\/#\\\/schema\\\/logo\\\/image\\\/\",\"url\":\"https:\\\/\\\/buh-jesberg.de\\\/wp-content\\\/uploads\\\/2023\\\/01\\\/Website_Logo-e1674580236324.jpg\",\"contentUrl\":\"https:\\\/\\\/buh-jesberg.de\\\/wp-content\\\/uploads\\\/2023\\\/01\\\/Website_Logo-e1674580236324.jpg\",\"width\":500,\"height\":501,\"caption\":\"Burg und Heimatverein Jesberg e.V.\"},\"image\":{\"@id\":\"https:\\\/\\\/buh-jesberg.de\\\/#\\\/schema\\\/logo\\\/image\\\/\"}}]}<\/script>\n<!-- \/ Yoast SEO plugin. -->","yoast_head_json":{"title":"Geschichte meines Lebens - Burg und Heimatverein Jesberg e.V.","robots":{"index":"index","follow":"follow","max-snippet":"max-snippet:-1","max-image-preview":"max-image-preview:large","max-video-preview":"max-video-preview:-1"},"canonical":"https:\/\/buh-jesberg.de\/index.php\/geschichte-meines-lebens\/","og_locale":"de_DE","og_type":"article","og_title":"Geschichte meines Lebens - Burg und Heimatverein Jesberg e.V.","og_description":"Leben, du gro\u00dfe Kugel der \u00dcberraschungen, was h\u00e4ltst du verborgen? Die Geschichte meines LebensErz\u00e4hlt von Erika Trus, geborene Rezabeck \u00a0 \u00a0 Es war kalt, bitter kalt. Der k\u00e4lteste Winter dieses [&hellip;]","og_url":"https:\/\/buh-jesberg.de\/index.php\/geschichte-meines-lebens\/","og_site_name":"Burg und Heimatverein Jesberg e.V.","article_modified_time":"2023-05-21T10:55:44+00:00","og_image":[{"url":"https:\/\/buh-jesberg.de\/wp-content\/uploads\/2023\/03\/Deckblatt_T-213x300.png","type":"","width":"","height":""}],"twitter_card":"summary_large_image","twitter_misc":{"Gesch\u00e4tzte Lesezeit":"1\u00a0Minute"},"schema":{"@context":"https:\/\/schema.org","@graph":[{"@type":"WebPage","@id":"https:\/\/buh-jesberg.de\/index.php\/geschichte-meines-lebens\/","url":"https:\/\/buh-jesberg.de\/index.php\/geschichte-meines-lebens\/","name":"Geschichte meines Lebens - Burg und Heimatverein Jesberg e.V.","isPartOf":{"@id":"https:\/\/buh-jesberg.de\/#website"},"primaryImageOfPage":{"@id":"https:\/\/buh-jesberg.de\/index.php\/geschichte-meines-lebens\/#primaryimage"},"image":{"@id":"https:\/\/buh-jesberg.de\/index.php\/geschichte-meines-lebens\/#primaryimage"},"thumbnailUrl":"https:\/\/buh-jesberg.de\/wp-content\/uploads\/2023\/03\/Deckblatt_T-213x300.png","datePublished":"2023-03-22T14:52:13+00:00","dateModified":"2023-05-21T10:55:44+00:00","breadcrumb":{"@id":"https:\/\/buh-jesberg.de\/index.php\/geschichte-meines-lebens\/#breadcrumb"},"inLanguage":"de","potentialAction":[{"@type":"ReadAction","target":["https:\/\/buh-jesberg.de\/index.php\/geschichte-meines-lebens\/"]}]},{"@type":"ImageObject","inLanguage":"de","@id":"https:\/\/buh-jesberg.de\/index.php\/geschichte-meines-lebens\/#primaryimage","url":"https:\/\/buh-jesberg.de\/wp-content\/uploads\/2023\/03\/Deckblatt_T.png","contentUrl":"https:\/\/buh-jesberg.de\/wp-content\/uploads\/2023\/03\/Deckblatt_T.png","width":603,"height":851},{"@type":"BreadcrumbList","@id":"https:\/\/buh-jesberg.de\/index.php\/geschichte-meines-lebens\/#breadcrumb","itemListElement":[{"@type":"ListItem","position":1,"name":"Startseite","item":"https:\/\/buh-jesberg.de\/"},{"@type":"ListItem","position":2,"name":"Geschichte meines Lebens"}]},{"@type":"WebSite","@id":"https:\/\/buh-jesberg.de\/#website","url":"https:\/\/buh-jesberg.de\/","name":"Burg und Heimatverein Jesberg e.V.","description":"Gemeinn\u00fctziger Verein in Jesberg","publisher":{"@id":"https:\/\/buh-jesberg.de\/#organization"},"potentialAction":[{"@type":"SearchAction","target":{"@type":"EntryPoint","urlTemplate":"https:\/\/buh-jesberg.de\/?s={search_term_string}"},"query-input":{"@type":"PropertyValueSpecification","valueRequired":true,"valueName":"search_term_string"}}],"inLanguage":"de"},{"@type":"Organization","@id":"https:\/\/buh-jesberg.de\/#organization","name":"Burg und Heimatverein Jesberg e.V.","url":"https:\/\/buh-jesberg.de\/","logo":{"@type":"ImageObject","inLanguage":"de","@id":"https:\/\/buh-jesberg.de\/#\/schema\/logo\/image\/","url":"https:\/\/buh-jesberg.de\/wp-content\/uploads\/2023\/01\/Website_Logo-e1674580236324.jpg","contentUrl":"https:\/\/buh-jesberg.de\/wp-content\/uploads\/2023\/01\/Website_Logo-e1674580236324.jpg","width":500,"height":501,"caption":"Burg und Heimatverein Jesberg e.V."},"image":{"@id":"https:\/\/buh-jesberg.de\/#\/schema\/logo\/image\/"}}]}},"_links":{"self":[{"href":"https:\/\/buh-jesberg.de\/index.php\/wp-json\/wp\/v2\/pages\/5607","targetHints":{"allow":["GET"]}}],"collection":[{"href":"https:\/\/buh-jesberg.de\/index.php\/wp-json\/wp\/v2\/pages"}],"about":[{"href":"https:\/\/buh-jesberg.de\/index.php\/wp-json\/wp\/v2\/types\/page"}],"author":[{"embeddable":true,"href":"https:\/\/buh-jesberg.de\/index.php\/wp-json\/wp\/v2\/users\/2"}],"replies":[{"embeddable":true,"href":"https:\/\/buh-jesberg.de\/index.php\/wp-json\/wp\/v2\/comments?post=5607"}],"version-history":[{"count":19,"href":"https:\/\/buh-jesberg.de\/index.php\/wp-json\/wp\/v2\/pages\/5607\/revisions"}],"predecessor-version":[{"id":5813,"href":"https:\/\/buh-jesberg.de\/index.php\/wp-json\/wp\/v2\/pages\/5607\/revisions\/5813"}],"wp:attachment":[{"href":"https:\/\/buh-jesberg.de\/index.php\/wp-json\/wp\/v2\/media?parent=5607"}],"curies":[{"name":"wp","href":"https:\/\/api.w.org\/{rel}","templated":true}]}}