{"id":5625,"date":"2023-03-26T14:23:09","date_gmt":"2023-03-26T12:23:09","guid":{"rendered":"https:\/\/buh-jesberg.de\/?page_id=5625"},"modified":"2023-05-21T13:04:26","modified_gmt":"2023-05-21T11:04:26","slug":"mein-heimatdorf-jesberg","status":"publish","type":"page","link":"https:\/\/buh-jesberg.de\/index.php\/mein-heimatdorf-jesberg\/","title":{"rendered":"Mein Heimatdorf Jesberg"},"content":{"rendered":"\t\t<div data-elementor-type=\"wp-page\" data-elementor-id=\"5625\" class=\"elementor elementor-5625\" data-elementor-post-type=\"page\">\n\t\t\t\t\t\t<section class=\"elementor-section elementor-top-section elementor-element elementor-element-ef5308d elementor-section-boxed elementor-section-height-default elementor-section-height-default\" data-id=\"ef5308d\" data-element_type=\"section\" data-e-type=\"section\">\n\t\t\t\t\t\t<div class=\"elementor-container elementor-column-gap-default\">\n\t\t\t\t\t<div class=\"elementor-column elementor-col-100 elementor-top-column elementor-element elementor-element-122f671\" data-id=\"122f671\" data-element_type=\"column\" data-e-type=\"column\">\n\t\t\t<div class=\"elementor-widget-wrap elementor-element-populated\">\n\t\t\t\t\t\t<div class=\"elementor-element elementor-element-4aa19f9 elementor-widget elementor-widget-text-editor\" data-id=\"4aa19f9\" data-element_type=\"widget\" data-e-type=\"widget\" data-widget_type=\"text-editor.default\">\n\t\t\t\t<div class=\"elementor-widget-container\">\n\t\t\t\t\t\t\t\t\t<h4><a href=\"https:\/\/buh-jesberg.de\/wp-content\/uploads\/2023\/03\/Mein_Heimatdorf.pdf\"><img fetchpriority=\"high\" decoding=\"async\" class=\"alignleft wp-image-5624 size-medium\" src=\"https:\/\/buh-jesberg.de\/wp-content\/uploads\/2023\/03\/Titelblatt-1-254x300.png\" alt=\"\" width=\"254\" height=\"300\" srcset=\"https:\/\/buh-jesberg.de\/wp-content\/uploads\/2023\/03\/Titelblatt-1-254x300.png 254w, https:\/\/buh-jesberg.de\/wp-content\/uploads\/2023\/03\/Titelblatt-1.png 484w\" sizes=\"(max-width: 254px) 100vw, 254px\" \/><\/a>Mein Heimatdorf Jesberg<br \/>-Erinnerungen-<\/h4><h4>von Heirich Viernau<\/h4><h5>1. Teil Lebens- und Ortsgeschichte<\/h5><p>ab Seite 11<\/p><h5>2. Teil: Eindr\u00fccke in Bild und Schrift<\/h5><p>ab Seite 159<\/p>\t\t\t\t\t\t\t\t<\/div>\n\t\t\t\t<\/div>\n\t\t\t\t\t<\/div>\n\t\t<\/div>\n\t\t\t\t\t<\/div>\n\t\t<\/section>\n\t\t\t\t<section class=\"elementor-section elementor-top-section elementor-element elementor-element-97cfec0 elementor-section-boxed elementor-section-height-default elementor-section-height-default\" data-id=\"97cfec0\" data-element_type=\"section\" data-e-type=\"section\">\n\t\t\t\t\t\t<div class=\"elementor-container elementor-column-gap-default\">\n\t\t\t\t\t<div class=\"elementor-column elementor-col-100 elementor-top-column elementor-element elementor-element-3c6a46c\" data-id=\"3c6a46c\" data-element_type=\"column\" data-e-type=\"column\">\n\t\t\t<div class=\"elementor-widget-wrap elementor-element-populated\">\n\t\t\t\t\t\t<div class=\"elementor-element elementor-element-4f6b405 elementor-widget elementor-widget-text-editor\" data-id=\"4f6b405\" data-element_type=\"widget\" data-e-type=\"widget\" data-widget_type=\"text-editor.default\">\n\t\t\t\t<div class=\"elementor-widget-container\">\n\t\t\t\t\t\t\t\t\t<p><strong>Vorwort:<\/strong><strong>\u00a0<\/strong><\/p><p>Der Jesberger Heinrich Viernau (1903-1998) hat sein Dorf geliebt und hat sich um sein Dorf f\u00fcr immer verdient gemacht mit seinen umfangreichen erinnernden Aufzeichnungen. Nach Gr\u00fcndung unseres Vereins im Jahre 1985 wollte Viernau gern eine unver\u00e4nderte Buchver\u00f6ffentlichung seiner Aufzeichnungen, die neben Kostengr\u00fcnden abgelehnt wurde, weil eine umfangreichere Verbesserung und Ordnung des Textes erforderlich gewesen w\u00e4re. Der Verein erhielt dann aber seine Aufzeichnungen zur freien Verwendung, und daraus sind in der Folge viele Informationen entnommen und etliche Geschichten ver\u00f6ffentlicht worden.<\/p><p>Wir heute haben uns doch zu&#8230;<\/p><p>HGV<\/p>\t\t\t\t\t\t\t\t<\/div>\n\t\t\t\t<\/div>\n\t\t\t\t\t<\/div>\n\t\t<\/div>\n\t\t\t\t\t<\/div>\n\t\t<\/section>\n\t\t\t\t<section class=\"elementor-section elementor-top-section elementor-element elementor-element-2d297db elementor-section-boxed elementor-section-height-default elementor-section-height-default\" data-id=\"2d297db\" data-element_type=\"section\" data-e-type=\"section\">\n\t\t\t\t\t\t<div class=\"elementor-container elementor-column-gap-default\">\n\t\t\t\t\t<div class=\"elementor-column elementor-col-100 elementor-top-column elementor-element elementor-element-29e3937\" data-id=\"29e3937\" data-element_type=\"column\" data-e-type=\"column\">\n\t\t\t<div class=\"elementor-widget-wrap elementor-element-populated\">\n\t\t\t\t\t\t<div class=\"elementor-element elementor-element-7a8a10c elementor-widget elementor-widget-text-editor\" data-id=\"7a8a10c\" data-element_type=\"widget\" data-e-type=\"widget\" data-widget_type=\"text-editor.default\">\n\t\t\t\t<div class=\"elementor-widget-container\">\n\t\t\t\t\t\t\t\t\t<p><strong>Vorwort des Verfassers:<\/strong><\/p><p>Der Verfasser dieser Schrift, Heinrich Viernau, geboren am 8. Juni 1903 in Jesberg, hat in einem politisch turbulenten Zeitalter gelebt: Kaiserreich und Erster Weltkrieg \u2013 Weimarer Republik \u2013 Nationalsozialismus, Diktatur und Zweiter Weltkrieg \u2013 besetztes Deutschland \u2013 und Entwicklung zur heutigen Demokratie.<\/p><p>Diese meine Aufzeichnungen und Erinnerungen gebe ich Ihnen nun in die Hand, um aus den von mir erarbeiteten und ermittelten Gedanken und Wahrheiten, die ich in den Jahren 1953 bis 1987 niedergeschrieben habe, das Beste zum Wohle aller zu machen.\u00a0 &#8230;.<\/p><p>Ihr Heinrich Viernau<\/p><p>Zum <strong><a href=\"https:\/\/buh-jesberg.de\/wp-content\/uploads\/2023\/03\/Mein_Heimatdorf.pdf\">PDF<\/a><\/strong><\/p>\t\t\t\t\t\t\t\t<\/div>\n\t\t\t\t<\/div>\n\t\t\t\t\t<\/div>\n\t\t<\/div>\n\t\t\t\t\t<\/div>\n\t\t<\/section>\n\t\t\t\t<\/div>\n\t\t","protected":false},"excerpt":{"rendered":"<p>Mein Heimatdorf Jesberg-Erinnerungen- von Heirich Viernau 1. Teil Lebens- und Ortsgeschichte ab Seite 11 2. Teil: Eindr\u00fccke in Bild und Schrift ab Seite 159 Vorwort:\u00a0 Der Jesberger Heinrich Viernau (1903-1998) [&hellip;]<\/p>\n","protected":false},"author":2,"featured_media":0,"parent":0,"menu_order":0,"comment_status":"closed","ping_status":"closed","template":"","meta":{"_monsterinsights_skip_tracking":false,"_monsterinsights_sitenote_active":false,"_monsterinsights_sitenote_note":"","_monsterinsights_sitenote_category":0,"footnotes":""},"class_list":["post-5625","page","type-page","status-publish","hentry"],"yoast_head":"<!-- This site is optimized with the Yoast SEO plugin v27.5 - https:\/\/yoast.com\/product\/yoast-seo-wordpress\/ -->\n<title>Mein Heimatdorf Jesberg - Burg und Heimatverein Jesberg e.V.<\/title>\n<meta name=\"robots\" content=\"index, follow, max-snippet:-1, max-image-preview:large, max-video-preview:-1\" \/>\n<link rel=\"canonical\" href=\"https:\/\/buh-jesberg.de\/index.php\/mein-heimatdorf-jesberg\/\" \/>\n<meta property=\"og:locale\" content=\"de_DE\" \/>\n<meta property=\"og:type\" content=\"article\" \/>\n<meta property=\"og:title\" content=\"Mein Heimatdorf Jesberg - Burg und Heimatverein Jesberg e.V.\" \/>\n<meta property=\"og:description\" content=\"Mein Heimatdorf Jesberg-Erinnerungen- von Heirich Viernau 1. Teil Lebens- und Ortsgeschichte ab Seite 11 2. Teil: Eindr\u00fccke in Bild und Schrift ab Seite 159 Vorwort:\u00a0 Der Jesberger Heinrich Viernau (1903-1998) [&hellip;]\" \/>\n<meta property=\"og:url\" content=\"https:\/\/buh-jesberg.de\/index.php\/mein-heimatdorf-jesberg\/\" \/>\n<meta property=\"og:site_name\" content=\"Burg und Heimatverein Jesberg e.V.\" \/>\n<meta property=\"article:modified_time\" content=\"2023-05-21T11:04:26+00:00\" \/>\n<meta property=\"og:image\" content=\"https:\/\/buh-jesberg.de\/wp-content\/uploads\/2023\/03\/Titelblatt-1-254x300.png\" \/>\n<meta name=\"twitter:card\" content=\"summary_large_image\" \/>\n<meta name=\"twitter:label1\" content=\"Gesch\u00e4tzte Lesezeit\" \/>\n\t<meta name=\"twitter:data1\" content=\"2\u00a0Minuten\" \/>\n<script type=\"application\/ld+json\" class=\"yoast-schema-graph\">{\"@context\":\"https:\\\/\\\/schema.org\",\"@graph\":[{\"@type\":\"WebPage\",\"@id\":\"https:\\\/\\\/buh-jesberg.de\\\/index.php\\\/mein-heimatdorf-jesberg\\\/\",\"url\":\"https:\\\/\\\/buh-jesberg.de\\\/index.php\\\/mein-heimatdorf-jesberg\\\/\",\"name\":\"Mein Heimatdorf Jesberg - Burg und Heimatverein Jesberg e.V.\",\"isPartOf\":{\"@id\":\"https:\\\/\\\/buh-jesberg.de\\\/#website\"},\"primaryImageOfPage\":{\"@id\":\"https:\\\/\\\/buh-jesberg.de\\\/index.php\\\/mein-heimatdorf-jesberg\\\/#primaryimage\"},\"image\":{\"@id\":\"https:\\\/\\\/buh-jesberg.de\\\/index.php\\\/mein-heimatdorf-jesberg\\\/#primaryimage\"},\"thumbnailUrl\":\"https:\\\/\\\/buh-jesberg.de\\\/wp-content\\\/uploads\\\/2023\\\/03\\\/Titelblatt-1-254x300.png\",\"datePublished\":\"2023-03-26T12:23:09+00:00\",\"dateModified\":\"2023-05-21T11:04:26+00:00\",\"breadcrumb\":{\"@id\":\"https:\\\/\\\/buh-jesberg.de\\\/index.php\\\/mein-heimatdorf-jesberg\\\/#breadcrumb\"},\"inLanguage\":\"de\",\"potentialAction\":[{\"@type\":\"ReadAction\",\"target\":[\"https:\\\/\\\/buh-jesberg.de\\\/index.php\\\/mein-heimatdorf-jesberg\\\/\"]}]},{\"@type\":\"ImageObject\",\"inLanguage\":\"de\",\"@id\":\"https:\\\/\\\/buh-jesberg.de\\\/index.php\\\/mein-heimatdorf-jesberg\\\/#primaryimage\",\"url\":\"https:\\\/\\\/buh-jesberg.de\\\/wp-content\\\/uploads\\\/2023\\\/03\\\/Titelblatt-1.png\",\"contentUrl\":\"https:\\\/\\\/buh-jesberg.de\\\/wp-content\\\/uploads\\\/2023\\\/03\\\/Titelblatt-1.png\",\"width\":484,\"height\":571},{\"@type\":\"BreadcrumbList\",\"@id\":\"https:\\\/\\\/buh-jesberg.de\\\/index.php\\\/mein-heimatdorf-jesberg\\\/#breadcrumb\",\"itemListElement\":[{\"@type\":\"ListItem\",\"position\":1,\"name\":\"Startseite\",\"item\":\"https:\\\/\\\/buh-jesberg.de\\\/\"},{\"@type\":\"ListItem\",\"position\":2,\"name\":\"Mein Heimatdorf Jesberg\"}]},{\"@type\":\"WebSite\",\"@id\":\"https:\\\/\\\/buh-jesberg.de\\\/#website\",\"url\":\"https:\\\/\\\/buh-jesberg.de\\\/\",\"name\":\"Burg und Heimatverein Jesberg e.V.\",\"description\":\"Gemeinn\u00fctziger Verein in Jesberg\",\"publisher\":{\"@id\":\"https:\\\/\\\/buh-jesberg.de\\\/#organization\"},\"potentialAction\":[{\"@type\":\"SearchAction\",\"target\":{\"@type\":\"EntryPoint\",\"urlTemplate\":\"https:\\\/\\\/buh-jesberg.de\\\/?s={search_term_string}\"},\"query-input\":{\"@type\":\"PropertyValueSpecification\",\"valueRequired\":true,\"valueName\":\"search_term_string\"}}],\"inLanguage\":\"de\"},{\"@type\":\"Organization\",\"@id\":\"https:\\\/\\\/buh-jesberg.de\\\/#organization\",\"name\":\"Burg und Heimatverein Jesberg e.V.\",\"url\":\"https:\\\/\\\/buh-jesberg.de\\\/\",\"logo\":{\"@type\":\"ImageObject\",\"inLanguage\":\"de\",\"@id\":\"https:\\\/\\\/buh-jesberg.de\\\/#\\\/schema\\\/logo\\\/image\\\/\",\"url\":\"https:\\\/\\\/buh-jesberg.de\\\/wp-content\\\/uploads\\\/2023\\\/01\\\/Website_Logo-e1674580236324.jpg\",\"contentUrl\":\"https:\\\/\\\/buh-jesberg.de\\\/wp-content\\\/uploads\\\/2023\\\/01\\\/Website_Logo-e1674580236324.jpg\",\"width\":500,\"height\":501,\"caption\":\"Burg und Heimatverein Jesberg e.V.\"},\"image\":{\"@id\":\"https:\\\/\\\/buh-jesberg.de\\\/#\\\/schema\\\/logo\\\/image\\\/\"}}]}<\/script>\n<!-- \/ Yoast SEO plugin. -->","yoast_head_json":{"title":"Mein Heimatdorf Jesberg - Burg und Heimatverein Jesberg e.V.","robots":{"index":"index","follow":"follow","max-snippet":"max-snippet:-1","max-image-preview":"max-image-preview:large","max-video-preview":"max-video-preview:-1"},"canonical":"https:\/\/buh-jesberg.de\/index.php\/mein-heimatdorf-jesberg\/","og_locale":"de_DE","og_type":"article","og_title":"Mein Heimatdorf Jesberg - Burg und Heimatverein Jesberg e.V.","og_description":"Mein Heimatdorf Jesberg-Erinnerungen- von Heirich Viernau 1. Teil Lebens- und Ortsgeschichte ab Seite 11 2. Teil: Eindr\u00fccke in Bild und Schrift ab Seite 159 Vorwort:\u00a0 Der Jesberger Heinrich Viernau (1903-1998) [&hellip;]","og_url":"https:\/\/buh-jesberg.de\/index.php\/mein-heimatdorf-jesberg\/","og_site_name":"Burg und Heimatverein Jesberg e.V.","article_modified_time":"2023-05-21T11:04:26+00:00","og_image":[{"url":"https:\/\/buh-jesberg.de\/wp-content\/uploads\/2023\/03\/Titelblatt-1-254x300.png","type":"","width":"","height":""}],"twitter_card":"summary_large_image","twitter_misc":{"Gesch\u00e4tzte Lesezeit":"2\u00a0Minuten"},"schema":{"@context":"https:\/\/schema.org","@graph":[{"@type":"WebPage","@id":"https:\/\/buh-jesberg.de\/index.php\/mein-heimatdorf-jesberg\/","url":"https:\/\/buh-jesberg.de\/index.php\/mein-heimatdorf-jesberg\/","name":"Mein Heimatdorf Jesberg - Burg und Heimatverein Jesberg e.V.","isPartOf":{"@id":"https:\/\/buh-jesberg.de\/#website"},"primaryImageOfPage":{"@id":"https:\/\/buh-jesberg.de\/index.php\/mein-heimatdorf-jesberg\/#primaryimage"},"image":{"@id":"https:\/\/buh-jesberg.de\/index.php\/mein-heimatdorf-jesberg\/#primaryimage"},"thumbnailUrl":"https:\/\/buh-jesberg.de\/wp-content\/uploads\/2023\/03\/Titelblatt-1-254x300.png","datePublished":"2023-03-26T12:23:09+00:00","dateModified":"2023-05-21T11:04:26+00:00","breadcrumb":{"@id":"https:\/\/buh-jesberg.de\/index.php\/mein-heimatdorf-jesberg\/#breadcrumb"},"inLanguage":"de","potentialAction":[{"@type":"ReadAction","target":["https:\/\/buh-jesberg.de\/index.php\/mein-heimatdorf-jesberg\/"]}]},{"@type":"ImageObject","inLanguage":"de","@id":"https:\/\/buh-jesberg.de\/index.php\/mein-heimatdorf-jesberg\/#primaryimage","url":"https:\/\/buh-jesberg.de\/wp-content\/uploads\/2023\/03\/Titelblatt-1.png","contentUrl":"https:\/\/buh-jesberg.de\/wp-content\/uploads\/2023\/03\/Titelblatt-1.png","width":484,"height":571},{"@type":"BreadcrumbList","@id":"https:\/\/buh-jesberg.de\/index.php\/mein-heimatdorf-jesberg\/#breadcrumb","itemListElement":[{"@type":"ListItem","position":1,"name":"Startseite","item":"https:\/\/buh-jesberg.de\/"},{"@type":"ListItem","position":2,"name":"Mein Heimatdorf Jesberg"}]},{"@type":"WebSite","@id":"https:\/\/buh-jesberg.de\/#website","url":"https:\/\/buh-jesberg.de\/","name":"Burg und Heimatverein Jesberg e.V.","description":"Gemeinn\u00fctziger Verein in Jesberg","publisher":{"@id":"https:\/\/buh-jesberg.de\/#organization"},"potentialAction":[{"@type":"SearchAction","target":{"@type":"EntryPoint","urlTemplate":"https:\/\/buh-jesberg.de\/?s={search_term_string}"},"query-input":{"@type":"PropertyValueSpecification","valueRequired":true,"valueName":"search_term_string"}}],"inLanguage":"de"},{"@type":"Organization","@id":"https:\/\/buh-jesberg.de\/#organization","name":"Burg und Heimatverein Jesberg e.V.","url":"https:\/\/buh-jesberg.de\/","logo":{"@type":"ImageObject","inLanguage":"de","@id":"https:\/\/buh-jesberg.de\/#\/schema\/logo\/image\/","url":"https:\/\/buh-jesberg.de\/wp-content\/uploads\/2023\/01\/Website_Logo-e1674580236324.jpg","contentUrl":"https:\/\/buh-jesberg.de\/wp-content\/uploads\/2023\/01\/Website_Logo-e1674580236324.jpg","width":500,"height":501,"caption":"Burg und Heimatverein Jesberg e.V."},"image":{"@id":"https:\/\/buh-jesberg.de\/#\/schema\/logo\/image\/"}}]}},"_links":{"self":[{"href":"https:\/\/buh-jesberg.de\/index.php\/wp-json\/wp\/v2\/pages\/5625","targetHints":{"allow":["GET"]}}],"collection":[{"href":"https:\/\/buh-jesberg.de\/index.php\/wp-json\/wp\/v2\/pages"}],"about":[{"href":"https:\/\/buh-jesberg.de\/index.php\/wp-json\/wp\/v2\/types\/page"}],"author":[{"embeddable":true,"href":"https:\/\/buh-jesberg.de\/index.php\/wp-json\/wp\/v2\/users\/2"}],"replies":[{"embeddable":true,"href":"https:\/\/buh-jesberg.de\/index.php\/wp-json\/wp\/v2\/comments?post=5625"}],"version-history":[{"count":13,"href":"https:\/\/buh-jesberg.de\/index.php\/wp-json\/wp\/v2\/pages\/5625\/revisions"}],"predecessor-version":[{"id":5828,"href":"https:\/\/buh-jesberg.de\/index.php\/wp-json\/wp\/v2\/pages\/5625\/revisions\/5828"}],"wp:attachment":[{"href":"https:\/\/buh-jesberg.de\/index.php\/wp-json\/wp\/v2\/media?parent=5625"}],"curies":[{"name":"wp","href":"https:\/\/api.w.org\/{rel}","templated":true}]}}