{"id":6800,"date":"2023-10-12T19:20:13","date_gmt":"2023-10-12T17:20:13","guid":{"rendered":"https:\/\/buh-jesberg.de\/?page_id=6800"},"modified":"2023-10-14T16:06:31","modified_gmt":"2023-10-14T14:06:31","slug":"bilder-herbstwanderung-08-10-2023","status":"publish","type":"page","link":"https:\/\/buh-jesberg.de\/index.php\/bilder-herbstwanderung-08-10-2023\/","title":{"rendered":"Bilder Herbstwanderung 08-10-2023"},"content":{"rendered":"\t\t<div data-elementor-type=\"wp-page\" data-elementor-id=\"6800\" class=\"elementor elementor-6800\" data-elementor-post-type=\"page\">\n\t\t\t\t\t\t<section class=\"elementor-section elementor-top-section elementor-element elementor-element-4083dbe elementor-section-boxed elementor-section-height-default elementor-section-height-default\" data-id=\"4083dbe\" data-element_type=\"section\" data-e-type=\"section\">\n\t\t\t\t\t\t<div class=\"elementor-container elementor-column-gap-default\">\n\t\t\t\t\t<div class=\"elementor-column elementor-col-100 elementor-top-column elementor-element elementor-element-6240dc0\" data-id=\"6240dc0\" data-element_type=\"column\" data-e-type=\"column\">\n\t\t\t<div class=\"elementor-widget-wrap elementor-element-populated\">\n\t\t\t\t\t\t<div class=\"elementor-element elementor-element-287659d elementor-widget elementor-widget-gallery\" data-id=\"287659d\" data-element_type=\"widget\" data-e-type=\"widget\" data-settings=\"{&quot;columns&quot;:7,&quot;aspect_ratio&quot;:&quot;16:9&quot;,&quot;overlay_description&quot;:&quot;description&quot;,&quot;lazyload&quot;:&quot;yes&quot;,&quot;gallery_layout&quot;:&quot;grid&quot;,&quot;columns_tablet&quot;:2,&quot;columns_mobile&quot;:1,&quot;gap&quot;:{&quot;unit&quot;:&quot;px&quot;,&quot;size&quot;:10,&quot;sizes&quot;:[]},&quot;gap_tablet&quot;:{&quot;unit&quot;:&quot;px&quot;,&quot;size&quot;:10,&quot;sizes&quot;:[]},&quot;gap_mobile&quot;:{&quot;unit&quot;:&quot;px&quot;,&quot;size&quot;:10,&quot;sizes&quot;:[]},&quot;link_to&quot;:&quot;file&quot;,&quot;overlay_background&quot;:&quot;yes&quot;,&quot;content_hover_animation&quot;:&quot;fade-in&quot;}\" data-widget_type=\"gallery.default\">\n\t\t\t\t<div class=\"elementor-widget-container\">\n\t\t\t\t\t\t\t<div class=\"elementor-gallery__container\">\n\t\t\t\t\t\t\t<a class=\"e-gallery-item elementor-gallery-item elementor-animated-content\" href=\"https:\/\/buh-jesberg.de\/wp-content\/uploads\/2023\/09\/Streckenverlauf.png\" data-elementor-open-lightbox=\"yes\" data-elementor-lightbox-slideshow=\"287659d\" data-elementor-lightbox-title=\"Streckenverlauf 8,5 km\" data-elementor-lightbox-description=\"Streckenverlauf 8,5 km\" data-e-action-hash=\"#elementor-action%3Aaction%3Dlightbox%26settings%3DeyJpZCI6NjczMSwidXJsIjoiaHR0cHM6XC9cL2J1aC1qZXNiZXJnLmRlXC93cC1jb250ZW50XC91cGxvYWRzXC8yMDIzXC8wOVwvU3RyZWNrZW52ZXJsYXVmLnBuZyIsInNsaWRlc2hvdyI6IjI4NzY1OWQifQ%3D%3D\">\n\t\t\t\t\t<div class=\"e-gallery-image elementor-gallery-item__image\" data-thumbnail=\"https:\/\/buh-jesberg.de\/wp-content\/uploads\/2023\/09\/Streckenverlauf-300x278.png\" data-width=\"300\" data-height=\"278\" aria-label=\"Streckenverlauf 8,5 km\" role=\"img\" ><\/div>\n\t\t\t\t\t\t\t\t\t\t\t<div class=\"elementor-gallery-item__overlay\"><\/div>\n\t\t\t\t\t\t\t\t\t\t\t\t\t\t\t<div class=\"elementor-gallery-item__content\">\n\t\t\t\t\t\t\t\t\t\t\t\t\t\t<div class=\"elementor-gallery-item__description\">\n\t\t\t\t\t\t\t\t\t\t\t\t\t\t\t\t\t\tStreckenverlauf 8,5 km\t\t\t\t\t\t\t\t<\/div>\n\t\t\t\t\t\t\t\t\t\t\t\t<\/div>\n\t\t\t\t\t\t\t\t\t<\/a>\n\t\t\t\t\t\t\t<a class=\"e-gallery-item elementor-gallery-item elementor-animated-content\" href=\"https:\/\/buh-jesberg.de\/wp-content\/uploads\/2023\/09\/Streckenverlauf-lang.png\" data-elementor-open-lightbox=\"yes\" data-elementor-lightbox-slideshow=\"287659d\" data-elementor-lightbox-title=\"Streckenverlauf 12,5 km\" data-elementor-lightbox-description=\"Streckenverlauf 12,5 km\" data-e-action-hash=\"#elementor-action%3Aaction%3Dlightbox%26settings%3DeyJpZCI6NjczMiwidXJsIjoiaHR0cHM6XC9cL2J1aC1qZXNiZXJnLmRlXC93cC1jb250ZW50XC91cGxvYWRzXC8yMDIzXC8wOVwvU3RyZWNrZW52ZXJsYXVmLWxhbmcucG5nIiwic2xpZGVzaG93IjoiMjg3NjU5ZCJ9\">\n\t\t\t\t\t<div class=\"e-gallery-image elementor-gallery-item__image\" data-thumbnail=\"https:\/\/buh-jesberg.de\/wp-content\/uploads\/2023\/09\/Streckenverlauf-lang-300x278.png\" data-width=\"300\" data-height=\"278\" aria-label=\"Streckenverlauf 12,5 km\" role=\"img\" ><\/div>\n\t\t\t\t\t\t\t\t\t\t\t<div class=\"elementor-gallery-item__overlay\"><\/div>\n\t\t\t\t\t\t\t\t\t\t\t\t\t\t\t<div class=\"elementor-gallery-item__content\">\n\t\t\t\t\t\t\t\t\t\t\t\t\t\t<div class=\"elementor-gallery-item__description\">\n\t\t\t\t\t\t\t\t\t\t\t\t\t\t\t\t\t\tStreckenverlauf 12,5 km\t\t\t\t\t\t\t\t<\/div>\n\t\t\t\t\t\t\t\t\t\t\t\t<\/div>\n\t\t\t\t\t\t\t\t\t<\/a>\n\t\t\t\t\t\t\t<a class=\"e-gallery-item elementor-gallery-item elementor-animated-content\" href=\"https:\/\/buh-jesberg.de\/wp-content\/uploads\/2023\/09\/Hoehenprofil.png\" data-elementor-open-lightbox=\"yes\" data-elementor-lightbox-slideshow=\"287659d\" data-elementor-lightbox-title=\"H\u00f6henprofil 8,5 km\" data-elementor-lightbox-description=\"H\u00f6henprofil 8,5 km\" data-e-action-hash=\"#elementor-action%3Aaction%3Dlightbox%26settings%3DeyJpZCI6NjczOCwidXJsIjoiaHR0cHM6XC9cL2J1aC1qZXNiZXJnLmRlXC93cC1jb250ZW50XC91cGxvYWRzXC8yMDIzXC8wOVwvSG9laGVucHJvZmlsLnBuZyIsInNsaWRlc2hvdyI6IjI4NzY1OWQifQ%3D%3D\">\n\t\t\t\t\t<div class=\"e-gallery-image elementor-gallery-item__image\" data-thumbnail=\"https:\/\/buh-jesberg.de\/wp-content\/uploads\/2023\/09\/Hoehenprofil-300x124.png\" data-width=\"300\" data-height=\"124\" aria-label=\"H\u00f6henprofil 8,5 km\" role=\"img\" ><\/div>\n\t\t\t\t\t\t\t\t\t\t\t<div class=\"elementor-gallery-item__overlay\"><\/div>\n\t\t\t\t\t\t\t\t\t\t\t\t\t\t\t<div class=\"elementor-gallery-item__content\">\n\t\t\t\t\t\t\t\t\t\t\t\t\t\t<div class=\"elementor-gallery-item__description\">\n\t\t\t\t\t\t\t\t\t\t\t\t\t\t\t\t\t\tH\u00f6henprofil 8,5 km\t\t\t\t\t\t\t\t<\/div>\n\t\t\t\t\t\t\t\t\t\t\t\t<\/div>\n\t\t\t\t\t\t\t\t\t<\/a>\n\t\t\t\t\t\t\t<a class=\"e-gallery-item elementor-gallery-item elementor-animated-content\" href=\"https:\/\/buh-jesberg.de\/wp-content\/uploads\/2023\/09\/Hoehenprofil-lang.png\" data-elementor-open-lightbox=\"yes\" data-elementor-lightbox-slideshow=\"287659d\" data-elementor-lightbox-title=\"H\u00f6henprofil 15,5 km\" data-elementor-lightbox-description=\"H\u00f6henprofil 15,5 km\" data-e-action-hash=\"#elementor-action%3Aaction%3Dlightbox%26settings%3DeyJpZCI6NjczNywidXJsIjoiaHR0cHM6XC9cL2J1aC1qZXNiZXJnLmRlXC93cC1jb250ZW50XC91cGxvYWRzXC8yMDIzXC8wOVwvSG9laGVucHJvZmlsLWxhbmcucG5nIiwic2xpZGVzaG93IjoiMjg3NjU5ZCJ9\">\n\t\t\t\t\t<div class=\"e-gallery-image elementor-gallery-item__image\" data-thumbnail=\"https:\/\/buh-jesberg.de\/wp-content\/uploads\/2023\/09\/Hoehenprofil-lang-300x124.png\" data-width=\"300\" data-height=\"124\" aria-label=\"H\u00f6henprofil 15,5 km\" role=\"img\" ><\/div>\n\t\t\t\t\t\t\t\t\t\t\t<div class=\"elementor-gallery-item__overlay\"><\/div>\n\t\t\t\t\t\t\t\t\t\t\t\t\t\t\t<div class=\"elementor-gallery-item__content\">\n\t\t\t\t\t\t\t\t\t\t\t\t\t\t<div class=\"elementor-gallery-item__description\">\n\t\t\t\t\t\t\t\t\t\t\t\t\t\t\t\t\t\tH\u00f6henprofil 15,5 km\t\t\t\t\t\t\t\t<\/div>\n\t\t\t\t\t\t\t\t\t\t\t\t<\/div>\n\t\t\t\t\t\t\t\t\t<\/a>\n\t\t\t\t\t\t\t<a class=\"e-gallery-item elementor-gallery-item elementor-animated-content\" href=\"https:\/\/buh-jesberg.de\/wp-content\/uploads\/2023\/10\/2023-10-08_01.jpg\" data-elementor-open-lightbox=\"yes\" data-elementor-lightbox-slideshow=\"287659d\" data-elementor-lightbox-title=\"2023-10-08_01\" data-elementor-lightbox-description=\"Teilnehmer auf dem Burggel\u00e4nde\" data-e-action-hash=\"#elementor-action%3Aaction%3Dlightbox%26settings%3DeyJpZCI6Njc3MywidXJsIjoiaHR0cHM6XC9cL2J1aC1qZXNiZXJnLmRlXC93cC1jb250ZW50XC91cGxvYWRzXC8yMDIzXC8xMFwvMjAyMy0xMC0wOF8wMS5qcGciLCJzbGlkZXNob3ciOiIyODc2NTlkIn0%3D\">\n\t\t\t\t\t<div class=\"e-gallery-image elementor-gallery-item__image\" data-thumbnail=\"https:\/\/buh-jesberg.de\/wp-content\/uploads\/2023\/10\/2023-10-08_01-300x169.jpg\" data-width=\"300\" data-height=\"169\" aria-label=\"Teilnehmer auf dem Burggel\u00e4nde\" role=\"img\" ><\/div>\n\t\t\t\t\t\t\t\t\t\t\t<div class=\"elementor-gallery-item__overlay\"><\/div>\n\t\t\t\t\t\t\t\t\t\t\t\t\t\t\t<div class=\"elementor-gallery-item__content\">\n\t\t\t\t\t\t\t\t\t\t\t\t\t\t<div class=\"elementor-gallery-item__description\">\n\t\t\t\t\t\t\t\t\t\t\t\t\t\t\t\t\t\tTeilnehmer auf dem Burggel\u00e4nde\t\t\t\t\t\t\t\t<\/div>\n\t\t\t\t\t\t\t\t\t\t\t\t<\/div>\n\t\t\t\t\t\t\t\t\t<\/a>\n\t\t\t\t\t\t\t<a class=\"e-gallery-item elementor-gallery-item elementor-animated-content\" href=\"https:\/\/buh-jesberg.de\/wp-content\/uploads\/2023\/10\/2023-10-08_02.jpg\" data-elementor-open-lightbox=\"yes\" data-elementor-lightbox-slideshow=\"287659d\" data-elementor-lightbox-title=\"2023-10-08_02\" data-elementor-lightbox-description=\"Kirche, Schloss, Altenheim\" data-e-action-hash=\"#elementor-action%3Aaction%3Dlightbox%26settings%3DeyJpZCI6Njc3NCwidXJsIjoiaHR0cHM6XC9cL2J1aC1qZXNiZXJnLmRlXC93cC1jb250ZW50XC91cGxvYWRzXC8yMDIzXC8xMFwvMjAyMy0xMC0wOF8wMi5qcGciLCJzbGlkZXNob3ciOiIyODc2NTlkIn0%3D\">\n\t\t\t\t\t<div class=\"e-gallery-image elementor-gallery-item__image\" data-thumbnail=\"https:\/\/buh-jesberg.de\/wp-content\/uploads\/2023\/10\/2023-10-08_02-300x169.jpg\" data-width=\"300\" data-height=\"169\" aria-label=\"Kirche, Schloss, Altenheim\" role=\"img\" ><\/div>\n\t\t\t\t\t\t\t\t\t\t\t<div class=\"elementor-gallery-item__overlay\"><\/div>\n\t\t\t\t\t\t\t\t\t\t\t\t\t\t\t<div class=\"elementor-gallery-item__content\">\n\t\t\t\t\t\t\t\t\t\t\t\t\t\t<div class=\"elementor-gallery-item__description\">\n\t\t\t\t\t\t\t\t\t\t\t\t\t\t\t\t\t\tKirche, Schloss, Altenheim\t\t\t\t\t\t\t\t<\/div>\n\t\t\t\t\t\t\t\t\t\t\t\t<\/div>\n\t\t\t\t\t\t\t\t\t<\/a>\n\t\t\t\t\t\t\t<a class=\"e-gallery-item elementor-gallery-item elementor-animated-content\" href=\"https:\/\/buh-jesberg.de\/wp-content\/uploads\/2023\/10\/2023-10-08_03.jpg\" data-elementor-open-lightbox=\"yes\" data-elementor-lightbox-slideshow=\"287659d\" data-elementor-lightbox-title=\"2023-10-08_03\" data-elementor-lightbox-description=\"Das Kornhaus\" data-e-action-hash=\"#elementor-action%3Aaction%3Dlightbox%26settings%3DeyJpZCI6Njc3NSwidXJsIjoiaHR0cHM6XC9cL2J1aC1qZXNiZXJnLmRlXC93cC1jb250ZW50XC91cGxvYWRzXC8yMDIzXC8xMFwvMjAyMy0xMC0wOF8wMy5qcGciLCJzbGlkZXNob3ciOiIyODc2NTlkIn0%3D\">\n\t\t\t\t\t<div class=\"e-gallery-image elementor-gallery-item__image\" data-thumbnail=\"https:\/\/buh-jesberg.de\/wp-content\/uploads\/2023\/10\/2023-10-08_03-300x169.jpg\" data-width=\"300\" data-height=\"169\" aria-label=\"Das Kornhaus\" role=\"img\" ><\/div>\n\t\t\t\t\t\t\t\t\t\t\t<div class=\"elementor-gallery-item__overlay\"><\/div>\n\t\t\t\t\t\t\t\t\t\t\t\t\t\t\t<div class=\"elementor-gallery-item__content\">\n\t\t\t\t\t\t\t\t\t\t\t\t\t\t<div class=\"elementor-gallery-item__description\">\n\t\t\t\t\t\t\t\t\t\t\t\t\t\t\t\t\t\tDas Kornhaus\t\t\t\t\t\t\t\t<\/div>\n\t\t\t\t\t\t\t\t\t\t\t\t<\/div>\n\t\t\t\t\t\t\t\t\t<\/a>\n\t\t\t\t\t\t\t<a class=\"e-gallery-item elementor-gallery-item elementor-animated-content\" href=\"https:\/\/buh-jesberg.de\/wp-content\/uploads\/2023\/10\/2023-10-08_04.jpg\" data-elementor-open-lightbox=\"yes\" data-elementor-lightbox-slideshow=\"287659d\" data-elementor-lightbox-title=\"2023-10-08_04\" data-elementor-lightbox-description=\"Br\u00fcnchenhain und Kellerwaldturm\" data-e-action-hash=\"#elementor-action%3Aaction%3Dlightbox%26settings%3DeyJpZCI6Njc3NiwidXJsIjoiaHR0cHM6XC9cL2J1aC1qZXNiZXJnLmRlXC93cC1jb250ZW50XC91cGxvYWRzXC8yMDIzXC8xMFwvMjAyMy0xMC0wOF8wNC5qcGciLCJzbGlkZXNob3ciOiIyODc2NTlkIn0%3D\">\n\t\t\t\t\t<div class=\"e-gallery-image elementor-gallery-item__image\" data-thumbnail=\"https:\/\/buh-jesberg.de\/wp-content\/uploads\/2023\/10\/2023-10-08_04-300x169.jpg\" data-width=\"300\" data-height=\"169\" aria-label=\"Br\u00fcnchenhain und Kellerwaldturm\" role=\"img\" ><\/div>\n\t\t\t\t\t\t\t\t\t\t\t<div class=\"elementor-gallery-item__overlay\"><\/div>\n\t\t\t\t\t\t\t\t\t\t\t\t\t\t\t<div class=\"elementor-gallery-item__content\">\n\t\t\t\t\t\t\t\t\t\t\t\t\t\t<div class=\"elementor-gallery-item__description\">\n\t\t\t\t\t\t\t\t\t\t\t\t\t\t\t\t\t\tBr\u00fcnchenhain und Kellerwaldturm\t\t\t\t\t\t\t\t<\/div>\n\t\t\t\t\t\t\t\t\t\t\t\t<\/div>\n\t\t\t\t\t\t\t\t\t<\/a>\n\t\t\t\t\t\t\t<a class=\"e-gallery-item elementor-gallery-item elementor-animated-content\" href=\"https:\/\/buh-jesberg.de\/wp-content\/uploads\/2023\/10\/2023-10-08_05.jpg\" data-elementor-open-lightbox=\"yes\" data-elementor-lightbox-slideshow=\"287659d\" data-elementor-lightbox-title=\"2023-10-08_05\" data-elementor-lightbox-description=\"Denkmal 1870, 1871\" data-e-action-hash=\"#elementor-action%3Aaction%3Dlightbox%26settings%3DeyJpZCI6Njc3NywidXJsIjoiaHR0cHM6XC9cL2J1aC1qZXNiZXJnLmRlXC93cC1jb250ZW50XC91cGxvYWRzXC8yMDIzXC8xMFwvMjAyMy0xMC0wOF8wNS5qcGciLCJzbGlkZXNob3ciOiIyODc2NTlkIn0%3D\">\n\t\t\t\t\t<div class=\"e-gallery-image elementor-gallery-item__image\" data-thumbnail=\"https:\/\/buh-jesberg.de\/wp-content\/uploads\/2023\/10\/2023-10-08_05-225x300.jpg\" data-width=\"225\" data-height=\"300\" aria-label=\"Denkmal 1870, 1871\" role=\"img\" ><\/div>\n\t\t\t\t\t\t\t\t\t\t\t<div class=\"elementor-gallery-item__overlay\"><\/div>\n\t\t\t\t\t\t\t\t\t\t\t\t\t\t\t<div class=\"elementor-gallery-item__content\">\n\t\t\t\t\t\t\t\t\t\t\t\t\t\t<div class=\"elementor-gallery-item__description\">\n\t\t\t\t\t\t\t\t\t\t\t\t\t\t\t\t\t\tDenkmal 1870, 1871\t\t\t\t\t\t\t\t<\/div>\n\t\t\t\t\t\t\t\t\t\t\t\t<\/div>\n\t\t\t\t\t\t\t\t\t<\/a>\n\t\t\t\t\t\t\t<a class=\"e-gallery-item elementor-gallery-item elementor-animated-content\" href=\"https:\/\/buh-jesberg.de\/wp-content\/uploads\/2023\/10\/2023-10-08_06.jpg\" data-elementor-open-lightbox=\"yes\" data-elementor-lightbox-slideshow=\"287659d\" data-elementor-lightbox-title=\"2023-10-08_06\" data-elementor-lightbox-description=\"Streuobstwiese\" data-e-action-hash=\"#elementor-action%3Aaction%3Dlightbox%26settings%3DeyJpZCI6Njc3OCwidXJsIjoiaHR0cHM6XC9cL2J1aC1qZXNiZXJnLmRlXC93cC1jb250ZW50XC91cGxvYWRzXC8yMDIzXC8xMFwvMjAyMy0xMC0wOF8wNi5qcGciLCJzbGlkZXNob3ciOiIyODc2NTlkIn0%3D\">\n\t\t\t\t\t<div class=\"e-gallery-image elementor-gallery-item__image\" data-thumbnail=\"https:\/\/buh-jesberg.de\/wp-content\/uploads\/2023\/10\/2023-10-08_06-300x168.jpg\" data-width=\"300\" data-height=\"168\" aria-label=\"Streuobstwiese\" role=\"img\" ><\/div>\n\t\t\t\t\t\t\t\t\t\t\t<div class=\"elementor-gallery-item__overlay\"><\/div>\n\t\t\t\t\t\t\t\t\t\t\t\t\t\t\t<div class=\"elementor-gallery-item__content\">\n\t\t\t\t\t\t\t\t\t\t\t\t\t\t<div class=\"elementor-gallery-item__description\">\n\t\t\t\t\t\t\t\t\t\t\t\t\t\t\t\t\t\tStreuobstwiese\t\t\t\t\t\t\t\t<\/div>\n\t\t\t\t\t\t\t\t\t\t\t\t<\/div>\n\t\t\t\t\t\t\t\t\t<\/a>\n\t\t\t\t\t\t\t<a class=\"e-gallery-item elementor-gallery-item elementor-animated-content\" href=\"https:\/\/buh-jesberg.de\/wp-content\/uploads\/2023\/10\/2023-10-08_07.jpg\" data-elementor-open-lightbox=\"yes\" data-elementor-lightbox-slideshow=\"287659d\" data-elementor-lightbox-title=\"2023-10-08_07\" data-elementor-lightbox-description=\"Nicht jeder Baum w\u00e4chst gerade\" data-e-action-hash=\"#elementor-action%3Aaction%3Dlightbox%26settings%3DeyJpZCI6Njc3OSwidXJsIjoiaHR0cHM6XC9cL2J1aC1qZXNiZXJnLmRlXC93cC1jb250ZW50XC91cGxvYWRzXC8yMDIzXC8xMFwvMjAyMy0xMC0wOF8wNy5qcGciLCJzbGlkZXNob3ciOiIyODc2NTlkIn0%3D\">\n\t\t\t\t\t<div class=\"e-gallery-image elementor-gallery-item__image\" data-thumbnail=\"https:\/\/buh-jesberg.de\/wp-content\/uploads\/2023\/10\/2023-10-08_07-300x169.jpg\" data-width=\"300\" data-height=\"169\" aria-label=\"Nicht jeder Baum w\u00e4chst gerade\" role=\"img\" ><\/div>\n\t\t\t\t\t\t\t\t\t\t\t<div class=\"elementor-gallery-item__overlay\"><\/div>\n\t\t\t\t\t\t\t\t\t\t\t\t\t\t\t<div class=\"elementor-gallery-item__content\">\n\t\t\t\t\t\t\t\t\t\t\t\t\t\t<div class=\"elementor-gallery-item__description\">\n\t\t\t\t\t\t\t\t\t\t\t\t\t\t\t\t\t\tNicht jeder Baum w\u00e4chst gerade\t\t\t\t\t\t\t\t<\/div>\n\t\t\t\t\t\t\t\t\t\t\t\t<\/div>\n\t\t\t\t\t\t\t\t\t<\/a>\n\t\t\t\t\t\t\t<a class=\"e-gallery-item elementor-gallery-item elementor-animated-content\" href=\"https:\/\/buh-jesberg.de\/wp-content\/uploads\/2023\/10\/2023-10-08_08.jpg\" data-elementor-open-lightbox=\"yes\" data-elementor-lightbox-slideshow=\"287659d\" data-elementor-lightbox-title=\"2023-10-08_08\" data-elementor-lightbox-description=\"Am j\u00fcdischen Friedhof\" data-e-action-hash=\"#elementor-action%3Aaction%3Dlightbox%26settings%3DeyJpZCI6Njc4MCwidXJsIjoiaHR0cHM6XC9cL2J1aC1qZXNiZXJnLmRlXC93cC1jb250ZW50XC91cGxvYWRzXC8yMDIzXC8xMFwvMjAyMy0xMC0wOF8wOC5qcGciLCJzbGlkZXNob3ciOiIyODc2NTlkIn0%3D\">\n\t\t\t\t\t<div class=\"e-gallery-image elementor-gallery-item__image\" data-thumbnail=\"https:\/\/buh-jesberg.de\/wp-content\/uploads\/2023\/10\/2023-10-08_08-300x169.jpg\" data-width=\"300\" data-height=\"169\" aria-label=\"Am j\u00fcdischen Friedhof\" role=\"img\" ><\/div>\n\t\t\t\t\t\t\t\t\t\t\t<div class=\"elementor-gallery-item__overlay\"><\/div>\n\t\t\t\t\t\t\t\t\t\t\t\t\t\t\t<div class=\"elementor-gallery-item__content\">\n\t\t\t\t\t\t\t\t\t\t\t\t\t\t<div class=\"elementor-gallery-item__description\">\n\t\t\t\t\t\t\t\t\t\t\t\t\t\t\t\t\t\tAm j\u00fcdischen Friedhof\t\t\t\t\t\t\t\t<\/div>\n\t\t\t\t\t\t\t\t\t\t\t\t<\/div>\n\t\t\t\t\t\t\t\t\t<\/a>\n\t\t\t\t\t\t\t<a class=\"e-gallery-item elementor-gallery-item elementor-animated-content\" href=\"https:\/\/buh-jesberg.de\/wp-content\/uploads\/2023\/10\/2023-10-08_09.jpg\" data-elementor-open-lightbox=\"yes\" data-elementor-lightbox-slideshow=\"287659d\" data-elementor-lightbox-title=\"2023-10-08_09\" data-elementor-lightbox-description=\"Am j\u00fcdischen Friedhof\" data-e-action-hash=\"#elementor-action%3Aaction%3Dlightbox%26settings%3DeyJpZCI6Njc4MSwidXJsIjoiaHR0cHM6XC9cL2J1aC1qZXNiZXJnLmRlXC93cC1jb250ZW50XC91cGxvYWRzXC8yMDIzXC8xMFwvMjAyMy0xMC0wOF8wOS5qcGciLCJzbGlkZXNob3ciOiIyODc2NTlkIn0%3D\">\n\t\t\t\t\t<div class=\"e-gallery-image elementor-gallery-item__image\" data-thumbnail=\"https:\/\/buh-jesberg.de\/wp-content\/uploads\/2023\/10\/2023-10-08_09-300x168.jpg\" data-width=\"300\" data-height=\"168\" aria-label=\"Am j\u00fcdischen Friedhof\" role=\"img\" ><\/div>\n\t\t\t\t\t\t\t\t\t\t\t<div class=\"elementor-gallery-item__overlay\"><\/div>\n\t\t\t\t\t\t\t\t\t\t\t\t\t\t\t<div class=\"elementor-gallery-item__content\">\n\t\t\t\t\t\t\t\t\t\t\t\t\t\t<div class=\"elementor-gallery-item__description\">\n\t\t\t\t\t\t\t\t\t\t\t\t\t\t\t\t\t\tAm j\u00fcdischen Friedhof\t\t\t\t\t\t\t\t<\/div>\n\t\t\t\t\t\t\t\t\t\t\t\t<\/div>\n\t\t\t\t\t\t\t\t\t<\/a>\n\t\t\t\t\t\t\t<a class=\"e-gallery-item elementor-gallery-item elementor-animated-content\" href=\"https:\/\/buh-jesberg.de\/wp-content\/uploads\/2023\/10\/2023-10-08_10.jpg\" data-elementor-open-lightbox=\"yes\" data-elementor-lightbox-slideshow=\"287659d\" data-elementor-lightbox-title=\"2023-10-08_10\" data-elementor-lightbox-description=\"Am j\u00fcdischen Friedhof\" data-e-action-hash=\"#elementor-action%3Aaction%3Dlightbox%26settings%3DeyJpZCI6Njc4MiwidXJsIjoiaHR0cHM6XC9cL2J1aC1qZXNiZXJnLmRlXC93cC1jb250ZW50XC91cGxvYWRzXC8yMDIzXC8xMFwvMjAyMy0xMC0wOF8xMC5qcGciLCJzbGlkZXNob3ciOiIyODc2NTlkIn0%3D\">\n\t\t\t\t\t<div class=\"e-gallery-image elementor-gallery-item__image\" data-thumbnail=\"https:\/\/buh-jesberg.de\/wp-content\/uploads\/2023\/10\/2023-10-08_10-300x168.jpg\" data-width=\"300\" data-height=\"168\" aria-label=\"Am j\u00fcdischen Friedhof\" role=\"img\" ><\/div>\n\t\t\t\t\t\t\t\t\t\t\t<div class=\"elementor-gallery-item__overlay\"><\/div>\n\t\t\t\t\t\t\t\t\t\t\t\t\t\t\t<div class=\"elementor-gallery-item__content\">\n\t\t\t\t\t\t\t\t\t\t\t\t\t\t<div class=\"elementor-gallery-item__description\">\n\t\t\t\t\t\t\t\t\t\t\t\t\t\t\t\t\t\tAm j\u00fcdischen Friedhof\t\t\t\t\t\t\t\t<\/div>\n\t\t\t\t\t\t\t\t\t\t\t\t<\/div>\n\t\t\t\t\t\t\t\t\t<\/a>\n\t\t\t\t\t\t\t<a class=\"e-gallery-item elementor-gallery-item elementor-animated-content\" href=\"https:\/\/buh-jesberg.de\/wp-content\/uploads\/2023\/10\/2023-10-08_11.jpg\" data-elementor-open-lightbox=\"yes\" data-elementor-lightbox-slideshow=\"287659d\" data-elementor-lightbox-title=\"2023-10-08_11\" data-elementor-lightbox-description=\"An der Gilsa\" data-e-action-hash=\"#elementor-action%3Aaction%3Dlightbox%26settings%3DeyJpZCI6Njc4MywidXJsIjoiaHR0cHM6XC9cL2J1aC1qZXNiZXJnLmRlXC93cC1jb250ZW50XC91cGxvYWRzXC8yMDIzXC8xMFwvMjAyMy0xMC0wOF8xMS5qcGciLCJzbGlkZXNob3ciOiIyODc2NTlkIn0%3D\">\n\t\t\t\t\t<div class=\"e-gallery-image elementor-gallery-item__image\" data-thumbnail=\"https:\/\/buh-jesberg.de\/wp-content\/uploads\/2023\/10\/2023-10-08_11-300x168.jpg\" data-width=\"300\" data-height=\"168\" aria-label=\"An der Gilsa\" role=\"img\" ><\/div>\n\t\t\t\t\t\t\t\t\t\t\t<div class=\"elementor-gallery-item__overlay\"><\/div>\n\t\t\t\t\t\t\t\t\t\t\t\t\t\t\t<div class=\"elementor-gallery-item__content\">\n\t\t\t\t\t\t\t\t\t\t\t\t\t\t<div class=\"elementor-gallery-item__description\">\n\t\t\t\t\t\t\t\t\t\t\t\t\t\t\t\t\t\tAn der Gilsa\t\t\t\t\t\t\t\t<\/div>\n\t\t\t\t\t\t\t\t\t\t\t\t<\/div>\n\t\t\t\t\t\t\t\t\t<\/a>\n\t\t\t\t\t\t\t<a class=\"e-gallery-item elementor-gallery-item elementor-animated-content\" href=\"https:\/\/buh-jesberg.de\/wp-content\/uploads\/2023\/10\/2023-10-08_12.jpg\" data-elementor-open-lightbox=\"yes\" data-elementor-lightbox-slideshow=\"287659d\" data-elementor-lightbox-title=\"2023-10-08_12\" data-elementor-lightbox-description=\"An der Gilsabr\u00fccke\" data-e-action-hash=\"#elementor-action%3Aaction%3Dlightbox%26settings%3DeyJpZCI6Njc4NCwidXJsIjoiaHR0cHM6XC9cL2J1aC1qZXNiZXJnLmRlXC93cC1jb250ZW50XC91cGxvYWRzXC8yMDIzXC8xMFwvMjAyMy0xMC0wOF8xMi5qcGciLCJzbGlkZXNob3ciOiIyODc2NTlkIn0%3D\">\n\t\t\t\t\t<div class=\"e-gallery-image elementor-gallery-item__image\" data-thumbnail=\"https:\/\/buh-jesberg.de\/wp-content\/uploads\/2023\/10\/2023-10-08_12-225x300.jpg\" data-width=\"225\" data-height=\"300\" aria-label=\"An der Gilsabr\u00fccke\" role=\"img\" ><\/div>\n\t\t\t\t\t\t\t\t\t\t\t<div class=\"elementor-gallery-item__overlay\"><\/div>\n\t\t\t\t\t\t\t\t\t\t\t\t\t\t\t<div class=\"elementor-gallery-item__content\">\n\t\t\t\t\t\t\t\t\t\t\t\t\t\t<div class=\"elementor-gallery-item__description\">\n\t\t\t\t\t\t\t\t\t\t\t\t\t\t\t\t\t\tAn der Gilsabr\u00fccke\t\t\t\t\t\t\t\t<\/div>\n\t\t\t\t\t\t\t\t\t\t\t\t<\/div>\n\t\t\t\t\t\t\t\t\t<\/a>\n\t\t\t\t\t\t\t<a class=\"e-gallery-item elementor-gallery-item elementor-animated-content\" href=\"https:\/\/buh-jesberg.de\/wp-content\/uploads\/2023\/10\/2023-10-08_13.jpg\" data-elementor-open-lightbox=\"yes\" data-elementor-lightbox-slideshow=\"287659d\" data-elementor-lightbox-title=\"2023-10-08_13\" data-elementor-lightbox-description=\"Wanderer\" data-e-action-hash=\"#elementor-action%3Aaction%3Dlightbox%26settings%3DeyJpZCI6Njc4NSwidXJsIjoiaHR0cHM6XC9cL2J1aC1qZXNiZXJnLmRlXC93cC1jb250ZW50XC91cGxvYWRzXC8yMDIzXC8xMFwvMjAyMy0xMC0wOF8xMy5qcGciLCJzbGlkZXNob3ciOiIyODc2NTlkIn0%3D\">\n\t\t\t\t\t<div class=\"e-gallery-image elementor-gallery-item__image\" data-thumbnail=\"https:\/\/buh-jesberg.de\/wp-content\/uploads\/2023\/10\/2023-10-08_13-300x168.jpg\" data-width=\"300\" data-height=\"168\" aria-label=\"Wanderer\" role=\"img\" ><\/div>\n\t\t\t\t\t\t\t\t\t\t\t<div class=\"elementor-gallery-item__overlay\"><\/div>\n\t\t\t\t\t\t\t\t\t\t\t\t\t\t\t<div class=\"elementor-gallery-item__content\">\n\t\t\t\t\t\t\t\t\t\t\t\t\t\t<div class=\"elementor-gallery-item__description\">\n\t\t\t\t\t\t\t\t\t\t\t\t\t\t\t\t\t\tWanderer\t\t\t\t\t\t\t\t<\/div>\n\t\t\t\t\t\t\t\t\t\t\t\t<\/div>\n\t\t\t\t\t\t\t\t\t<\/a>\n\t\t\t\t\t\t\t<a class=\"e-gallery-item elementor-gallery-item elementor-animated-content\" href=\"https:\/\/buh-jesberg.de\/wp-content\/uploads\/2023\/10\/2023-10-08_14.jpg\" data-elementor-open-lightbox=\"yes\" data-elementor-lightbox-slideshow=\"287659d\" data-elementor-lightbox-title=\"2023-10-08_14\" data-elementor-lightbox-description=\"Wandergruppe\" data-e-action-hash=\"#elementor-action%3Aaction%3Dlightbox%26settings%3DeyJpZCI6Njc4NiwidXJsIjoiaHR0cHM6XC9cL2J1aC1qZXNiZXJnLmRlXC93cC1jb250ZW50XC91cGxvYWRzXC8yMDIzXC8xMFwvMjAyMy0xMC0wOF8xNC5qcGciLCJzbGlkZXNob3ciOiIyODc2NTlkIn0%3D\">\n\t\t\t\t\t<div class=\"e-gallery-image elementor-gallery-item__image\" data-thumbnail=\"https:\/\/buh-jesberg.de\/wp-content\/uploads\/2023\/10\/2023-10-08_14-300x168.jpg\" data-width=\"300\" data-height=\"168\" aria-label=\"Wandergruppe\" role=\"img\" ><\/div>\n\t\t\t\t\t\t\t\t\t\t\t<div class=\"elementor-gallery-item__overlay\"><\/div>\n\t\t\t\t\t\t\t\t\t\t\t\t\t\t\t<div class=\"elementor-gallery-item__content\">\n\t\t\t\t\t\t\t\t\t\t\t\t\t\t<div class=\"elementor-gallery-item__description\">\n\t\t\t\t\t\t\t\t\t\t\t\t\t\t\t\t\t\tWandergruppe\t\t\t\t\t\t\t\t<\/div>\n\t\t\t\t\t\t\t\t\t\t\t\t<\/div>\n\t\t\t\t\t\t\t\t\t<\/a>\n\t\t\t\t\t\t\t<a class=\"e-gallery-item elementor-gallery-item elementor-animated-content\" href=\"https:\/\/buh-jesberg.de\/wp-content\/uploads\/2023\/10\/2023-10-08_15.jpg\" data-elementor-open-lightbox=\"yes\" data-elementor-lightbox-slideshow=\"287659d\" data-elementor-lightbox-title=\"2023-10-08_15\" data-elementor-lightbox-description=\"Auf dem Campingplatz am schiefen Haus\" data-e-action-hash=\"#elementor-action%3Aaction%3Dlightbox%26settings%3DeyJpZCI6Njc4NywidXJsIjoiaHR0cHM6XC9cL2J1aC1qZXNiZXJnLmRlXC93cC1jb250ZW50XC91cGxvYWRzXC8yMDIzXC8xMFwvMjAyMy0xMC0wOF8xNS5qcGciLCJzbGlkZXNob3ciOiIyODc2NTlkIn0%3D\">\n\t\t\t\t\t<div class=\"e-gallery-image elementor-gallery-item__image\" data-thumbnail=\"https:\/\/buh-jesberg.de\/wp-content\/uploads\/2023\/10\/2023-10-08_15-300x169.jpg\" data-width=\"300\" data-height=\"169\" aria-label=\"Auf dem Campingplatz am schiefen Haus\" role=\"img\" ><\/div>\n\t\t\t\t\t\t\t\t\t\t\t<div class=\"elementor-gallery-item__overlay\"><\/div>\n\t\t\t\t\t\t\t\t\t\t\t\t\t\t\t<div class=\"elementor-gallery-item__content\">\n\t\t\t\t\t\t\t\t\t\t\t\t\t\t<div class=\"elementor-gallery-item__description\">\n\t\t\t\t\t\t\t\t\t\t\t\t\t\t\t\t\t\tAuf dem Campingplatz am schiefen Haus\t\t\t\t\t\t\t\t<\/div>\n\t\t\t\t\t\t\t\t\t\t\t\t<\/div>\n\t\t\t\t\t\t\t\t\t<\/a>\n\t\t\t\t\t\t\t<a class=\"e-gallery-item elementor-gallery-item elementor-animated-content\" href=\"https:\/\/buh-jesberg.de\/wp-content\/uploads\/2023\/10\/2023-10-08_16.jpg\" data-elementor-open-lightbox=\"yes\" data-elementor-lightbox-slideshow=\"287659d\" data-elementor-lightbox-title=\"2023-10-08_16\" data-elementor-lightbox-description=\"Auf dem Campingplatz\" data-e-action-hash=\"#elementor-action%3Aaction%3Dlightbox%26settings%3DeyJpZCI6Njc4OCwidXJsIjoiaHR0cHM6XC9cL2J1aC1qZXNiZXJnLmRlXC93cC1jb250ZW50XC91cGxvYWRzXC8yMDIzXC8xMFwvMjAyMy0xMC0wOF8xNi5qcGciLCJzbGlkZXNob3ciOiIyODc2NTlkIn0%3D\">\n\t\t\t\t\t<div class=\"e-gallery-image elementor-gallery-item__image\" data-thumbnail=\"https:\/\/buh-jesberg.de\/wp-content\/uploads\/2023\/10\/2023-10-08_16-300x169.jpg\" data-width=\"300\" data-height=\"169\" aria-label=\"Auf dem Campingplatz\" role=\"img\" ><\/div>\n\t\t\t\t\t\t\t\t\t\t\t<div class=\"elementor-gallery-item__overlay\"><\/div>\n\t\t\t\t\t\t\t\t\t\t\t\t\t\t\t<div class=\"elementor-gallery-item__content\">\n\t\t\t\t\t\t\t\t\t\t\t\t\t\t<div class=\"elementor-gallery-item__description\">\n\t\t\t\t\t\t\t\t\t\t\t\t\t\t\t\t\t\tAuf dem Campingplatz\t\t\t\t\t\t\t\t<\/div>\n\t\t\t\t\t\t\t\t\t\t\t\t<\/div>\n\t\t\t\t\t\t\t\t\t<\/a>\n\t\t\t\t\t\t\t<a class=\"e-gallery-item elementor-gallery-item elementor-animated-content\" href=\"https:\/\/buh-jesberg.de\/wp-content\/uploads\/2023\/10\/2023-10-08_17.jpg\" data-elementor-open-lightbox=\"yes\" data-elementor-lightbox-slideshow=\"287659d\" data-elementor-lightbox-title=\"2023-10-08_17\" data-elementor-lightbox-description=\"Wandergruppe\" data-e-action-hash=\"#elementor-action%3Aaction%3Dlightbox%26settings%3DeyJpZCI6Njc4OSwidXJsIjoiaHR0cHM6XC9cL2J1aC1qZXNiZXJnLmRlXC93cC1jb250ZW50XC91cGxvYWRzXC8yMDIzXC8xMFwvMjAyMy0xMC0wOF8xNy5qcGciLCJzbGlkZXNob3ciOiIyODc2NTlkIn0%3D\">\n\t\t\t\t\t<div class=\"e-gallery-image elementor-gallery-item__image\" data-thumbnail=\"https:\/\/buh-jesberg.de\/wp-content\/uploads\/2023\/10\/2023-10-08_17-300x169.jpg\" data-width=\"300\" data-height=\"169\" aria-label=\"Wandergruppe\" role=\"img\" ><\/div>\n\t\t\t\t\t\t\t\t\t\t\t<div class=\"elementor-gallery-item__overlay\"><\/div>\n\t\t\t\t\t\t\t\t\t\t\t\t\t\t\t<div class=\"elementor-gallery-item__content\">\n\t\t\t\t\t\t\t\t\t\t\t\t\t\t<div class=\"elementor-gallery-item__description\">\n\t\t\t\t\t\t\t\t\t\t\t\t\t\t\t\t\t\tWandergruppe\t\t\t\t\t\t\t\t<\/div>\n\t\t\t\t\t\t\t\t\t\t\t\t<\/div>\n\t\t\t\t\t\t\t\t\t<\/a>\n\t\t\t\t\t\t\t<a class=\"e-gallery-item elementor-gallery-item elementor-animated-content\" href=\"https:\/\/buh-jesberg.de\/wp-content\/uploads\/2023\/10\/2023-10-08_18.jpg\" data-elementor-open-lightbox=\"yes\" data-elementor-lightbox-slideshow=\"287659d\" data-elementor-lightbox-title=\"2023-10-08_18\" data-elementor-lightbox-description=\"Blick auf Jesberg\" data-e-action-hash=\"#elementor-action%3Aaction%3Dlightbox%26settings%3DeyJpZCI6Njc5MCwidXJsIjoiaHR0cHM6XC9cL2J1aC1qZXNiZXJnLmRlXC93cC1jb250ZW50XC91cGxvYWRzXC8yMDIzXC8xMFwvMjAyMy0xMC0wOF8xOC5qcGciLCJzbGlkZXNob3ciOiIyODc2NTlkIn0%3D\">\n\t\t\t\t\t<div class=\"e-gallery-image elementor-gallery-item__image\" data-thumbnail=\"https:\/\/buh-jesberg.de\/wp-content\/uploads\/2023\/10\/2023-10-08_18-300x169.jpg\" data-width=\"300\" data-height=\"169\" aria-label=\"Blick auf Jesberg\" role=\"img\" ><\/div>\n\t\t\t\t\t\t\t\t\t\t\t<div class=\"elementor-gallery-item__overlay\"><\/div>\n\t\t\t\t\t\t\t\t\t\t\t\t\t\t\t<div class=\"elementor-gallery-item__content\">\n\t\t\t\t\t\t\t\t\t\t\t\t\t\t<div class=\"elementor-gallery-item__description\">\n\t\t\t\t\t\t\t\t\t\t\t\t\t\t\t\t\t\tBlick auf Jesberg\t\t\t\t\t\t\t\t<\/div>\n\t\t\t\t\t\t\t\t\t\t\t\t<\/div>\n\t\t\t\t\t\t\t\t\t<\/a>\n\t\t\t\t\t\t\t<a class=\"e-gallery-item elementor-gallery-item elementor-animated-content\" href=\"https:\/\/buh-jesberg.de\/wp-content\/uploads\/2023\/10\/2023-10-08_19.jpg\" data-elementor-open-lightbox=\"yes\" data-elementor-lightbox-slideshow=\"287659d\" data-elementor-lightbox-title=\"2023-10-08_19\" data-elementor-lightbox-description=\"Schloss\" data-e-action-hash=\"#elementor-action%3Aaction%3Dlightbox%26settings%3DeyJpZCI6Njc5MSwidXJsIjoiaHR0cHM6XC9cL2J1aC1qZXNiZXJnLmRlXC93cC1jb250ZW50XC91cGxvYWRzXC8yMDIzXC8xMFwvMjAyMy0xMC0wOF8xOS5qcGciLCJzbGlkZXNob3ciOiIyODc2NTlkIn0%3D\">\n\t\t\t\t\t<div class=\"e-gallery-image elementor-gallery-item__image\" data-thumbnail=\"https:\/\/buh-jesberg.de\/wp-content\/uploads\/2023\/10\/2023-10-08_19-300x169.jpg\" data-width=\"300\" data-height=\"169\" aria-label=\"Schloss\" role=\"img\" ><\/div>\n\t\t\t\t\t\t\t\t\t\t\t<div class=\"elementor-gallery-item__overlay\"><\/div>\n\t\t\t\t\t\t\t\t\t\t\t\t\t\t\t<div class=\"elementor-gallery-item__content\">\n\t\t\t\t\t\t\t\t\t\t\t\t\t\t<div class=\"elementor-gallery-item__description\">\n\t\t\t\t\t\t\t\t\t\t\t\t\t\t\t\t\t\tSchloss\t\t\t\t\t\t\t\t<\/div>\n\t\t\t\t\t\t\t\t\t\t\t\t<\/div>\n\t\t\t\t\t\t\t\t\t<\/a>\n\t\t\t\t\t\t\t<a class=\"e-gallery-item elementor-gallery-item elementor-animated-content\" href=\"https:\/\/buh-jesberg.de\/wp-content\/uploads\/2023\/10\/2023-10-08_20.jpg\" data-elementor-open-lightbox=\"yes\" data-elementor-lightbox-slideshow=\"287659d\" data-elementor-lightbox-title=\"2023-10-08_20\" data-elementor-lightbox-description=\"Wanderer beim Mittagessen im Vereinsraum\" data-e-action-hash=\"#elementor-action%3Aaction%3Dlightbox%26settings%3DeyJpZCI6Njc5MiwidXJsIjoiaHR0cHM6XC9cL2J1aC1qZXNiZXJnLmRlXC93cC1jb250ZW50XC91cGxvYWRzXC8yMDIzXC8xMFwvMjAyMy0xMC0wOF8yMC5qcGciLCJzbGlkZXNob3ciOiIyODc2NTlkIn0%3D\">\n\t\t\t\t\t<div class=\"e-gallery-image elementor-gallery-item__image\" data-thumbnail=\"https:\/\/buh-jesberg.de\/wp-content\/uploads\/2023\/10\/2023-10-08_20-300x168.jpg\" data-width=\"300\" data-height=\"168\" aria-label=\"Wanderer beim Mittagessen im Vereinsraum\" role=\"img\" ><\/div>\n\t\t\t\t\t\t\t\t\t\t\t<div class=\"elementor-gallery-item__overlay\"><\/div>\n\t\t\t\t\t\t\t\t\t\t\t\t\t\t\t<div class=\"elementor-gallery-item__content\">\n\t\t\t\t\t\t\t\t\t\t\t\t\t\t<div class=\"elementor-gallery-item__description\">\n\t\t\t\t\t\t\t\t\t\t\t\t\t\t\t\t\t\tWanderer beim Mittagessen im Vereinsraum\t\t\t\t\t\t\t\t<\/div>\n\t\t\t\t\t\t\t\t\t\t\t\t<\/div>\n\t\t\t\t\t\t\t\t\t<\/a>\n\t\t\t\t\t\t\t<a class=\"e-gallery-item elementor-gallery-item elementor-animated-content\" href=\"https:\/\/buh-jesberg.de\/wp-content\/uploads\/2023\/10\/2023-10-08_21.jpg\" data-elementor-open-lightbox=\"yes\" data-elementor-lightbox-slideshow=\"287659d\" data-elementor-lightbox-title=\"2023-10-08_21\" data-elementor-lightbox-description=\"Wanderer beim Mittagessen im Vereinsraum\" data-e-action-hash=\"#elementor-action%3Aaction%3Dlightbox%26settings%3DeyJpZCI6Njc5MywidXJsIjoiaHR0cHM6XC9cL2J1aC1qZXNiZXJnLmRlXC93cC1jb250ZW50XC91cGxvYWRzXC8yMDIzXC8xMFwvMjAyMy0xMC0wOF8yMS5qcGciLCJzbGlkZXNob3ciOiIyODc2NTlkIn0%3D\">\n\t\t\t\t\t<div class=\"e-gallery-image elementor-gallery-item__image\" data-thumbnail=\"https:\/\/buh-jesberg.de\/wp-content\/uploads\/2023\/10\/2023-10-08_21-300x168.jpg\" data-width=\"300\" data-height=\"168\" aria-label=\"Wanderer beim Mittagessen im Vereinsraum\" role=\"img\" ><\/div>\n\t\t\t\t\t\t\t\t\t\t\t<div class=\"elementor-gallery-item__overlay\"><\/div>\n\t\t\t\t\t\t\t\t\t\t\t\t\t\t\t<div class=\"elementor-gallery-item__content\">\n\t\t\t\t\t\t\t\t\t\t\t\t\t\t<div class=\"elementor-gallery-item__description\">\n\t\t\t\t\t\t\t\t\t\t\t\t\t\t\t\t\t\tWanderer beim Mittagessen im Vereinsraum\t\t\t\t\t\t\t\t<\/div>\n\t\t\t\t\t\t\t\t\t\t\t\t<\/div>\n\t\t\t\t\t\t\t\t\t<\/a>\n\t\t\t\t\t\t\t<a class=\"e-gallery-item elementor-gallery-item elementor-animated-content\" href=\"https:\/\/buh-jesberg.de\/wp-content\/uploads\/2023\/10\/2023-10-08_22.jpg\" data-elementor-open-lightbox=\"yes\" data-elementor-lightbox-slideshow=\"287659d\" data-elementor-lightbox-title=\"2023-10-08_22\" data-elementor-lightbox-description=\"Wanderer beim Mittagessen im Vereinsraum\" data-e-action-hash=\"#elementor-action%3Aaction%3Dlightbox%26settings%3DeyJpZCI6Njc5NCwidXJsIjoiaHR0cHM6XC9cL2J1aC1qZXNiZXJnLmRlXC93cC1jb250ZW50XC91cGxvYWRzXC8yMDIzXC8xMFwvMjAyMy0xMC0wOF8yMi5qcGciLCJzbGlkZXNob3ciOiIyODc2NTlkIn0%3D\">\n\t\t\t\t\t<div class=\"e-gallery-image elementor-gallery-item__image\" data-thumbnail=\"https:\/\/buh-jesberg.de\/wp-content\/uploads\/2023\/10\/2023-10-08_22-300x168.jpg\" data-width=\"300\" data-height=\"168\" aria-label=\"Wanderer beim Mittagessen im Vereinsraum\" role=\"img\" ><\/div>\n\t\t\t\t\t\t\t\t\t\t\t<div class=\"elementor-gallery-item__overlay\"><\/div>\n\t\t\t\t\t\t\t\t\t\t\t\t\t\t\t<div class=\"elementor-gallery-item__content\">\n\t\t\t\t\t\t\t\t\t\t\t\t\t\t<div class=\"elementor-gallery-item__description\">\n\t\t\t\t\t\t\t\t\t\t\t\t\t\t\t\t\t\tWanderer beim Mittagessen im Vereinsraum\t\t\t\t\t\t\t\t<\/div>\n\t\t\t\t\t\t\t\t\t\t\t\t<\/div>\n\t\t\t\t\t\t\t\t\t<\/a>\n\t\t\t\t\t\t\t<a class=\"e-gallery-item elementor-gallery-item elementor-animated-content\" href=\"https:\/\/buh-jesberg.de\/wp-content\/uploads\/2023\/10\/2023-10-08_23.jpg\" data-elementor-open-lightbox=\"yes\" data-elementor-lightbox-slideshow=\"287659d\" data-elementor-lightbox-title=\"2023-10-08_23\" data-elementor-lightbox-description=\"Wanderer beim Mittagessen im Vereinsraum\" data-e-action-hash=\"#elementor-action%3Aaction%3Dlightbox%26settings%3DeyJpZCI6Njc5NSwidXJsIjoiaHR0cHM6XC9cL2J1aC1qZXNiZXJnLmRlXC93cC1jb250ZW50XC91cGxvYWRzXC8yMDIzXC8xMFwvMjAyMy0xMC0wOF8yMy5qcGciLCJzbGlkZXNob3ciOiIyODc2NTlkIn0%3D\">\n\t\t\t\t\t<div class=\"e-gallery-image elementor-gallery-item__image\" data-thumbnail=\"https:\/\/buh-jesberg.de\/wp-content\/uploads\/2023\/10\/2023-10-08_23-300x168.jpg\" data-width=\"300\" data-height=\"168\" aria-label=\"Wanderer beim Mittagessen im Vereinsraum\" role=\"img\" ><\/div>\n\t\t\t\t\t\t\t\t\t\t\t<div class=\"elementor-gallery-item__overlay\"><\/div>\n\t\t\t\t\t\t\t\t\t\t\t\t\t\t\t<div class=\"elementor-gallery-item__content\">\n\t\t\t\t\t\t\t\t\t\t\t\t\t\t<div class=\"elementor-gallery-item__description\">\n\t\t\t\t\t\t\t\t\t\t\t\t\t\t\t\t\t\tWanderer beim Mittagessen im Vereinsraum\t\t\t\t\t\t\t\t<\/div>\n\t\t\t\t\t\t\t\t\t\t\t\t<\/div>\n\t\t\t\t\t\t\t\t\t<\/a>\n\t\t\t\t\t\t\t<a class=\"e-gallery-item elementor-gallery-item elementor-animated-content\" href=\"https:\/\/buh-jesberg.de\/wp-content\/uploads\/2023\/10\/2023-10-08_24.jpg\" data-elementor-open-lightbox=\"yes\" data-elementor-lightbox-slideshow=\"287659d\" data-elementor-lightbox-title=\"2023-10-08_24\" data-elementor-lightbox-description=\"Wanderer beim Mittagessen im Vereinsraum\" data-e-action-hash=\"#elementor-action%3Aaction%3Dlightbox%26settings%3DeyJpZCI6Njc5NiwidXJsIjoiaHR0cHM6XC9cL2J1aC1qZXNiZXJnLmRlXC93cC1jb250ZW50XC91cGxvYWRzXC8yMDIzXC8xMFwvMjAyMy0xMC0wOF8yNC5qcGciLCJzbGlkZXNob3ciOiIyODc2NTlkIn0%3D\">\n\t\t\t\t\t<div class=\"e-gallery-image elementor-gallery-item__image\" data-thumbnail=\"https:\/\/buh-jesberg.de\/wp-content\/uploads\/2023\/10\/2023-10-08_24-300x168.jpg\" data-width=\"300\" data-height=\"168\" aria-label=\"Wanderer beim Mittagessen im Vereinsraum\" role=\"img\" ><\/div>\n\t\t\t\t\t\t\t\t\t\t\t<div class=\"elementor-gallery-item__overlay\"><\/div>\n\t\t\t\t\t\t\t\t\t\t\t\t\t\t\t<div class=\"elementor-gallery-item__content\">\n\t\t\t\t\t\t\t\t\t\t\t\t\t\t<div class=\"elementor-gallery-item__description\">\n\t\t\t\t\t\t\t\t\t\t\t\t\t\t\t\t\t\tWanderer beim Mittagessen im Vereinsraum\t\t\t\t\t\t\t\t<\/div>\n\t\t\t\t\t\t\t\t\t\t\t\t<\/div>\n\t\t\t\t\t\t\t\t\t<\/a>\n\t\t\t\t\t<\/div>\n\t\t\t\t\t<\/div>\n\t\t\t\t<\/div>\n\t\t\t\t\t<\/div>\n\t\t<\/div>\n\t\t\t\t\t<\/div>\n\t\t<\/section>\n\t\t\t\t<\/div>\n\t\t","protected":false},"excerpt":{"rendered":"<p>Streckenverlauf 8,5 km Streckenverlauf 12,5 km H\u00f6henprofil 8,5 km H\u00f6henprofil 15,5 km Teilnehmer auf dem Burggel\u00e4nde Kirche, Schloss, Altenheim Das Kornhaus Br\u00fcnchenhain und Kellerwaldturm Denkmal 1870, 1871 Streuobstwiese Nicht jeder [&hellip;]<\/p>\n","protected":false},"author":2,"featured_media":0,"parent":0,"menu_order":0,"comment_status":"closed","ping_status":"closed","template":"","meta":{"_monsterinsights_skip_tracking":false,"_monsterinsights_sitenote_active":false,"_monsterinsights_sitenote_note":"","_monsterinsights_sitenote_category":0,"footnotes":""},"class_list":["post-6800","page","type-page","status-publish","hentry"],"yoast_head":"<!-- This site is optimized with the Yoast SEO plugin v27.4 - https:\/\/yoast.com\/product\/yoast-seo-wordpress\/ -->\n<title>Bilder Herbstwanderung 08-10-2023 - Burg und Heimatverein Jesberg e.V.<\/title>\n<meta name=\"robots\" content=\"index, follow, max-snippet:-1, max-image-preview:large, max-video-preview:-1\" \/>\n<link rel=\"canonical\" href=\"https:\/\/buh-jesberg.de\/index.php\/bilder-herbstwanderung-08-10-2023\/\" \/>\n<meta property=\"og:locale\" content=\"de_DE\" \/>\n<meta property=\"og:type\" content=\"article\" \/>\n<meta property=\"og:title\" content=\"Bilder Herbstwanderung 08-10-2023 - Burg und Heimatverein Jesberg e.V.\" \/>\n<meta property=\"og:description\" content=\"Streckenverlauf 8,5 km Streckenverlauf 12,5 km H\u00f6henprofil 8,5 km H\u00f6henprofil 15,5 km Teilnehmer auf dem Burggel\u00e4nde Kirche, Schloss, Altenheim Das Kornhaus Br\u00fcnchenhain und Kellerwaldturm Denkmal 1870, 1871 Streuobstwiese Nicht jeder [&hellip;]\" \/>\n<meta property=\"og:url\" content=\"https:\/\/buh-jesberg.de\/index.php\/bilder-herbstwanderung-08-10-2023\/\" \/>\n<meta property=\"og:site_name\" content=\"Burg und Heimatverein Jesberg e.V.\" \/>\n<meta property=\"article:modified_time\" content=\"2023-10-14T14:06:31+00:00\" \/>\n<meta name=\"twitter:card\" content=\"summary_large_image\" \/>\n<script type=\"application\/ld+json\" class=\"yoast-schema-graph\">{\"@context\":\"https:\\\/\\\/schema.org\",\"@graph\":[{\"@type\":\"WebPage\",\"@id\":\"https:\\\/\\\/buh-jesberg.de\\\/index.php\\\/bilder-herbstwanderung-08-10-2023\\\/\",\"url\":\"https:\\\/\\\/buh-jesberg.de\\\/index.php\\\/bilder-herbstwanderung-08-10-2023\\\/\",\"name\":\"Bilder Herbstwanderung 08-10-2023 - Burg und Heimatverein Jesberg e.V.\",\"isPartOf\":{\"@id\":\"https:\\\/\\\/buh-jesberg.de\\\/#website\"},\"datePublished\":\"2023-10-12T17:20:13+00:00\",\"dateModified\":\"2023-10-14T14:06:31+00:00\",\"breadcrumb\":{\"@id\":\"https:\\\/\\\/buh-jesberg.de\\\/index.php\\\/bilder-herbstwanderung-08-10-2023\\\/#breadcrumb\"},\"inLanguage\":\"de\",\"potentialAction\":[{\"@type\":\"ReadAction\",\"target\":[\"https:\\\/\\\/buh-jesberg.de\\\/index.php\\\/bilder-herbstwanderung-08-10-2023\\\/\"]}]},{\"@type\":\"BreadcrumbList\",\"@id\":\"https:\\\/\\\/buh-jesberg.de\\\/index.php\\\/bilder-herbstwanderung-08-10-2023\\\/#breadcrumb\",\"itemListElement\":[{\"@type\":\"ListItem\",\"position\":1,\"name\":\"Startseite\",\"item\":\"https:\\\/\\\/buh-jesberg.de\\\/\"},{\"@type\":\"ListItem\",\"position\":2,\"name\":\"Bilder Herbstwanderung 08-10-2023\"}]},{\"@type\":\"WebSite\",\"@id\":\"https:\\\/\\\/buh-jesberg.de\\\/#website\",\"url\":\"https:\\\/\\\/buh-jesberg.de\\\/\",\"name\":\"Burg und Heimatverein Jesberg e.V.\",\"description\":\"Gemeinn\u00fctziger Verein in Jesberg\",\"publisher\":{\"@id\":\"https:\\\/\\\/buh-jesberg.de\\\/#organization\"},\"potentialAction\":[{\"@type\":\"SearchAction\",\"target\":{\"@type\":\"EntryPoint\",\"urlTemplate\":\"https:\\\/\\\/buh-jesberg.de\\\/?s={search_term_string}\"},\"query-input\":{\"@type\":\"PropertyValueSpecification\",\"valueRequired\":true,\"valueName\":\"search_term_string\"}}],\"inLanguage\":\"de\"},{\"@type\":\"Organization\",\"@id\":\"https:\\\/\\\/buh-jesberg.de\\\/#organization\",\"name\":\"Burg und Heimatverein Jesberg e.V.\",\"url\":\"https:\\\/\\\/buh-jesberg.de\\\/\",\"logo\":{\"@type\":\"ImageObject\",\"inLanguage\":\"de\",\"@id\":\"https:\\\/\\\/buh-jesberg.de\\\/#\\\/schema\\\/logo\\\/image\\\/\",\"url\":\"https:\\\/\\\/buh-jesberg.de\\\/wp-content\\\/uploads\\\/2023\\\/01\\\/Website_Logo-e1674580236324.jpg\",\"contentUrl\":\"https:\\\/\\\/buh-jesberg.de\\\/wp-content\\\/uploads\\\/2023\\\/01\\\/Website_Logo-e1674580236324.jpg\",\"width\":500,\"height\":501,\"caption\":\"Burg und Heimatverein Jesberg e.V.\"},\"image\":{\"@id\":\"https:\\\/\\\/buh-jesberg.de\\\/#\\\/schema\\\/logo\\\/image\\\/\"}}]}<\/script>\n<!-- \/ Yoast SEO plugin. -->","yoast_head_json":{"title":"Bilder Herbstwanderung 08-10-2023 - Burg und Heimatverein Jesberg e.V.","robots":{"index":"index","follow":"follow","max-snippet":"max-snippet:-1","max-image-preview":"max-image-preview:large","max-video-preview":"max-video-preview:-1"},"canonical":"https:\/\/buh-jesberg.de\/index.php\/bilder-herbstwanderung-08-10-2023\/","og_locale":"de_DE","og_type":"article","og_title":"Bilder Herbstwanderung 08-10-2023 - Burg und Heimatverein Jesberg e.V.","og_description":"Streckenverlauf 8,5 km Streckenverlauf 12,5 km H\u00f6henprofil 8,5 km H\u00f6henprofil 15,5 km Teilnehmer auf dem Burggel\u00e4nde Kirche, Schloss, Altenheim Das Kornhaus Br\u00fcnchenhain und Kellerwaldturm Denkmal 1870, 1871 Streuobstwiese Nicht jeder [&hellip;]","og_url":"https:\/\/buh-jesberg.de\/index.php\/bilder-herbstwanderung-08-10-2023\/","og_site_name":"Burg und Heimatverein Jesberg e.V.","article_modified_time":"2023-10-14T14:06:31+00:00","twitter_card":"summary_large_image","schema":{"@context":"https:\/\/schema.org","@graph":[{"@type":"WebPage","@id":"https:\/\/buh-jesberg.de\/index.php\/bilder-herbstwanderung-08-10-2023\/","url":"https:\/\/buh-jesberg.de\/index.php\/bilder-herbstwanderung-08-10-2023\/","name":"Bilder Herbstwanderung 08-10-2023 - Burg und Heimatverein Jesberg e.V.","isPartOf":{"@id":"https:\/\/buh-jesberg.de\/#website"},"datePublished":"2023-10-12T17:20:13+00:00","dateModified":"2023-10-14T14:06:31+00:00","breadcrumb":{"@id":"https:\/\/buh-jesberg.de\/index.php\/bilder-herbstwanderung-08-10-2023\/#breadcrumb"},"inLanguage":"de","potentialAction":[{"@type":"ReadAction","target":["https:\/\/buh-jesberg.de\/index.php\/bilder-herbstwanderung-08-10-2023\/"]}]},{"@type":"BreadcrumbList","@id":"https:\/\/buh-jesberg.de\/index.php\/bilder-herbstwanderung-08-10-2023\/#breadcrumb","itemListElement":[{"@type":"ListItem","position":1,"name":"Startseite","item":"https:\/\/buh-jesberg.de\/"},{"@type":"ListItem","position":2,"name":"Bilder Herbstwanderung 08-10-2023"}]},{"@type":"WebSite","@id":"https:\/\/buh-jesberg.de\/#website","url":"https:\/\/buh-jesberg.de\/","name":"Burg und Heimatverein Jesberg e.V.","description":"Gemeinn\u00fctziger Verein in Jesberg","publisher":{"@id":"https:\/\/buh-jesberg.de\/#organization"},"potentialAction":[{"@type":"SearchAction","target":{"@type":"EntryPoint","urlTemplate":"https:\/\/buh-jesberg.de\/?s={search_term_string}"},"query-input":{"@type":"PropertyValueSpecification","valueRequired":true,"valueName":"search_term_string"}}],"inLanguage":"de"},{"@type":"Organization","@id":"https:\/\/buh-jesberg.de\/#organization","name":"Burg und Heimatverein Jesberg e.V.","url":"https:\/\/buh-jesberg.de\/","logo":{"@type":"ImageObject","inLanguage":"de","@id":"https:\/\/buh-jesberg.de\/#\/schema\/logo\/image\/","url":"https:\/\/buh-jesberg.de\/wp-content\/uploads\/2023\/01\/Website_Logo-e1674580236324.jpg","contentUrl":"https:\/\/buh-jesberg.de\/wp-content\/uploads\/2023\/01\/Website_Logo-e1674580236324.jpg","width":500,"height":501,"caption":"Burg und Heimatverein Jesberg e.V."},"image":{"@id":"https:\/\/buh-jesberg.de\/#\/schema\/logo\/image\/"}}]}},"_links":{"self":[{"href":"https:\/\/buh-jesberg.de\/index.php\/wp-json\/wp\/v2\/pages\/6800","targetHints":{"allow":["GET"]}}],"collection":[{"href":"https:\/\/buh-jesberg.de\/index.php\/wp-json\/wp\/v2\/pages"}],"about":[{"href":"https:\/\/buh-jesberg.de\/index.php\/wp-json\/wp\/v2\/types\/page"}],"author":[{"embeddable":true,"href":"https:\/\/buh-jesberg.de\/index.php\/wp-json\/wp\/v2\/users\/2"}],"replies":[{"embeddable":true,"href":"https:\/\/buh-jesberg.de\/index.php\/wp-json\/wp\/v2\/comments?post=6800"}],"version-history":[{"count":7,"href":"https:\/\/buh-jesberg.de\/index.php\/wp-json\/wp\/v2\/pages\/6800\/revisions"}],"predecessor-version":[{"id":6816,"href":"https:\/\/buh-jesberg.de\/index.php\/wp-json\/wp\/v2\/pages\/6800\/revisions\/6816"}],"wp:attachment":[{"href":"https:\/\/buh-jesberg.de\/index.php\/wp-json\/wp\/v2\/media?parent=6800"}],"curies":[{"name":"wp","href":"https:\/\/api.w.org\/{rel}","templated":true}]}}