{"id":910,"date":"2013-08-19T21:43:29","date_gmt":"2013-08-19T21:43:29","guid":{"rendered":"http:\/\/hgv-jesberg.de\/?page_id=910"},"modified":"2023-03-09T16:23:40","modified_gmt":"2023-03-09T15:23:40","slug":"bilder-burgfest-2013","status":"publish","type":"page","link":"https:\/\/buh-jesberg.de\/index.php\/bilder-burgfest-2013\/","title":{"rendered":"Bilder Burgfest 2013"},"content":{"rendered":"\t\t<div data-elementor-type=\"wp-page\" data-elementor-id=\"910\" class=\"elementor elementor-910\" data-elementor-post-type=\"page\">\n\t\t\t\t\t\t<section class=\"elementor-section elementor-top-section elementor-element elementor-element-19cec61 elementor-section-boxed elementor-section-height-default elementor-section-height-default\" data-id=\"19cec61\" data-element_type=\"section\" data-e-type=\"section\">\n\t\t\t\t\t\t<div class=\"elementor-container elementor-column-gap-default\">\n\t\t\t\t\t<div class=\"elementor-column elementor-col-100 elementor-top-column elementor-element elementor-element-1d988cb\" data-id=\"1d988cb\" data-element_type=\"column\" data-e-type=\"column\">\n\t\t\t<div class=\"elementor-widget-wrap elementor-element-populated\">\n\t\t\t\t\t\t<div class=\"elementor-element elementor-element-3ed5906 elementor-widget elementor-widget-accordion\" data-id=\"3ed5906\" data-element_type=\"widget\" data-e-type=\"widget\" data-widget_type=\"accordion.default\">\n\t\t\t\t<div class=\"elementor-widget-container\">\n\t\t\t\t\t\t\t<div class=\"elementor-accordion\">\n\t\t\t\t\t\t\t<div class=\"elementor-accordion-item\">\n\t\t\t\t\t<div id=\"elementor-tab-title-6581\" class=\"elementor-tab-title\" data-tab=\"1\" role=\"button\" aria-controls=\"elementor-tab-content-6581\" aria-expanded=\"false\">\n\t\t\t\t\t\t\t\t\t\t\t\t\t<span class=\"elementor-accordion-icon elementor-accordion-icon-left\" aria-hidden=\"true\">\n\t\t\t\t\t\t\t\t\t\t\t\t\t\t\t<span class=\"elementor-accordion-icon-closed\"><i class=\"fas fa-plus\"><\/i><\/span>\n\t\t\t\t\t\t\t\t<span class=\"elementor-accordion-icon-opened\"><i class=\"fas fa-minus\"><\/i><\/span>\n\t\t\t\t\t\t\t\t\t\t\t\t\t\t<\/span>\n\t\t\t\t\t\t\t\t\t\t\t\t<a class=\"elementor-accordion-title\" tabindex=\"0\">ausgeblendet<\/a>\n\t\t\t\t\t<\/div>\n\t\t\t\t\t<div id=\"elementor-tab-content-6581\" class=\"elementor-tab-content elementor-clearfix\" data-tab=\"1\" role=\"region\" aria-labelledby=\"elementor-tab-title-6581\"><\/div>\n\t\t\t\t<\/div>\n\t\t\t\t\t\t\t<div class=\"elementor-accordion-item\">\n\t\t\t\t\t<div id=\"elementor-tab-title-6582\" class=\"elementor-tab-title\" data-tab=\"2\" role=\"button\" aria-controls=\"elementor-tab-content-6582\" aria-expanded=\"false\">\n\t\t\t\t\t\t\t\t\t\t\t\t\t<span class=\"elementor-accordion-icon elementor-accordion-icon-left\" aria-hidden=\"true\">\n\t\t\t\t\t\t\t\t\t\t\t\t\t\t\t<span class=\"elementor-accordion-icon-closed\"><i class=\"fas fa-plus\"><\/i><\/span>\n\t\t\t\t\t\t\t\t<span class=\"elementor-accordion-icon-opened\"><i class=\"fas fa-minus\"><\/i><\/span>\n\t\t\t\t\t\t\t\t\t\t\t\t\t\t<\/span>\n\t\t\t\t\t\t\t\t\t\t\t\t<a class=\"elementor-accordion-title\" tabindex=\"0\">Einladung zum Burgfest 2013<\/a>\n\t\t\t\t\t<\/div>\n\t\t\t\t\t<div id=\"elementor-tab-content-6582\" class=\"elementor-tab-content elementor-clearfix\" data-tab=\"2\" role=\"region\" aria-labelledby=\"elementor-tab-title-6582\"><p><strong>Heimat- und Geschichtsverein Jesberg<\/strong><\/p><p><strong>Liebe Vereinsmitglieder, liebe Bewohner der Gro\u00dfgemeinde Jesberg!<\/strong><\/p><p><img fetchpriority=\"high\" decoding=\"async\" class=\"size-medium wp-image-4697 alignleft\" src=\"https:\/\/2023.buh-jesberg.de\/wp-content\/uploads\/2023\/02\/2013_Bekanntmachung-201x300.png\" alt=\"\" width=\"201\" height=\"300\" srcset=\"https:\/\/buh-jesberg.de\/wp-content\/uploads\/2023\/02\/2013_Bekanntmachung-201x300.png 201w, https:\/\/buh-jesberg.de\/wp-content\/uploads\/2023\/02\/2013_Bekanntmachung-725x1080.png 725w, https:\/\/buh-jesberg.de\/wp-content\/uploads\/2023\/02\/2013_Bekanntmachung-768x1144.png 768w, https:\/\/buh-jesberg.de\/wp-content\/uploads\/2023\/02\/2013_Bekanntmachung-1032x1536.png 1032w, https:\/\/buh-jesberg.de\/wp-content\/uploads\/2023\/02\/2013_Bekanntmachung-1375x2048.png 1375w\" sizes=\"(max-width: 201px) 100vw, 201px\" \/><\/p><p>Am kommenden Wochenende wird wieder das schon traditionelle <strong>BURGFEST<\/strong> auf unserem imposant gelegenen Burggel\u00e4nde gefeiert. Unser Verein betreibt dort im Pallas\/Keller in historischer Atmosph\u00e4re am Sonntag wieder die <strong>WEINTAVERNE<\/strong>. Wir laden Sie herzlich zu einem Besuch ein. Es bietet sich dort gute Gelegenheit, interessante freundschaftliche Gespr\u00e4che miteinander zu f\u00fchren, selbstverst\u00e4ndlich \u00fcber die \u201egute alte\u201c Vergangenheit und das heutige und k\u00fcnftige Leben im Dorf und in der Welt, auch dar\u00fcber, wie unser Verein zu einem inhaltlich sinnvollen d\u00f6rflichen Zusammenleben mit beitragen kann.<\/p><p>Auch diese alten Jesberger mit ausgepr\u00e4gter Heimatsverbundenheit werden wieder anreisen, um alte Freundschaften aufzufrischen und das Burgfest zu erleben:<\/p><p>Bei dieser Gelegenheit begr\u00fc\u00dfen wir <strong>6 NEUE VEREINSMITGLIEDER<\/strong>:<\/p><p><strong>Reinhold G\u00f6rtz<\/strong> und <strong>Uli Klingelh\u00f6fer<\/strong> sind wieder in den Verein eingetreten, und <strong>Susanne Bannenberg und Ehemann <\/strong>(junge Leute, \u00fcber deren Eintritt wir uns besonders freuen) sowie<strong> Helmut Damm<\/strong> und <strong>Wilfried Aubel<\/strong> sind neu hinzugekommen.<\/p><p>Reinhold G\u00f6rtz fotografiert gut, kann uns auch mit seinen EDV-Kenntnissen f\u00fcr die vorgesehene Digitalisierung des durch m\u00fchevolle Pionierarbeit entstandenen umfangreichen Archivbestandes, der \u00fcberwiegend unter Leitung unseres verstorbenen Ehrenvorsitzenden Walter Ochs entstanden ist, eine wertvolle Hilfe sein. Diese Pionierarbeit, auf die wir aufbauen, soll sp\u00e4ter nochmal ausf\u00fchrlich gew\u00fcrdigt werden.<\/p><p>Au\u00dferdem hat sich <strong>MICHAEL STENGLER \u2013 <\/strong>beruflich als <strong>IT-Spezialist <\/strong>bei K+S t\u00e4tig \u2013 bereit erkl\u00e4rt, uns f\u00fcr die Bearbeitung des Gebietes Digitalisierung beratend und leitend zur Verf\u00fcgung zu stehen, vor allem auch f\u00fcr den Verein eine <strong>HOME PAGE <\/strong>neu einzurichten, auf der in Zukunft unser Archivbestand und unsere T\u00e4tigkeit umfangreich dokumentiert und \u00f6ffentlich gemacht werden soll. Wir sind Michael daf\u00fcr sehr dankbar.<\/p><p>Zum Thema <strong>VERANSTALTUNGEN des VEREINS<\/strong> sei schlie\u00dflich darauf hingewiesen, dass wir uns zun\u00e4chst auf wenige gut vorbereitete beschr\u00e4nken wollen, die dann hoffentlich auch gr\u00f6\u00dferes teilnehmendes Interesse wecken. Unsere erste Veranstaltung als neuer Vorstand vor einigen Wochen mit fast 60 Teilnehmern war f\u00fcr uns sehr ermutigend. Wie schon mehrfach angesprochen, soll sich die Thematik mehr auf \u00f6rtliche Belange konzentrieren.<\/p><p>F\u00fcr dieses Jahr sind noch zwei Veranstaltungen in Vorbereitung:<\/p><p>Die eine Veranstaltung sei zusammengefasst unter dem Stichwort <strong>FAMILIENFORSCHUNG.<\/strong> Dazu steht uns als heimischer <strong>Referent Olaf Kirschner <\/strong>aus Hundshausen zur Verf\u00fcgung, der es \u2013 trotz noch relativ junger Jahre \u2013 zu seinem ausgepr\u00e4gten Hobby gemacht hat, digital die Daten der \u00f6rtlichen Kirchenb\u00fccher zu erfassen und mit einem Programm griffbereit zu halten. Dies ist sehr aufschlussreich und interessant, weil sich aus den B\u00fcchern nicht nur die \u00fcblichen Daten wie Geburt, Heirat, Tod und Abstammung ergeben, sondern auch andere Entwicklungen in den D\u00f6rfern abzulesen sind, wie z.B. Abwanderung in andere Gegenden, Ruhrgebiet, oder Auswanderung.<\/p><p>Die andere Veranstaltung soll sich mit dem <strong>2. WELTKRIEG UND SEINEN FOLGEN<\/strong> f\u00fcr unsere D\u00f6rfer und deren neue (vertriebene) Bewohner befassen. Dazu steht uns als Referent der Zeitzeuge <strong>Hermann<\/strong> S<strong>auer<\/strong> zur Verf\u00fcgung. Er war bei Kriegsende zehn Jahre alt, hat deshalb noch gute eigene Erinnerung, hat Vieles aber auch von seinem Vater, dem Alten Sauer, der als Lehrer Generationen von Sch\u00fclern in Jesberg pr\u00e4gte, erfahren. Au\u00dferdem k\u00f6nnen nat\u00fcrlich etliche der \u00e4lteren Bewohner aus unserem Dorf noch viele eigene Erlebnisse und Erinnerungen beitragen. Bisher ist diese Thematik so gut wie nie \u00f6ffentlich er\u00f6rtert worden. Sie geh\u00f6rt aber selbstverst\u00e4ndlich auch zu unserer Dorfgeschichte, und wir sollten die Ereignisse versuchen zu erfahren und festhalten.<\/p><p>Wir sehen uns dann hoffentlich auf dem Burgfest. Seien Sie \u2013 im Namen aller Vorstandsmitglieder \u2013 in heimatlicher Verbundenheit herzlich gegr\u00fc\u00dft.<\/p><p>Ihr <strong>Friedhelm Damm (Vorsitzender)<\/strong><\/p><\/div>\n\t\t\t\t<\/div>\n\t\t\t\t\t\t\t\t<\/div>\n\t\t\t\t\t\t<\/div>\n\t\t\t\t<\/div>\n\t\t\t\t\t<\/div>\n\t\t<\/div>\n\t\t\t\t\t<\/div>\n\t\t<\/section>\n\t\t\t\t<section class=\"elementor-section elementor-top-section elementor-element elementor-element-8cde610 elementor-section-boxed elementor-section-height-default elementor-section-height-default\" data-id=\"8cde610\" data-element_type=\"section\" data-e-type=\"section\">\n\t\t\t\t\t\t<div class=\"elementor-container elementor-column-gap-default\">\n\t\t\t\t\t<div class=\"elementor-column elementor-col-100 elementor-top-column elementor-element elementor-element-1be398f\" data-id=\"1be398f\" data-element_type=\"column\" data-e-type=\"column\">\n\t\t\t<div class=\"elementor-widget-wrap elementor-element-populated\">\n\t\t\t\t\t\t<div class=\"elementor-element elementor-element-1f7a1ec elementor-widget elementor-widget-text-editor\" data-id=\"1f7a1ec\" data-element_type=\"widget\" data-e-type=\"widget\" data-widget_type=\"text-editor.default\">\n\t\t\t\t<div class=\"elementor-widget-container\">\n\t\t\t\t\t\t\t\t\t<h3>Gelungenes Burgfest 2013<\/h3><p><b>Heimat- und Geschichtsverein Jesberg<\/b><\/p><p><b>Liebe Bewohner der Gro\u00dfgemeinde Jesberg!<\/b><\/p><p>Wir vom Heimat- und Geschichtsverein gratulieren der Gro\u00dfgemeinde sehr herzlich zu dem hervorragend gelungenem diesj\u00e4hrigen Burgfest, das sch\u00f6nste, das wir in Erinnerung haben. Eine wahrlich herrliche Werbung f\u00fcr den <b>historischen Amtsbezirk Jesberg<\/b>!<\/p><p>Der Beginn des Festes am Samstagabend auf unserem Schlossberg im Lager vieler junger <b>Rittersleut bei Minnegesang<\/b> in historisch echt nachempfundener\u00a0 Atmosph\u00e4re verbreitete\u00a0 eine unterhaltsame Stimmung. Manche nun schon Alte haben diesen \u201eDanzeplatz\u201c noch als Ort in Erinnerung, wo manche d\u00f6rfliche Romanze ihren Anfang nahm. Und die von Metzgermeister Burghard Claus jun. vorgehaltenen wohlschmeckenden Rippchen hackte er so reichlich ab, dass auch gro\u00dfe M\u00e4gen gef\u00fcllt wurden.<\/p><p>Das Fest am Sonntag wurde dann schon traditionell durch einen <b>\u00f6kumenischen<\/b> <b>Gottesdienst<\/b> der beiden \u00f6rtlichen Pfarrer eingeleitet \u2013 das Rollenspiel mit dem Heiligen Franziskus die heutige Zeit problematisierend und trotzdem unterhaltsam.<\/p><p>Die offizielle Er\u00f6ffnung erfolgte dann in historischem Kleide durch unseren <b>B\u00fcrgermeister<\/b> <b>Schlemmer<\/b>.<\/p><p>Die fr\u00fchere Amtsbezeichnung war <b>Schuldhei\u00df<\/b> (Beamter,\u00a0der Schuld heischt: Er hatte im Auftrag seines Landesherrn die Mitglieder einer Gemeinde zur Leistung ihrer Schuldigkeit anzuhalten.)<\/p><p>Oder <b>Dorfgrebe<\/b>. In der Grebenordnung unseren Landgrafen Friedrich I. von 1739 ist die Qualifikation festgeschrieben:<\/p><p>\u201eAlle Greben, die sich bisher in ihren \u00c4mtern bew\u00e4hrt haben, verbleiben in ihren Stellungen, dagegen werden solche, die\u00a0\u00bbS\u00e4ufer, Spieler und Z\u00e4nker sind\u00ab\u00a0und ihre Pflichten verletzt haben, durch andere M\u00e4nner ersetzt. Diese sollen Angesessene sein, in gutem Ansehen stehen und des Lesens, Schreibens und des notwendigen Rechnens kundig sein.\u201c<\/p><p>Unser Dorfgrebe kann stolz und gl\u00fccklich sein \u00fcber den Verlauf seines Burgfestes. Dies wird sicher bei ihm mit seinen Frouwen und Mannen im alten, schon 1590 errichteten Rathaus noch mehr die Arbeitsfreude \u00a0beim Wirken f\u00fcr das <b>Gericht Jesberg<\/b> st\u00e4rken.<\/p><p>Das Fest hatte sehr viele Besucher, nicht nur aus allen Ortsteilen, sondern auch aus etlichen weiter entfernt liegenden Ortschaften, die sich einen Weg nach Jesberg gemacht hatten und die immer wieder ihre Begeisterung \u00fcber die herrliche Lage unserer Burgruine und unseres Schlossbergs zum Ausdruck brachten.<\/p><p>Es wurde im historischen Rahmen auch viel und ansprechende Unterhaltung geboten, mit dem erfreulichen Ergebnis, dass unter den G\u00e4sten ein gro\u00dfer Anteil junger Leute und Kinder war, wichtig, die Zukunft einer Gemeinde.<\/p><p>Und das Burgfest war wieder erfreulicher Anlass f\u00fcr verzogene Alt-Jesberger, f\u00fcr einen Tag zur\u00fcckzukehren, Heimat zu erleben und Freundschaften herzlich aufzufrischen.<\/p><p>Eine treue Besucherin steht in besonderer Verbindung zum Burgfest und sei deshalb hervorgehoben: <b>Christiane Seibel, geb. Appell<\/b>. Ihrem Gro\u00dfvater, dem Kaufmann Apell, ist es n\u00e4mlich entscheidend zu verdanken, dass die Burgruine und der Schlossberg noch erhalten geblieben und nicht ganz und gar der Zerst\u00f6rung anheim gefallen sind.<\/p><p>Wir vom <b>HGV<\/b> bedanken uns daf\u00fcr, dass so viele G\u00e4ste die von uns betriebene <b>Weintaverne<\/b> besucht und mit uns so interessante Gespr\u00e4che gef\u00fchrt haben. Sie als G\u00e4ste haben lobend erkannt, dass wir diesmal besonders gute Tropfen im Ausschank hatten.<\/p><p>Abschlie\u00dfend: Es ist auf dem Fest viel fotografiert worden. Wir vom HGV sehen es als eine unserer Aufgaben an, <b>\u00f6rtliches Geschehen<\/b> umfassend zu <b>dokumentieren<\/b>. Deshalb unsere Bitte an Sie, uns Ihre <b>Fotos<\/b> zur Verf\u00fcgung zu stellen. Das gilt auch f\u00fcr andere vergangene Veranstaltungen, gerade wenn sie weit zur\u00fcckliegen, auch Dias oder Papierbilder, die wir einscannen w\u00fcrden.<\/p><p><b>Anlaufstelle: 2. Vorsitzender H.-Rainer Hose (Tel. 1223 \u2013 email: r-hose@t-online.de).<\/b><\/p><p>In heimatlicher Verbundenheit gr\u00fc\u00dft Sie herzlich<\/p><p><b>Ihr \u00a0<\/b><b>Friedhelm Damm (Vors.)<\/b><\/p>\t\t\t\t\t\t\t\t<\/div>\n\t\t\t\t<\/div>\n\t\t\t\t\t<\/div>\n\t\t<\/div>\n\t\t\t\t\t<\/div>\n\t\t<\/section>\n\t\t\t\t<section class=\"elementor-section elementor-top-section elementor-element elementor-element-220257e elementor-section-boxed elementor-section-height-default elementor-section-height-default\" data-id=\"220257e\" data-element_type=\"section\" data-e-type=\"section\">\n\t\t\t\t\t\t<div class=\"elementor-container elementor-column-gap-default\">\n\t\t\t\t\t<div class=\"elementor-column elementor-col-100 elementor-top-column elementor-element elementor-element-a3e9cb4\" data-id=\"a3e9cb4\" data-element_type=\"column\" data-e-type=\"column\">\n\t\t\t<div class=\"elementor-widget-wrap elementor-element-populated\">\n\t\t\t\t\t\t<div class=\"elementor-element elementor-element-278a487 elementor-widget elementor-widget-gallery\" data-id=\"278a487\" data-element_type=\"widget\" data-e-type=\"widget\" data-settings=\"{&quot;columns&quot;:6,&quot;lazyload&quot;:&quot;yes&quot;,&quot;gallery_layout&quot;:&quot;grid&quot;,&quot;columns_tablet&quot;:2,&quot;columns_mobile&quot;:1,&quot;gap&quot;:{&quot;unit&quot;:&quot;px&quot;,&quot;size&quot;:10,&quot;sizes&quot;:[]},&quot;gap_tablet&quot;:{&quot;unit&quot;:&quot;px&quot;,&quot;size&quot;:10,&quot;sizes&quot;:[]},&quot;gap_mobile&quot;:{&quot;unit&quot;:&quot;px&quot;,&quot;size&quot;:10,&quot;sizes&quot;:[]},&quot;link_to&quot;:&quot;file&quot;,&quot;aspect_ratio&quot;:&quot;3:2&quot;,&quot;overlay_background&quot;:&quot;yes&quot;,&quot;content_hover_animation&quot;:&quot;fade-in&quot;}\" data-widget_type=\"gallery.default\">\n\t\t\t\t<div class=\"elementor-widget-container\">\n\t\t\t\t\t\t\t<div class=\"elementor-gallery__container\">\n\t\t\t\t\t\t\t<a class=\"e-gallery-item elementor-gallery-item elementor-animated-content\" href=\"https:\/\/buh-jesberg.de\/wp-content\/uploads\/2023\/01\/2013-1.png\" data-elementor-open-lightbox=\"yes\" data-elementor-lightbox-slideshow=\"278a487\" data-elementor-lightbox-title=\"2013-1\" data-e-action-hash=\"#elementor-action%3Aaction%3Dlightbox%26settings%3DeyJpZCI6NDA5OCwidXJsIjoiaHR0cHM6XC9cL2J1aC1qZXNiZXJnLmRlXC93cC1jb250ZW50XC91cGxvYWRzXC8yMDIzXC8wMVwvMjAxMy0xLnBuZyIsInNsaWRlc2hvdyI6IjI3OGE0ODcifQ%3D%3D\">\n\t\t\t\t\t<div class=\"e-gallery-image elementor-gallery-item__image\" data-thumbnail=\"https:\/\/buh-jesberg.de\/wp-content\/uploads\/2023\/01\/2013-1-300x169.png\" data-width=\"300\" data-height=\"169\" aria-label=\"\" role=\"img\" ><\/div>\n\t\t\t\t\t\t\t\t\t\t\t<div class=\"elementor-gallery-item__overlay\"><\/div>\n\t\t\t\t\t\t\t\t\t\t\t\t\t\t<\/a>\n\t\t\t\t\t\t\t<a class=\"e-gallery-item elementor-gallery-item elementor-animated-content\" href=\"https:\/\/buh-jesberg.de\/wp-content\/uploads\/2023\/01\/2013-2.png\" data-elementor-open-lightbox=\"yes\" data-elementor-lightbox-slideshow=\"278a487\" data-elementor-lightbox-title=\"2013-2\" data-e-action-hash=\"#elementor-action%3Aaction%3Dlightbox%26settings%3DeyJpZCI6NDA5OSwidXJsIjoiaHR0cHM6XC9cL2J1aC1qZXNiZXJnLmRlXC93cC1jb250ZW50XC91cGxvYWRzXC8yMDIzXC8wMVwvMjAxMy0yLnBuZyIsInNsaWRlc2hvdyI6IjI3OGE0ODcifQ%3D%3D\">\n\t\t\t\t\t<div class=\"e-gallery-image elementor-gallery-item__image\" data-thumbnail=\"https:\/\/buh-jesberg.de\/wp-content\/uploads\/2023\/01\/2013-2-300x185.png\" data-width=\"300\" data-height=\"185\" aria-label=\"\" role=\"img\" ><\/div>\n\t\t\t\t\t\t\t\t\t\t\t<div class=\"elementor-gallery-item__overlay\"><\/div>\n\t\t\t\t\t\t\t\t\t\t\t\t\t\t<\/a>\n\t\t\t\t\t\t\t<a class=\"e-gallery-item elementor-gallery-item elementor-animated-content\" href=\"https:\/\/buh-jesberg.de\/wp-content\/uploads\/2023\/01\/2013-3.png\" data-elementor-open-lightbox=\"yes\" data-elementor-lightbox-slideshow=\"278a487\" data-elementor-lightbox-title=\"2013-3\" data-e-action-hash=\"#elementor-action%3Aaction%3Dlightbox%26settings%3DeyJpZCI6NDEwMCwidXJsIjoiaHR0cHM6XC9cL2J1aC1qZXNiZXJnLmRlXC93cC1jb250ZW50XC91cGxvYWRzXC8yMDIzXC8wMVwvMjAxMy0zLnBuZyIsInNsaWRlc2hvdyI6IjI3OGE0ODcifQ%3D%3D\">\n\t\t\t\t\t<div class=\"e-gallery-image elementor-gallery-item__image\" data-thumbnail=\"https:\/\/buh-jesberg.de\/wp-content\/uploads\/2023\/01\/2013-3-300x169.png\" data-width=\"300\" data-height=\"169\" aria-label=\"\" role=\"img\" ><\/div>\n\t\t\t\t\t\t\t\t\t\t\t<div class=\"elementor-gallery-item__overlay\"><\/div>\n\t\t\t\t\t\t\t\t\t\t\t\t\t\t<\/a>\n\t\t\t\t\t\t\t<a class=\"e-gallery-item elementor-gallery-item elementor-animated-content\" href=\"https:\/\/buh-jesberg.de\/wp-content\/uploads\/2023\/01\/2013-4.png\" data-elementor-open-lightbox=\"yes\" data-elementor-lightbox-slideshow=\"278a487\" data-elementor-lightbox-title=\"2013-4\" data-e-action-hash=\"#elementor-action%3Aaction%3Dlightbox%26settings%3DeyJpZCI6NDEwMSwidXJsIjoiaHR0cHM6XC9cL2J1aC1qZXNiZXJnLmRlXC93cC1jb250ZW50XC91cGxvYWRzXC8yMDIzXC8wMVwvMjAxMy00LnBuZyIsInNsaWRlc2hvdyI6IjI3OGE0ODcifQ%3D%3D\">\n\t\t\t\t\t<div class=\"e-gallery-image elementor-gallery-item__image\" data-thumbnail=\"https:\/\/buh-jesberg.de\/wp-content\/uploads\/2023\/01\/2013-4-300x169.png\" data-width=\"300\" data-height=\"169\" aria-label=\"\" role=\"img\" ><\/div>\n\t\t\t\t\t\t\t\t\t\t\t<div class=\"elementor-gallery-item__overlay\"><\/div>\n\t\t\t\t\t\t\t\t\t\t\t\t\t\t<\/a>\n\t\t\t\t\t\t\t<a class=\"e-gallery-item elementor-gallery-item elementor-animated-content\" href=\"https:\/\/buh-jesberg.de\/wp-content\/uploads\/2023\/01\/2013-5.png\" data-elementor-open-lightbox=\"yes\" data-elementor-lightbox-slideshow=\"278a487\" data-elementor-lightbox-title=\"2013-5\" data-e-action-hash=\"#elementor-action%3Aaction%3Dlightbox%26settings%3DeyJpZCI6NDEwMiwidXJsIjoiaHR0cHM6XC9cL2J1aC1qZXNiZXJnLmRlXC93cC1jb250ZW50XC91cGxvYWRzXC8yMDIzXC8wMVwvMjAxMy01LnBuZyIsInNsaWRlc2hvdyI6IjI3OGE0ODcifQ%3D%3D\">\n\t\t\t\t\t<div class=\"e-gallery-image elementor-gallery-item__image\" data-thumbnail=\"https:\/\/buh-jesberg.de\/wp-content\/uploads\/2023\/01\/2013-5-300x208.png\" data-width=\"300\" data-height=\"208\" aria-label=\"\" role=\"img\" ><\/div>\n\t\t\t\t\t\t\t\t\t\t\t<div class=\"elementor-gallery-item__overlay\"><\/div>\n\t\t\t\t\t\t\t\t\t\t\t\t\t\t<\/a>\n\t\t\t\t\t\t\t<a class=\"e-gallery-item elementor-gallery-item elementor-animated-content\" href=\"https:\/\/buh-jesberg.de\/wp-content\/uploads\/2023\/01\/2013-6.png\" data-elementor-open-lightbox=\"yes\" data-elementor-lightbox-slideshow=\"278a487\" data-elementor-lightbox-title=\"2013-6\" data-e-action-hash=\"#elementor-action%3Aaction%3Dlightbox%26settings%3DeyJpZCI6NDEwMywidXJsIjoiaHR0cHM6XC9cL2J1aC1qZXNiZXJnLmRlXC93cC1jb250ZW50XC91cGxvYWRzXC8yMDIzXC8wMVwvMjAxMy02LnBuZyIsInNsaWRlc2hvdyI6IjI3OGE0ODcifQ%3D%3D\">\n\t\t\t\t\t<div class=\"e-gallery-image elementor-gallery-item__image\" data-thumbnail=\"https:\/\/buh-jesberg.de\/wp-content\/uploads\/2023\/01\/2013-6-300x169.png\" data-width=\"300\" data-height=\"169\" aria-label=\"\" role=\"img\" ><\/div>\n\t\t\t\t\t\t\t\t\t\t\t<div class=\"elementor-gallery-item__overlay\"><\/div>\n\t\t\t\t\t\t\t\t\t\t\t\t\t\t<\/a>\n\t\t\t\t\t\t\t<a class=\"e-gallery-item elementor-gallery-item elementor-animated-content\" href=\"https:\/\/buh-jesberg.de\/wp-content\/uploads\/2023\/01\/2013-7.png\" data-elementor-open-lightbox=\"yes\" data-elementor-lightbox-slideshow=\"278a487\" data-elementor-lightbox-title=\"2013-7\" data-e-action-hash=\"#elementor-action%3Aaction%3Dlightbox%26settings%3DeyJpZCI6NDEwNCwidXJsIjoiaHR0cHM6XC9cL2J1aC1qZXNiZXJnLmRlXC93cC1jb250ZW50XC91cGxvYWRzXC8yMDIzXC8wMVwvMjAxMy03LnBuZyIsInNsaWRlc2hvdyI6IjI3OGE0ODcifQ%3D%3D\">\n\t\t\t\t\t<div class=\"e-gallery-image elementor-gallery-item__image\" data-thumbnail=\"https:\/\/buh-jesberg.de\/wp-content\/uploads\/2023\/01\/2013-7-300x188.png\" data-width=\"300\" data-height=\"188\" aria-label=\"\" role=\"img\" ><\/div>\n\t\t\t\t\t\t\t\t\t\t\t<div class=\"elementor-gallery-item__overlay\"><\/div>\n\t\t\t\t\t\t\t\t\t\t\t\t\t\t<\/a>\n\t\t\t\t\t\t\t<a class=\"e-gallery-item elementor-gallery-item elementor-animated-content\" href=\"https:\/\/buh-jesberg.de\/wp-content\/uploads\/2023\/01\/2013-8.png\" data-elementor-open-lightbox=\"yes\" data-elementor-lightbox-slideshow=\"278a487\" data-elementor-lightbox-title=\"2013-8\" data-e-action-hash=\"#elementor-action%3Aaction%3Dlightbox%26settings%3DeyJpZCI6NDEwNSwidXJsIjoiaHR0cHM6XC9cL2J1aC1qZXNiZXJnLmRlXC93cC1jb250ZW50XC91cGxvYWRzXC8yMDIzXC8wMVwvMjAxMy04LnBuZyIsInNsaWRlc2hvdyI6IjI3OGE0ODcifQ%3D%3D\">\n\t\t\t\t\t<div class=\"e-gallery-image elementor-gallery-item__image\" data-thumbnail=\"https:\/\/buh-jesberg.de\/wp-content\/uploads\/2023\/01\/2013-8-300x200.png\" data-width=\"300\" data-height=\"200\" aria-label=\"\" role=\"img\" ><\/div>\n\t\t\t\t\t\t\t\t\t\t\t<div class=\"elementor-gallery-item__overlay\"><\/div>\n\t\t\t\t\t\t\t\t\t\t\t\t\t\t<\/a>\n\t\t\t\t\t\t\t<a class=\"e-gallery-item elementor-gallery-item elementor-animated-content\" href=\"https:\/\/buh-jesberg.de\/wp-content\/uploads\/2023\/01\/2013-9.png\" data-elementor-open-lightbox=\"yes\" data-elementor-lightbox-slideshow=\"278a487\" data-elementor-lightbox-title=\"2013-9\" data-e-action-hash=\"#elementor-action%3Aaction%3Dlightbox%26settings%3DeyJpZCI6NDEwNiwidXJsIjoiaHR0cHM6XC9cL2J1aC1qZXNiZXJnLmRlXC93cC1jb250ZW50XC91cGxvYWRzXC8yMDIzXC8wMVwvMjAxMy05LnBuZyIsInNsaWRlc2hvdyI6IjI3OGE0ODcifQ%3D%3D\">\n\t\t\t\t\t<div class=\"e-gallery-image elementor-gallery-item__image\" data-thumbnail=\"https:\/\/buh-jesberg.de\/wp-content\/uploads\/2023\/01\/2013-9-300x200.png\" data-width=\"300\" data-height=\"200\" aria-label=\"\" role=\"img\" ><\/div>\n\t\t\t\t\t\t\t\t\t\t\t<div class=\"elementor-gallery-item__overlay\"><\/div>\n\t\t\t\t\t\t\t\t\t\t\t\t\t\t<\/a>\n\t\t\t\t\t\t\t<a class=\"e-gallery-item elementor-gallery-item elementor-animated-content\" href=\"https:\/\/buh-jesberg.de\/wp-content\/uploads\/2023\/01\/2013-10.png\" data-elementor-open-lightbox=\"yes\" data-elementor-lightbox-slideshow=\"278a487\" data-elementor-lightbox-title=\"2013-10\" data-e-action-hash=\"#elementor-action%3Aaction%3Dlightbox%26settings%3DeyJpZCI6NDEwNywidXJsIjoiaHR0cHM6XC9cL2J1aC1qZXNiZXJnLmRlXC93cC1jb250ZW50XC91cGxvYWRzXC8yMDIzXC8wMVwvMjAxMy0xMC5wbmciLCJzbGlkZXNob3ciOiIyNzhhNDg3In0%3D\">\n\t\t\t\t\t<div class=\"e-gallery-image elementor-gallery-item__image\" data-thumbnail=\"https:\/\/buh-jesberg.de\/wp-content\/uploads\/2023\/01\/2013-10-300x200.png\" data-width=\"300\" data-height=\"200\" aria-label=\"\" role=\"img\" ><\/div>\n\t\t\t\t\t\t\t\t\t\t\t<div class=\"elementor-gallery-item__overlay\"><\/div>\n\t\t\t\t\t\t\t\t\t\t\t\t\t\t<\/a>\n\t\t\t\t\t\t\t<a class=\"e-gallery-item elementor-gallery-item elementor-animated-content\" href=\"https:\/\/buh-jesberg.de\/wp-content\/uploads\/2023\/01\/2013-11.png\" data-elementor-open-lightbox=\"yes\" data-elementor-lightbox-slideshow=\"278a487\" data-elementor-lightbox-title=\"2013-11\" data-e-action-hash=\"#elementor-action%3Aaction%3Dlightbox%26settings%3DeyJpZCI6NDEwOCwidXJsIjoiaHR0cHM6XC9cL2J1aC1qZXNiZXJnLmRlXC93cC1jb250ZW50XC91cGxvYWRzXC8yMDIzXC8wMVwvMjAxMy0xMS5wbmciLCJzbGlkZXNob3ciOiIyNzhhNDg3In0%3D\">\n\t\t\t\t\t<div class=\"e-gallery-image elementor-gallery-item__image\" data-thumbnail=\"https:\/\/buh-jesberg.de\/wp-content\/uploads\/2023\/01\/2013-11-300x200.png\" data-width=\"300\" data-height=\"200\" aria-label=\"\" role=\"img\" ><\/div>\n\t\t\t\t\t\t\t\t\t\t\t<div class=\"elementor-gallery-item__overlay\"><\/div>\n\t\t\t\t\t\t\t\t\t\t\t\t\t\t<\/a>\n\t\t\t\t\t\t\t<a class=\"e-gallery-item elementor-gallery-item elementor-animated-content\" href=\"https:\/\/buh-jesberg.de\/wp-content\/uploads\/2023\/01\/2013-12.png\" data-elementor-open-lightbox=\"yes\" data-elementor-lightbox-slideshow=\"278a487\" data-elementor-lightbox-title=\"2013-12\" data-e-action-hash=\"#elementor-action%3Aaction%3Dlightbox%26settings%3DeyJpZCI6NDEwOSwidXJsIjoiaHR0cHM6XC9cL2J1aC1qZXNiZXJnLmRlXC93cC1jb250ZW50XC91cGxvYWRzXC8yMDIzXC8wMVwvMjAxMy0xMi5wbmciLCJzbGlkZXNob3ciOiIyNzhhNDg3In0%3D\">\n\t\t\t\t\t<div class=\"e-gallery-image elementor-gallery-item__image\" data-thumbnail=\"https:\/\/buh-jesberg.de\/wp-content\/uploads\/2023\/01\/2013-12-300x200.png\" data-width=\"300\" data-height=\"200\" aria-label=\"\" role=\"img\" ><\/div>\n\t\t\t\t\t\t\t\t\t\t\t<div class=\"elementor-gallery-item__overlay\"><\/div>\n\t\t\t\t\t\t\t\t\t\t\t\t\t\t<\/a>\n\t\t\t\t\t\t\t<a class=\"e-gallery-item elementor-gallery-item elementor-animated-content\" href=\"https:\/\/buh-jesberg.de\/wp-content\/uploads\/2023\/01\/2013-13.png\" data-elementor-open-lightbox=\"yes\" data-elementor-lightbox-slideshow=\"278a487\" data-elementor-lightbox-title=\"2013-13\" data-e-action-hash=\"#elementor-action%3Aaction%3Dlightbox%26settings%3DeyJpZCI6NDExMCwidXJsIjoiaHR0cHM6XC9cL2J1aC1qZXNiZXJnLmRlXC93cC1jb250ZW50XC91cGxvYWRzXC8yMDIzXC8wMVwvMjAxMy0xMy5wbmciLCJzbGlkZXNob3ciOiIyNzhhNDg3In0%3D\">\n\t\t\t\t\t<div class=\"e-gallery-image elementor-gallery-item__image\" data-thumbnail=\"https:\/\/buh-jesberg.de\/wp-content\/uploads\/2023\/01\/2013-13-300x197.png\" data-width=\"300\" data-height=\"197\" aria-label=\"\" role=\"img\" ><\/div>\n\t\t\t\t\t\t\t\t\t\t\t<div class=\"elementor-gallery-item__overlay\"><\/div>\n\t\t\t\t\t\t\t\t\t\t\t\t\t\t<\/a>\n\t\t\t\t\t\t\t<a class=\"e-gallery-item elementor-gallery-item elementor-animated-content\" href=\"https:\/\/buh-jesberg.de\/wp-content\/uploads\/2023\/01\/2013-14.png\" data-elementor-open-lightbox=\"yes\" data-elementor-lightbox-slideshow=\"278a487\" data-elementor-lightbox-title=\"2013-14\" data-e-action-hash=\"#elementor-action%3Aaction%3Dlightbox%26settings%3DeyJpZCI6NDExMSwidXJsIjoiaHR0cHM6XC9cL2J1aC1qZXNiZXJnLmRlXC93cC1jb250ZW50XC91cGxvYWRzXC8yMDIzXC8wMVwvMjAxMy0xNC5wbmciLCJzbGlkZXNob3ciOiIyNzhhNDg3In0%3D\">\n\t\t\t\t\t<div class=\"e-gallery-image elementor-gallery-item__image\" data-thumbnail=\"https:\/\/buh-jesberg.de\/wp-content\/uploads\/2023\/01\/2013-14-300x200.png\" data-width=\"300\" data-height=\"200\" aria-label=\"\" role=\"img\" ><\/div>\n\t\t\t\t\t\t\t\t\t\t\t<div class=\"elementor-gallery-item__overlay\"><\/div>\n\t\t\t\t\t\t\t\t\t\t\t\t\t\t<\/a>\n\t\t\t\t\t\t\t<a class=\"e-gallery-item elementor-gallery-item elementor-animated-content\" href=\"https:\/\/buh-jesberg.de\/wp-content\/uploads\/2023\/01\/2013-15.png\" data-elementor-open-lightbox=\"yes\" data-elementor-lightbox-slideshow=\"278a487\" data-elementor-lightbox-title=\"2013-15\" data-e-action-hash=\"#elementor-action%3Aaction%3Dlightbox%26settings%3DeyJpZCI6NDExMiwidXJsIjoiaHR0cHM6XC9cL2J1aC1qZXNiZXJnLmRlXC93cC1jb250ZW50XC91cGxvYWRzXC8yMDIzXC8wMVwvMjAxMy0xNS5wbmciLCJzbGlkZXNob3ciOiIyNzhhNDg3In0%3D\">\n\t\t\t\t\t<div class=\"e-gallery-image elementor-gallery-item__image\" data-thumbnail=\"https:\/\/buh-jesberg.de\/wp-content\/uploads\/2023\/01\/2013-15-300x169.png\" data-width=\"300\" data-height=\"169\" aria-label=\"\" role=\"img\" ><\/div>\n\t\t\t\t\t\t\t\t\t\t\t<div class=\"elementor-gallery-item__overlay\"><\/div>\n\t\t\t\t\t\t\t\t\t\t\t\t\t\t<\/a>\n\t\t\t\t\t\t\t<a class=\"e-gallery-item elementor-gallery-item elementor-animated-content\" href=\"https:\/\/buh-jesberg.de\/wp-content\/uploads\/2023\/01\/2013-16.png\" data-elementor-open-lightbox=\"yes\" data-elementor-lightbox-slideshow=\"278a487\" data-elementor-lightbox-title=\"2013-16\" data-e-action-hash=\"#elementor-action%3Aaction%3Dlightbox%26settings%3DeyJpZCI6NDExMywidXJsIjoiaHR0cHM6XC9cL2J1aC1qZXNiZXJnLmRlXC93cC1jb250ZW50XC91cGxvYWRzXC8yMDIzXC8wMVwvMjAxMy0xNi5wbmciLCJzbGlkZXNob3ciOiIyNzhhNDg3In0%3D\">\n\t\t\t\t\t<div class=\"e-gallery-image elementor-gallery-item__image\" data-thumbnail=\"https:\/\/buh-jesberg.de\/wp-content\/uploads\/2023\/01\/2013-16-300x197.png\" data-width=\"300\" data-height=\"197\" aria-label=\"\" role=\"img\" ><\/div>\n\t\t\t\t\t\t\t\t\t\t\t<div class=\"elementor-gallery-item__overlay\"><\/div>\n\t\t\t\t\t\t\t\t\t\t\t\t\t\t<\/a>\n\t\t\t\t\t\t\t<a class=\"e-gallery-item elementor-gallery-item elementor-animated-content\" href=\"https:\/\/buh-jesberg.de\/wp-content\/uploads\/2023\/01\/2013-17.png\" data-elementor-open-lightbox=\"yes\" data-elementor-lightbox-slideshow=\"278a487\" data-elementor-lightbox-title=\"2013-17\" data-e-action-hash=\"#elementor-action%3Aaction%3Dlightbox%26settings%3DeyJpZCI6NDExNCwidXJsIjoiaHR0cHM6XC9cL2J1aC1qZXNiZXJnLmRlXC93cC1jb250ZW50XC91cGxvYWRzXC8yMDIzXC8wMVwvMjAxMy0xNy5wbmciLCJzbGlkZXNob3ciOiIyNzhhNDg3In0%3D\">\n\t\t\t\t\t<div class=\"e-gallery-image elementor-gallery-item__image\" data-thumbnail=\"https:\/\/buh-jesberg.de\/wp-content\/uploads\/2023\/01\/2013-17-300x200.png\" data-width=\"300\" data-height=\"200\" aria-label=\"\" role=\"img\" ><\/div>\n\t\t\t\t\t\t\t\t\t\t\t<div class=\"elementor-gallery-item__overlay\"><\/div>\n\t\t\t\t\t\t\t\t\t\t\t\t\t\t<\/a>\n\t\t\t\t\t\t\t<a class=\"e-gallery-item elementor-gallery-item elementor-animated-content\" href=\"https:\/\/buh-jesberg.de\/wp-content\/uploads\/2023\/01\/2013-18.png\" data-elementor-open-lightbox=\"yes\" data-elementor-lightbox-slideshow=\"278a487\" data-elementor-lightbox-title=\"2013-18\" data-e-action-hash=\"#elementor-action%3Aaction%3Dlightbox%26settings%3DeyJpZCI6NDExNSwidXJsIjoiaHR0cHM6XC9cL2J1aC1qZXNiZXJnLmRlXC93cC1jb250ZW50XC91cGxvYWRzXC8yMDIzXC8wMVwvMjAxMy0xOC5wbmciLCJzbGlkZXNob3ciOiIyNzhhNDg3In0%3D\">\n\t\t\t\t\t<div class=\"e-gallery-image elementor-gallery-item__image\" data-thumbnail=\"https:\/\/buh-jesberg.de\/wp-content\/uploads\/2023\/01\/2013-18-300x200.png\" data-width=\"300\" data-height=\"200\" aria-label=\"\" role=\"img\" ><\/div>\n\t\t\t\t\t\t\t\t\t\t\t<div class=\"elementor-gallery-item__overlay\"><\/div>\n\t\t\t\t\t\t\t\t\t\t\t\t\t\t<\/a>\n\t\t\t\t\t\t\t<a class=\"e-gallery-item elementor-gallery-item elementor-animated-content\" href=\"https:\/\/buh-jesberg.de\/wp-content\/uploads\/2023\/01\/2013-19.png\" data-elementor-open-lightbox=\"yes\" data-elementor-lightbox-slideshow=\"278a487\" data-elementor-lightbox-title=\"2013-19\" data-e-action-hash=\"#elementor-action%3Aaction%3Dlightbox%26settings%3DeyJpZCI6NDExNiwidXJsIjoiaHR0cHM6XC9cL2J1aC1qZXNiZXJnLmRlXC93cC1jb250ZW50XC91cGxvYWRzXC8yMDIzXC8wMVwvMjAxMy0xOS5wbmciLCJzbGlkZXNob3ciOiIyNzhhNDg3In0%3D\">\n\t\t\t\t\t<div class=\"e-gallery-image elementor-gallery-item__image\" data-thumbnail=\"https:\/\/buh-jesberg.de\/wp-content\/uploads\/2023\/01\/2013-19-300x171.png\" data-width=\"300\" data-height=\"171\" aria-label=\"\" role=\"img\" ><\/div>\n\t\t\t\t\t\t\t\t\t\t\t<div class=\"elementor-gallery-item__overlay\"><\/div>\n\t\t\t\t\t\t\t\t\t\t\t\t\t\t<\/a>\n\t\t\t\t\t\t\t<a class=\"e-gallery-item elementor-gallery-item elementor-animated-content\" href=\"https:\/\/buh-jesberg.de\/wp-content\/uploads\/2023\/01\/2013-20.png\" data-elementor-open-lightbox=\"yes\" data-elementor-lightbox-slideshow=\"278a487\" data-elementor-lightbox-title=\"2013-20\" data-e-action-hash=\"#elementor-action%3Aaction%3Dlightbox%26settings%3DeyJpZCI6NDExNywidXJsIjoiaHR0cHM6XC9cL2J1aC1qZXNiZXJnLmRlXC93cC1jb250ZW50XC91cGxvYWRzXC8yMDIzXC8wMVwvMjAxMy0yMC5wbmciLCJzbGlkZXNob3ciOiIyNzhhNDg3In0%3D\">\n\t\t\t\t\t<div class=\"e-gallery-image elementor-gallery-item__image\" data-thumbnail=\"https:\/\/buh-jesberg.de\/wp-content\/uploads\/2023\/01\/2013-20-300x200.png\" data-width=\"300\" data-height=\"200\" aria-label=\"\" role=\"img\" ><\/div>\n\t\t\t\t\t\t\t\t\t\t\t<div class=\"elementor-gallery-item__overlay\"><\/div>\n\t\t\t\t\t\t\t\t\t\t\t\t\t\t<\/a>\n\t\t\t\t\t\t\t<a class=\"e-gallery-item elementor-gallery-item elementor-animated-content\" href=\"https:\/\/buh-jesberg.de\/wp-content\/uploads\/2023\/01\/2013-21.png\" data-elementor-open-lightbox=\"yes\" data-elementor-lightbox-slideshow=\"278a487\" data-elementor-lightbox-title=\"2013-21\" data-e-action-hash=\"#elementor-action%3Aaction%3Dlightbox%26settings%3DeyJpZCI6NDExOCwidXJsIjoiaHR0cHM6XC9cL2J1aC1qZXNiZXJnLmRlXC93cC1jb250ZW50XC91cGxvYWRzXC8yMDIzXC8wMVwvMjAxMy0yMS5wbmciLCJzbGlkZXNob3ciOiIyNzhhNDg3In0%3D\">\n\t\t\t\t\t<div class=\"e-gallery-image elementor-gallery-item__image\" data-thumbnail=\"https:\/\/buh-jesberg.de\/wp-content\/uploads\/2023\/01\/2013-21-300x225.png\" data-width=\"300\" data-height=\"225\" aria-label=\"\" role=\"img\" ><\/div>\n\t\t\t\t\t\t\t\t\t\t\t<div class=\"elementor-gallery-item__overlay\"><\/div>\n\t\t\t\t\t\t\t\t\t\t\t\t\t\t<\/a>\n\t\t\t\t\t\t\t<a class=\"e-gallery-item elementor-gallery-item elementor-animated-content\" href=\"https:\/\/buh-jesberg.de\/wp-content\/uploads\/2023\/01\/2013-22.png\" data-elementor-open-lightbox=\"yes\" data-elementor-lightbox-slideshow=\"278a487\" data-elementor-lightbox-title=\"2013-22\" data-e-action-hash=\"#elementor-action%3Aaction%3Dlightbox%26settings%3DeyJpZCI6NDExOSwidXJsIjoiaHR0cHM6XC9cL2J1aC1qZXNiZXJnLmRlXC93cC1jb250ZW50XC91cGxvYWRzXC8yMDIzXC8wMVwvMjAxMy0yMi5wbmciLCJzbGlkZXNob3ciOiIyNzhhNDg3In0%3D\">\n\t\t\t\t\t<div class=\"e-gallery-image elementor-gallery-item__image\" data-thumbnail=\"https:\/\/buh-jesberg.de\/wp-content\/uploads\/2023\/01\/2013-22-300x179.png\" data-width=\"300\" data-height=\"179\" aria-label=\"\" role=\"img\" ><\/div>\n\t\t\t\t\t\t\t\t\t\t\t<div class=\"elementor-gallery-item__overlay\"><\/div>\n\t\t\t\t\t\t\t\t\t\t\t\t\t\t<\/a>\n\t\t\t\t\t\t\t<a class=\"e-gallery-item elementor-gallery-item elementor-animated-content\" href=\"https:\/\/buh-jesberg.de\/wp-content\/uploads\/2023\/01\/2013-23.png\" data-elementor-open-lightbox=\"yes\" data-elementor-lightbox-slideshow=\"278a487\" data-elementor-lightbox-title=\"2013-23\" data-e-action-hash=\"#elementor-action%3Aaction%3Dlightbox%26settings%3DeyJpZCI6NDEyMCwidXJsIjoiaHR0cHM6XC9cL2J1aC1qZXNiZXJnLmRlXC93cC1jb250ZW50XC91cGxvYWRzXC8yMDIzXC8wMVwvMjAxMy0yMy5wbmciLCJzbGlkZXNob3ciOiIyNzhhNDg3In0%3D\">\n\t\t\t\t\t<div class=\"e-gallery-image elementor-gallery-item__image\" data-thumbnail=\"https:\/\/buh-jesberg.de\/wp-content\/uploads\/2023\/01\/2013-23-300x169.png\" data-width=\"300\" data-height=\"169\" aria-label=\"\" role=\"img\" ><\/div>\n\t\t\t\t\t\t\t\t\t\t\t<div class=\"elementor-gallery-item__overlay\"><\/div>\n\t\t\t\t\t\t\t\t\t\t\t\t\t\t<\/a>\n\t\t\t\t\t\t\t<a class=\"e-gallery-item elementor-gallery-item elementor-animated-content\" href=\"https:\/\/buh-jesberg.de\/wp-content\/uploads\/2023\/01\/2013-24.png\" data-elementor-open-lightbox=\"yes\" data-elementor-lightbox-slideshow=\"278a487\" data-elementor-lightbox-title=\"2013-24\" data-e-action-hash=\"#elementor-action%3Aaction%3Dlightbox%26settings%3DeyJpZCI6NDEyMSwidXJsIjoiaHR0cHM6XC9cL2J1aC1qZXNiZXJnLmRlXC93cC1jb250ZW50XC91cGxvYWRzXC8yMDIzXC8wMVwvMjAxMy0yNC5wbmciLCJzbGlkZXNob3ciOiIyNzhhNDg3In0%3D\">\n\t\t\t\t\t<div class=\"e-gallery-image elementor-gallery-item__image\" data-thumbnail=\"https:\/\/buh-jesberg.de\/wp-content\/uploads\/2023\/01\/2013-24-300x200.png\" data-width=\"300\" data-height=\"200\" aria-label=\"\" role=\"img\" ><\/div>\n\t\t\t\t\t\t\t\t\t\t\t<div class=\"elementor-gallery-item__overlay\"><\/div>\n\t\t\t\t\t\t\t\t\t\t\t\t\t\t<\/a>\n\t\t\t\t\t<\/div>\n\t\t\t\t\t<\/div>\n\t\t\t\t<\/div>\n\t\t\t\t\t<\/div>\n\t\t<\/div>\n\t\t\t\t\t<\/div>\n\t\t<\/section>\n\t\t\t\t<\/div>\n\t\t","protected":false},"excerpt":{"rendered":"<p>ausgeblendet Einladung zum Burgfest 2013 Heimat- und Geschichtsverein Jesberg Liebe Vereinsmitglieder, liebe Bewohner der Gro\u00dfgemeinde Jesberg! Am kommenden Wochenende wird wieder das schon traditionelle BURGFEST auf unserem imposant gelegenen Burggel\u00e4nde [&hellip;]<\/p>\n","protected":false},"author":2,"featured_media":0,"parent":0,"menu_order":0,"comment_status":"closed","ping_status":"closed","template":"","meta":{"_monsterinsights_skip_tracking":false,"_monsterinsights_sitenote_active":false,"_monsterinsights_sitenote_note":"","_monsterinsights_sitenote_category":0,"footnotes":""},"class_list":["post-910","page","type-page","status-publish","hentry"],"yoast_head":"<!-- This site is optimized with the Yoast SEO plugin v27.5 - https:\/\/yoast.com\/product\/yoast-seo-wordpress\/ -->\n<title>Bilder Burgfest 2013 - Burg und Heimatverein Jesberg e.V.<\/title>\n<meta name=\"robots\" content=\"index, follow, max-snippet:-1, max-image-preview:large, max-video-preview:-1\" \/>\n<link rel=\"canonical\" href=\"https:\/\/buh-jesberg.de\/index.php\/bilder-burgfest-2013\/\" \/>\n<meta property=\"og:locale\" content=\"de_DE\" \/>\n<meta property=\"og:type\" content=\"article\" \/>\n<meta property=\"og:title\" content=\"Bilder Burgfest 2013 - Burg und Heimatverein Jesberg e.V.\" \/>\n<meta property=\"og:description\" content=\"ausgeblendet Einladung zum Burgfest 2013 Heimat- und Geschichtsverein Jesberg Liebe Vereinsmitglieder, liebe Bewohner der Gro\u00dfgemeinde Jesberg! Am kommenden Wochenende wird wieder das schon traditionelle BURGFEST auf unserem imposant gelegenen Burggel\u00e4nde [&hellip;]\" \/>\n<meta property=\"og:url\" content=\"https:\/\/buh-jesberg.de\/index.php\/bilder-burgfest-2013\/\" \/>\n<meta property=\"og:site_name\" content=\"Burg und Heimatverein Jesberg e.V.\" \/>\n<meta property=\"article:modified_time\" content=\"2023-03-09T15:23:40+00:00\" \/>\n<meta property=\"og:image\" content=\"https:\/\/buh-jesberg.de\/wp-content\/uploads\/2023\/02\/2013_Bekanntmachung-201x300.png\" \/>\n<meta name=\"twitter:card\" content=\"summary_large_image\" \/>\n<meta name=\"twitter:label1\" content=\"Gesch\u00e4tzte Lesezeit\" \/>\n\t<meta name=\"twitter:data1\" content=\"7\u00a0Minuten\" \/>\n<script type=\"application\/ld+json\" class=\"yoast-schema-graph\">{\"@context\":\"https:\\\/\\\/schema.org\",\"@graph\":[{\"@type\":\"WebPage\",\"@id\":\"https:\\\/\\\/buh-jesberg.de\\\/index.php\\\/bilder-burgfest-2013\\\/\",\"url\":\"https:\\\/\\\/buh-jesberg.de\\\/index.php\\\/bilder-burgfest-2013\\\/\",\"name\":\"Bilder Burgfest 2013 - Burg und Heimatverein Jesberg e.V.\",\"isPartOf\":{\"@id\":\"https:\\\/\\\/buh-jesberg.de\\\/#website\"},\"primaryImageOfPage\":{\"@id\":\"https:\\\/\\\/buh-jesberg.de\\\/index.php\\\/bilder-burgfest-2013\\\/#primaryimage\"},\"image\":{\"@id\":\"https:\\\/\\\/buh-jesberg.de\\\/index.php\\\/bilder-burgfest-2013\\\/#primaryimage\"},\"thumbnailUrl\":\"https:\\\/\\\/buh-jesberg.de\\\/wp-content\\\/uploads\\\/2023\\\/02\\\/2013_Bekanntmachung-201x300.png\",\"datePublished\":\"2013-08-19T21:43:29+00:00\",\"dateModified\":\"2023-03-09T15:23:40+00:00\",\"breadcrumb\":{\"@id\":\"https:\\\/\\\/buh-jesberg.de\\\/index.php\\\/bilder-burgfest-2013\\\/#breadcrumb\"},\"inLanguage\":\"de\",\"potentialAction\":[{\"@type\":\"ReadAction\",\"target\":[\"https:\\\/\\\/buh-jesberg.de\\\/index.php\\\/bilder-burgfest-2013\\\/\"]}]},{\"@type\":\"ImageObject\",\"inLanguage\":\"de\",\"@id\":\"https:\\\/\\\/buh-jesberg.de\\\/index.php\\\/bilder-burgfest-2013\\\/#primaryimage\",\"url\":\"https:\\\/\\\/buh-jesberg.de\\\/wp-content\\\/uploads\\\/2023\\\/02\\\/2013_Bekanntmachung.png\",\"contentUrl\":\"https:\\\/\\\/buh-jesberg.de\\\/wp-content\\\/uploads\\\/2023\\\/02\\\/2013_Bekanntmachung.png\",\"width\":2184,\"height\":3252},{\"@type\":\"BreadcrumbList\",\"@id\":\"https:\\\/\\\/buh-jesberg.de\\\/index.php\\\/bilder-burgfest-2013\\\/#breadcrumb\",\"itemListElement\":[{\"@type\":\"ListItem\",\"position\":1,\"name\":\"Startseite\",\"item\":\"https:\\\/\\\/buh-jesberg.de\\\/\"},{\"@type\":\"ListItem\",\"position\":2,\"name\":\"Bilder Burgfest 2013\"}]},{\"@type\":\"WebSite\",\"@id\":\"https:\\\/\\\/buh-jesberg.de\\\/#website\",\"url\":\"https:\\\/\\\/buh-jesberg.de\\\/\",\"name\":\"Burg und Heimatverein Jesberg e.V.\",\"description\":\"Gemeinn\u00fctziger Verein in Jesberg\",\"publisher\":{\"@id\":\"https:\\\/\\\/buh-jesberg.de\\\/#organization\"},\"potentialAction\":[{\"@type\":\"SearchAction\",\"target\":{\"@type\":\"EntryPoint\",\"urlTemplate\":\"https:\\\/\\\/buh-jesberg.de\\\/?s={search_term_string}\"},\"query-input\":{\"@type\":\"PropertyValueSpecification\",\"valueRequired\":true,\"valueName\":\"search_term_string\"}}],\"inLanguage\":\"de\"},{\"@type\":\"Organization\",\"@id\":\"https:\\\/\\\/buh-jesberg.de\\\/#organization\",\"name\":\"Burg und Heimatverein Jesberg e.V.\",\"url\":\"https:\\\/\\\/buh-jesberg.de\\\/\",\"logo\":{\"@type\":\"ImageObject\",\"inLanguage\":\"de\",\"@id\":\"https:\\\/\\\/buh-jesberg.de\\\/#\\\/schema\\\/logo\\\/image\\\/\",\"url\":\"https:\\\/\\\/buh-jesberg.de\\\/wp-content\\\/uploads\\\/2023\\\/01\\\/Website_Logo-e1674580236324.jpg\",\"contentUrl\":\"https:\\\/\\\/buh-jesberg.de\\\/wp-content\\\/uploads\\\/2023\\\/01\\\/Website_Logo-e1674580236324.jpg\",\"width\":500,\"height\":501,\"caption\":\"Burg und Heimatverein Jesberg e.V.\"},\"image\":{\"@id\":\"https:\\\/\\\/buh-jesberg.de\\\/#\\\/schema\\\/logo\\\/image\\\/\"}}]}<\/script>\n<!-- \/ Yoast SEO plugin. -->","yoast_head_json":{"title":"Bilder Burgfest 2013 - Burg und Heimatverein Jesberg e.V.","robots":{"index":"index","follow":"follow","max-snippet":"max-snippet:-1","max-image-preview":"max-image-preview:large","max-video-preview":"max-video-preview:-1"},"canonical":"https:\/\/buh-jesberg.de\/index.php\/bilder-burgfest-2013\/","og_locale":"de_DE","og_type":"article","og_title":"Bilder Burgfest 2013 - Burg und Heimatverein Jesberg e.V.","og_description":"ausgeblendet Einladung zum Burgfest 2013 Heimat- und Geschichtsverein Jesberg Liebe Vereinsmitglieder, liebe Bewohner der Gro\u00dfgemeinde Jesberg! Am kommenden Wochenende wird wieder das schon traditionelle BURGFEST auf unserem imposant gelegenen Burggel\u00e4nde [&hellip;]","og_url":"https:\/\/buh-jesberg.de\/index.php\/bilder-burgfest-2013\/","og_site_name":"Burg und Heimatverein Jesberg e.V.","article_modified_time":"2023-03-09T15:23:40+00:00","og_image":[{"url":"https:\/\/buh-jesberg.de\/wp-content\/uploads\/2023\/02\/2013_Bekanntmachung-201x300.png","type":"","width":"","height":""}],"twitter_card":"summary_large_image","twitter_misc":{"Gesch\u00e4tzte Lesezeit":"7\u00a0Minuten"},"schema":{"@context":"https:\/\/schema.org","@graph":[{"@type":"WebPage","@id":"https:\/\/buh-jesberg.de\/index.php\/bilder-burgfest-2013\/","url":"https:\/\/buh-jesberg.de\/index.php\/bilder-burgfest-2013\/","name":"Bilder Burgfest 2013 - Burg und Heimatverein Jesberg e.V.","isPartOf":{"@id":"https:\/\/buh-jesberg.de\/#website"},"primaryImageOfPage":{"@id":"https:\/\/buh-jesberg.de\/index.php\/bilder-burgfest-2013\/#primaryimage"},"image":{"@id":"https:\/\/buh-jesberg.de\/index.php\/bilder-burgfest-2013\/#primaryimage"},"thumbnailUrl":"https:\/\/buh-jesberg.de\/wp-content\/uploads\/2023\/02\/2013_Bekanntmachung-201x300.png","datePublished":"2013-08-19T21:43:29+00:00","dateModified":"2023-03-09T15:23:40+00:00","breadcrumb":{"@id":"https:\/\/buh-jesberg.de\/index.php\/bilder-burgfest-2013\/#breadcrumb"},"inLanguage":"de","potentialAction":[{"@type":"ReadAction","target":["https:\/\/buh-jesberg.de\/index.php\/bilder-burgfest-2013\/"]}]},{"@type":"ImageObject","inLanguage":"de","@id":"https:\/\/buh-jesberg.de\/index.php\/bilder-burgfest-2013\/#primaryimage","url":"https:\/\/buh-jesberg.de\/wp-content\/uploads\/2023\/02\/2013_Bekanntmachung.png","contentUrl":"https:\/\/buh-jesberg.de\/wp-content\/uploads\/2023\/02\/2013_Bekanntmachung.png","width":2184,"height":3252},{"@type":"BreadcrumbList","@id":"https:\/\/buh-jesberg.de\/index.php\/bilder-burgfest-2013\/#breadcrumb","itemListElement":[{"@type":"ListItem","position":1,"name":"Startseite","item":"https:\/\/buh-jesberg.de\/"},{"@type":"ListItem","position":2,"name":"Bilder Burgfest 2013"}]},{"@type":"WebSite","@id":"https:\/\/buh-jesberg.de\/#website","url":"https:\/\/buh-jesberg.de\/","name":"Burg und Heimatverein Jesberg e.V.","description":"Gemeinn\u00fctziger Verein in Jesberg","publisher":{"@id":"https:\/\/buh-jesberg.de\/#organization"},"potentialAction":[{"@type":"SearchAction","target":{"@type":"EntryPoint","urlTemplate":"https:\/\/buh-jesberg.de\/?s={search_term_string}"},"query-input":{"@type":"PropertyValueSpecification","valueRequired":true,"valueName":"search_term_string"}}],"inLanguage":"de"},{"@type":"Organization","@id":"https:\/\/buh-jesberg.de\/#organization","name":"Burg und Heimatverein Jesberg e.V.","url":"https:\/\/buh-jesberg.de\/","logo":{"@type":"ImageObject","inLanguage":"de","@id":"https:\/\/buh-jesberg.de\/#\/schema\/logo\/image\/","url":"https:\/\/buh-jesberg.de\/wp-content\/uploads\/2023\/01\/Website_Logo-e1674580236324.jpg","contentUrl":"https:\/\/buh-jesberg.de\/wp-content\/uploads\/2023\/01\/Website_Logo-e1674580236324.jpg","width":500,"height":501,"caption":"Burg und Heimatverein Jesberg e.V."},"image":{"@id":"https:\/\/buh-jesberg.de\/#\/schema\/logo\/image\/"}}]}},"_links":{"self":[{"href":"https:\/\/buh-jesberg.de\/index.php\/wp-json\/wp\/v2\/pages\/910","targetHints":{"allow":["GET"]}}],"collection":[{"href":"https:\/\/buh-jesberg.de\/index.php\/wp-json\/wp\/v2\/pages"}],"about":[{"href":"https:\/\/buh-jesberg.de\/index.php\/wp-json\/wp\/v2\/types\/page"}],"author":[{"embeddable":true,"href":"https:\/\/buh-jesberg.de\/index.php\/wp-json\/wp\/v2\/users\/2"}],"replies":[{"embeddable":true,"href":"https:\/\/buh-jesberg.de\/index.php\/wp-json\/wp\/v2\/comments?post=910"}],"version-history":[{"count":13,"href":"https:\/\/buh-jesberg.de\/index.php\/wp-json\/wp\/v2\/pages\/910\/revisions"}],"predecessor-version":[{"id":5457,"href":"https:\/\/buh-jesberg.de\/index.php\/wp-json\/wp\/v2\/pages\/910\/revisions\/5457"}],"wp:attachment":[{"href":"https:\/\/buh-jesberg.de\/index.php\/wp-json\/wp\/v2\/media?parent=910"}],"curies":[{"name":"wp","href":"https:\/\/api.w.org\/{rel}","templated":true}]}}