{"id":952,"date":"2013-09-06T19:10:42","date_gmt":"2013-09-06T17:10:42","guid":{"rendered":"http:\/\/hgv-jesberg.de\/?p=952"},"modified":"2023-03-09T15:25:42","modified_gmt":"2023-03-09T14:25:42","slug":"nazi-herrschaft-und-zusammenbruch","status":"publish","type":"page","link":"https:\/\/buh-jesberg.de\/index.php\/nazi-herrschaft-und-zusammenbruch\/","title":{"rendered":"Nazi-Herrschaft und Zusammenbruch"},"content":{"rendered":"\t\t<div data-elementor-type=\"wp-post\" data-elementor-id=\"952\" class=\"elementor elementor-952\" data-elementor-post-type=\"page\">\n\t\t\t\t\t\t<section class=\"elementor-section elementor-top-section elementor-element elementor-element-3d87f04e elementor-section-boxed elementor-section-height-default elementor-section-height-default\" data-id=\"3d87f04e\" data-element_type=\"section\" data-e-type=\"section\">\n\t\t\t\t\t\t<div class=\"elementor-container elementor-column-gap-default\">\n\t\t\t\t\t<div class=\"elementor-column elementor-col-100 elementor-top-column elementor-element elementor-element-6e220e11\" data-id=\"6e220e11\" data-element_type=\"column\" data-e-type=\"column\">\n\t\t\t<div class=\"elementor-widget-wrap elementor-element-populated\">\n\t\t\t\t\t\t<div class=\"elementor-element elementor-element-29535cc9 elementor-widget elementor-widget-text-editor\" data-id=\"29535cc9\" data-element_type=\"widget\" data-e-type=\"widget\" data-widget_type=\"text-editor.default\">\n\t\t\t\t<div class=\"elementor-widget-container\">\n\t\t\t\t\t\t\t\t\t<p><strong>Liebe Vereinsmitglieder,<\/strong><br \/><strong> liebe Bewohner der Gro\u00dfgemeinde Jesberg!<\/strong><\/p><p>Hiermit m\u00f6chten wir Sie nochmals auf unsere n\u00e4chste Vereinsveranstaltung hinweisen und sie dazu herzlich eingeladen.<br \/>Termin:<br \/>Freitag, 20.9.2013, 19 Uhr im Maximilian-Schloss.<br \/>Thema:<br \/>Wie hat sich die Nazi-Herrschaft, der Zusammenbruch, die Aufnahme von Evakuierten und Vertriebenen, der Einmarsch der amerikanischen Besatzer in unserem Jesberg ausgewirkt?<br \/>Referent: \u00a0HERMANN SAUER<\/p><p><img fetchpriority=\"high\" decoding=\"async\" class=\"size-medium wp-image-4724 alignright\" src=\"https:\/\/2023.buh-jesberg.de\/wp-content\/uploads\/2023\/02\/sauer3-300x196.jpg\" alt=\"\" width=\"300\" height=\"196\" srcset=\"https:\/\/buh-jesberg.de\/wp-content\/uploads\/2023\/02\/sauer3-300x196.jpg 300w, https:\/\/buh-jesberg.de\/wp-content\/uploads\/2023\/02\/sauer3.jpg 638w\" sizes=\"(max-width: 300px) 100vw, 300px\" \/>H. Sauer mit B\u00fcrgermeister Schlemmer beim letzten Burgfest<br \/>Der j\u00fcngste Sohn des Hauptlehrers Sauer, der \u00fcber mehr als vier Jahrzehnte bis 1955 das Leben in Jesberg \u00fcber die Schule hinaus ma\u00dfgeblich pr\u00e4gte, ist unserem Dorf immer noch sehr interessiert und kenntnisreich verbunden.<br \/>Er wird berichten \u2013 vorwiegend aus der Sicht eines damals zehnj\u00e4hrigen Zeitzeugen \u2013 von den Zust\u00e4nden und Ereignissen zu jener Zeit, auch von den nicht einfachen Auswirkungen auf seine Familie.<\/p><p>Vor wenigen Wochen habe ich an dieser Stelle folgendes schon ausgef\u00fchrt:<br \/>&#8222;Das Schwergewicht der Forschung und Ver\u00f6ffentlichung zur Geschichte Jesbergs war bisher vorwiegend bezogen auf die weiter zur\u00fcckliegenden Zeiten, w\u00e4hrend die Zeit des 20. Jahrhunderts und insbesondere die Nazi-Zeit aus verschiedenen Gr\u00fcnden eher zur\u00fcckhaltend angesprochen worden ist. Wir meinen, dass dies nicht dauerhaft so bleiben sollte, auch diese Zeit geh\u00f6rt zur deutschen Geschichte und dann auch zu unserer Ortsgeschichte. Dabei geht es nicht um Namen und nicht um Vorw\u00fcrfe, es geht um Erkennen der Umst\u00e4nde, Aufkl\u00e4ren von Ereignissen und Bewahren der mahnenden Erinnerung.&#8220;<br \/>Aus unserem Archiv ein imposantes Foto:<\/p><p><img decoding=\"async\" class=\"size-medium wp-image-4725 alignleft\" src=\"https:\/\/2023.buh-jesberg.de\/wp-content\/uploads\/2023\/02\/slk1-300x198.jpg\" alt=\"\" width=\"300\" height=\"198\" srcset=\"https:\/\/buh-jesberg.de\/wp-content\/uploads\/2023\/02\/slk1-300x198.jpg 300w, https:\/\/buh-jesberg.de\/wp-content\/uploads\/2023\/02\/slk1.jpg 601w\" sizes=\"(max-width: 300px) 100vw, 300px\" \/>Im Mai 1933 war unser ganzes Dorf festlich geschm\u00fcckt wegen eines ganz besonderen Ereignisses: Hermann G\u00f6ring kam mit seinem exklusiven Mercedes Benz 540K Cabriolet B nach Jesberg und hielt auf der Stockewiese vor begeistertem Publikum eine gro\u00dfe Rede.<br \/>In der Folge wurden in Jesberg Stra\u00dfen umbenannt: Aus dem Marktplatz wurde der Adolf-Hitler-Platz, aus der Frankfurter Str.\/Bahnhofstr. die Hermann-G\u00f6ring-Str., aus der Schlo\u00dfstr. die Roland-Freisler-Str., aus der Bergstr. die Horst-Wessel-Str. und aus der Densberger Str. die Hindenburg-Stra\u00dfe.<br \/>Seien Sie sicher, liebe Jesberger, dass wir durch den bekannt kenntnisreichen und lebhaften Vortrag des Referenten von den Umst\u00e4nden und Ereignissen viele Informationen erhalten. Wir hoffen aber auch, dass zus\u00e4tzlich aus unserer Bev\u00f6lkerung Personen an unserer Veranstaltung teilnehmen, die ebenfalls die Zeiten noch miterlebt haben und mit ihren Erinnerungen unsere Erkenntnisse erweitern k\u00f6nnen.<br \/>Wir sehen diese Veranstaltung als einen Einstieg in die weitere Dokumentation der \u00f6rtlichen Geschehnisse im 20. Jahrhundert an &#8211; Judenvertreibung und -vernichtung mit Zerst\u00f6rung der Synagoge, Kriegsopfer, aber auch KZ-H\u00e4ftlinge aus unserer Bev\u00f6lkerung, Aufnahme der Evakuierten und Fl\u00fcchtlinge und Heimatvertriebenen, die nicht nur die Zahl der Bev\u00f6lkerung in unseren Orten sehr vergr\u00f6\u00dferte, sondern die auch dauerhaft eine ganz erhebliche Bereicherung f\u00fcr die Gemeinde bedeutet hat.<br \/>Wir laden Sie, liebe Bewohner der Gro\u00dfgemeinde Jesberg, zu dieser Veranstaltung herzlich ein. Erscheinen Sie so zahlreich wie bei unserem letzten Vereinsabend bei der Lesung der historisch sehr interessanten und menschlich anr\u00fchrenden Lebensgeschichte unserer Lehrerin Trus &#8211; ein Abend, der gro\u00dfe Anerkennung erfahren hat.<br \/>Starke Resonanz auf unsere T\u00e4tigkeit ist die beste F\u00f6rderung unseres Vereins und damit der Gro\u00dfgemeinde. Denn unser Wirken soll vor allem der Gemeinde und seiner Bev\u00f6lkerung dienen.<\/p><p><strong>In heimatlicher Verbundenheit gr\u00fc\u00dft Sie herzlich<br \/><\/strong><strong>Ihr Friedhelm Damm (Vors.)<\/strong><\/p>\t\t\t\t\t\t\t\t<\/div>\n\t\t\t\t<\/div>\n\t\t\t\t\t<\/div>\n\t\t<\/div>\n\t\t\t\t\t<\/div>\n\t\t<\/section>\n\t\t\t\t<\/div>\n\t\t","protected":false},"excerpt":{"rendered":"<p>Liebe Vereinsmitglieder, liebe Bewohner der Gro\u00dfgemeinde Jesberg! Hiermit m\u00f6chten wir Sie nochmals auf unsere n\u00e4chste Vereinsveranstaltung hinweisen und sie dazu herzlich eingeladen. Termin: Freitag, 20.9.2013, 19 Uhr im Maximilian-Schloss. Thema: [&hellip;]<\/p>\n","protected":false},"author":2,"featured_media":0,"parent":0,"menu_order":0,"comment_status":"closed","ping_status":"closed","template":"","meta":{"_monsterinsights_skip_tracking":false,"_monsterinsights_sitenote_active":false,"_monsterinsights_sitenote_note":"","_monsterinsights_sitenote_category":0,"footnotes":""},"class_list":["post-952","page","type-page","status-publish","hentry"],"yoast_head":"<!-- This site is optimized with the Yoast SEO plugin v27.5 - https:\/\/yoast.com\/product\/yoast-seo-wordpress\/ -->\n<title>Nazi-Herrschaft und Zusammenbruch - Burg und Heimatverein Jesberg e.V.<\/title>\n<meta name=\"robots\" content=\"index, follow, max-snippet:-1, max-image-preview:large, max-video-preview:-1\" \/>\n<link rel=\"canonical\" href=\"https:\/\/buh-jesberg.de\/index.php\/nazi-herrschaft-und-zusammenbruch\/\" \/>\n<meta property=\"og:locale\" content=\"de_DE\" \/>\n<meta property=\"og:type\" content=\"article\" \/>\n<meta property=\"og:title\" content=\"Nazi-Herrschaft und Zusammenbruch - Burg und Heimatverein Jesberg e.V.\" \/>\n<meta property=\"og:description\" content=\"Liebe Vereinsmitglieder, liebe Bewohner der Gro\u00dfgemeinde Jesberg! Hiermit m\u00f6chten wir Sie nochmals auf unsere n\u00e4chste Vereinsveranstaltung hinweisen und sie dazu herzlich eingeladen. Termin: Freitag, 20.9.2013, 19 Uhr im Maximilian-Schloss. Thema: [&hellip;]\" \/>\n<meta property=\"og:url\" content=\"https:\/\/buh-jesberg.de\/index.php\/nazi-herrschaft-und-zusammenbruch\/\" \/>\n<meta property=\"og:site_name\" content=\"Burg und Heimatverein Jesberg e.V.\" \/>\n<meta property=\"article:modified_time\" content=\"2023-03-09T14:25:42+00:00\" \/>\n<meta property=\"og:image\" content=\"https:\/\/buh-jesberg.de\/wp-content\/uploads\/2023\/02\/sauer3-300x196.jpg\" \/>\n<meta name=\"twitter:card\" content=\"summary_large_image\" \/>\n<meta name=\"twitter:label1\" content=\"Gesch\u00e4tzte Lesezeit\" \/>\n\t<meta name=\"twitter:data1\" content=\"4\u00a0Minuten\" \/>\n<script type=\"application\/ld+json\" class=\"yoast-schema-graph\">{\"@context\":\"https:\\\/\\\/schema.org\",\"@graph\":[{\"@type\":\"WebPage\",\"@id\":\"https:\\\/\\\/buh-jesberg.de\\\/index.php\\\/nazi-herrschaft-und-zusammenbruch\\\/\",\"url\":\"https:\\\/\\\/buh-jesberg.de\\\/index.php\\\/nazi-herrschaft-und-zusammenbruch\\\/\",\"name\":\"Nazi-Herrschaft und Zusammenbruch - Burg und Heimatverein Jesberg e.V.\",\"isPartOf\":{\"@id\":\"https:\\\/\\\/buh-jesberg.de\\\/#website\"},\"primaryImageOfPage\":{\"@id\":\"https:\\\/\\\/buh-jesberg.de\\\/index.php\\\/nazi-herrschaft-und-zusammenbruch\\\/#primaryimage\"},\"image\":{\"@id\":\"https:\\\/\\\/buh-jesberg.de\\\/index.php\\\/nazi-herrschaft-und-zusammenbruch\\\/#primaryimage\"},\"thumbnailUrl\":\"https:\\\/\\\/buh-jesberg.de\\\/wp-content\\\/uploads\\\/2023\\\/02\\\/sauer3-300x196.jpg\",\"datePublished\":\"2013-09-06T17:10:42+00:00\",\"dateModified\":\"2023-03-09T14:25:42+00:00\",\"breadcrumb\":{\"@id\":\"https:\\\/\\\/buh-jesberg.de\\\/index.php\\\/nazi-herrschaft-und-zusammenbruch\\\/#breadcrumb\"},\"inLanguage\":\"de\",\"potentialAction\":[{\"@type\":\"ReadAction\",\"target\":[\"https:\\\/\\\/buh-jesberg.de\\\/index.php\\\/nazi-herrschaft-und-zusammenbruch\\\/\"]}]},{\"@type\":\"ImageObject\",\"inLanguage\":\"de\",\"@id\":\"https:\\\/\\\/buh-jesberg.de\\\/index.php\\\/nazi-herrschaft-und-zusammenbruch\\\/#primaryimage\",\"url\":\"https:\\\/\\\/buh-jesberg.de\\\/wp-content\\\/uploads\\\/2023\\\/02\\\/sauer3.jpg\",\"contentUrl\":\"https:\\\/\\\/buh-jesberg.de\\\/wp-content\\\/uploads\\\/2023\\\/02\\\/sauer3.jpg\",\"width\":638,\"height\":417},{\"@type\":\"BreadcrumbList\",\"@id\":\"https:\\\/\\\/buh-jesberg.de\\\/index.php\\\/nazi-herrschaft-und-zusammenbruch\\\/#breadcrumb\",\"itemListElement\":[{\"@type\":\"ListItem\",\"position\":1,\"name\":\"Startseite\",\"item\":\"https:\\\/\\\/buh-jesberg.de\\\/\"},{\"@type\":\"ListItem\",\"position\":2,\"name\":\"Nazi-Herrschaft und Zusammenbruch\"}]},{\"@type\":\"WebSite\",\"@id\":\"https:\\\/\\\/buh-jesberg.de\\\/#website\",\"url\":\"https:\\\/\\\/buh-jesberg.de\\\/\",\"name\":\"Burg und Heimatverein Jesberg e.V.\",\"description\":\"Gemeinn\u00fctziger Verein in Jesberg\",\"publisher\":{\"@id\":\"https:\\\/\\\/buh-jesberg.de\\\/#organization\"},\"potentialAction\":[{\"@type\":\"SearchAction\",\"target\":{\"@type\":\"EntryPoint\",\"urlTemplate\":\"https:\\\/\\\/buh-jesberg.de\\\/?s={search_term_string}\"},\"query-input\":{\"@type\":\"PropertyValueSpecification\",\"valueRequired\":true,\"valueName\":\"search_term_string\"}}],\"inLanguage\":\"de\"},{\"@type\":\"Organization\",\"@id\":\"https:\\\/\\\/buh-jesberg.de\\\/#organization\",\"name\":\"Burg und Heimatverein Jesberg e.V.\",\"url\":\"https:\\\/\\\/buh-jesberg.de\\\/\",\"logo\":{\"@type\":\"ImageObject\",\"inLanguage\":\"de\",\"@id\":\"https:\\\/\\\/buh-jesberg.de\\\/#\\\/schema\\\/logo\\\/image\\\/\",\"url\":\"https:\\\/\\\/buh-jesberg.de\\\/wp-content\\\/uploads\\\/2023\\\/01\\\/Website_Logo-e1674580236324.jpg\",\"contentUrl\":\"https:\\\/\\\/buh-jesberg.de\\\/wp-content\\\/uploads\\\/2023\\\/01\\\/Website_Logo-e1674580236324.jpg\",\"width\":500,\"height\":501,\"caption\":\"Burg und Heimatverein Jesberg e.V.\"},\"image\":{\"@id\":\"https:\\\/\\\/buh-jesberg.de\\\/#\\\/schema\\\/logo\\\/image\\\/\"}}]}<\/script>\n<!-- \/ Yoast SEO plugin. -->","yoast_head_json":{"title":"Nazi-Herrschaft und Zusammenbruch - Burg und Heimatverein Jesberg e.V.","robots":{"index":"index","follow":"follow","max-snippet":"max-snippet:-1","max-image-preview":"max-image-preview:large","max-video-preview":"max-video-preview:-1"},"canonical":"https:\/\/buh-jesberg.de\/index.php\/nazi-herrschaft-und-zusammenbruch\/","og_locale":"de_DE","og_type":"article","og_title":"Nazi-Herrschaft und Zusammenbruch - Burg und Heimatverein Jesberg e.V.","og_description":"Liebe Vereinsmitglieder, liebe Bewohner der Gro\u00dfgemeinde Jesberg! Hiermit m\u00f6chten wir Sie nochmals auf unsere n\u00e4chste Vereinsveranstaltung hinweisen und sie dazu herzlich eingeladen. Termin: Freitag, 20.9.2013, 19 Uhr im Maximilian-Schloss. Thema: [&hellip;]","og_url":"https:\/\/buh-jesberg.de\/index.php\/nazi-herrschaft-und-zusammenbruch\/","og_site_name":"Burg und Heimatverein Jesberg e.V.","article_modified_time":"2023-03-09T14:25:42+00:00","og_image":[{"url":"https:\/\/buh-jesberg.de\/wp-content\/uploads\/2023\/02\/sauer3-300x196.jpg","type":"","width":"","height":""}],"twitter_card":"summary_large_image","twitter_misc":{"Gesch\u00e4tzte Lesezeit":"4\u00a0Minuten"},"schema":{"@context":"https:\/\/schema.org","@graph":[{"@type":"WebPage","@id":"https:\/\/buh-jesberg.de\/index.php\/nazi-herrschaft-und-zusammenbruch\/","url":"https:\/\/buh-jesberg.de\/index.php\/nazi-herrschaft-und-zusammenbruch\/","name":"Nazi-Herrschaft und Zusammenbruch - Burg und Heimatverein Jesberg e.V.","isPartOf":{"@id":"https:\/\/buh-jesberg.de\/#website"},"primaryImageOfPage":{"@id":"https:\/\/buh-jesberg.de\/index.php\/nazi-herrschaft-und-zusammenbruch\/#primaryimage"},"image":{"@id":"https:\/\/buh-jesberg.de\/index.php\/nazi-herrschaft-und-zusammenbruch\/#primaryimage"},"thumbnailUrl":"https:\/\/buh-jesberg.de\/wp-content\/uploads\/2023\/02\/sauer3-300x196.jpg","datePublished":"2013-09-06T17:10:42+00:00","dateModified":"2023-03-09T14:25:42+00:00","breadcrumb":{"@id":"https:\/\/buh-jesberg.de\/index.php\/nazi-herrschaft-und-zusammenbruch\/#breadcrumb"},"inLanguage":"de","potentialAction":[{"@type":"ReadAction","target":["https:\/\/buh-jesberg.de\/index.php\/nazi-herrschaft-und-zusammenbruch\/"]}]},{"@type":"ImageObject","inLanguage":"de","@id":"https:\/\/buh-jesberg.de\/index.php\/nazi-herrschaft-und-zusammenbruch\/#primaryimage","url":"https:\/\/buh-jesberg.de\/wp-content\/uploads\/2023\/02\/sauer3.jpg","contentUrl":"https:\/\/buh-jesberg.de\/wp-content\/uploads\/2023\/02\/sauer3.jpg","width":638,"height":417},{"@type":"BreadcrumbList","@id":"https:\/\/buh-jesberg.de\/index.php\/nazi-herrschaft-und-zusammenbruch\/#breadcrumb","itemListElement":[{"@type":"ListItem","position":1,"name":"Startseite","item":"https:\/\/buh-jesberg.de\/"},{"@type":"ListItem","position":2,"name":"Nazi-Herrschaft und Zusammenbruch"}]},{"@type":"WebSite","@id":"https:\/\/buh-jesberg.de\/#website","url":"https:\/\/buh-jesberg.de\/","name":"Burg und Heimatverein Jesberg e.V.","description":"Gemeinn\u00fctziger Verein in Jesberg","publisher":{"@id":"https:\/\/buh-jesberg.de\/#organization"},"potentialAction":[{"@type":"SearchAction","target":{"@type":"EntryPoint","urlTemplate":"https:\/\/buh-jesberg.de\/?s={search_term_string}"},"query-input":{"@type":"PropertyValueSpecification","valueRequired":true,"valueName":"search_term_string"}}],"inLanguage":"de"},{"@type":"Organization","@id":"https:\/\/buh-jesberg.de\/#organization","name":"Burg und Heimatverein Jesberg e.V.","url":"https:\/\/buh-jesberg.de\/","logo":{"@type":"ImageObject","inLanguage":"de","@id":"https:\/\/buh-jesberg.de\/#\/schema\/logo\/image\/","url":"https:\/\/buh-jesberg.de\/wp-content\/uploads\/2023\/01\/Website_Logo-e1674580236324.jpg","contentUrl":"https:\/\/buh-jesberg.de\/wp-content\/uploads\/2023\/01\/Website_Logo-e1674580236324.jpg","width":500,"height":501,"caption":"Burg und Heimatverein Jesberg e.V."},"image":{"@id":"https:\/\/buh-jesberg.de\/#\/schema\/logo\/image\/"}}]}},"_links":{"self":[{"href":"https:\/\/buh-jesberg.de\/index.php\/wp-json\/wp\/v2\/pages\/952","targetHints":{"allow":["GET"]}}],"collection":[{"href":"https:\/\/buh-jesberg.de\/index.php\/wp-json\/wp\/v2\/pages"}],"about":[{"href":"https:\/\/buh-jesberg.de\/index.php\/wp-json\/wp\/v2\/types\/page"}],"author":[{"embeddable":true,"href":"https:\/\/buh-jesberg.de\/index.php\/wp-json\/wp\/v2\/users\/2"}],"replies":[{"embeddable":true,"href":"https:\/\/buh-jesberg.de\/index.php\/wp-json\/wp\/v2\/comments?post=952"}],"version-history":[{"count":4,"href":"https:\/\/buh-jesberg.de\/index.php\/wp-json\/wp\/v2\/pages\/952\/revisions"}],"predecessor-version":[{"id":5435,"href":"https:\/\/buh-jesberg.de\/index.php\/wp-json\/wp\/v2\/pages\/952\/revisions\/5435"}],"wp:attachment":[{"href":"https:\/\/buh-jesberg.de\/index.php\/wp-json\/wp\/v2\/media?parent=952"}],"curies":[{"name":"wp","href":"https:\/\/api.w.org\/{rel}","templated":true}]}}